{"id":9495,"date":"2024-06-23T19:42:26","date_gmt":"2024-06-23T19:42:26","guid":{"rendered":"https:\/\/elreporterodelacomunidad.com\/index.php\/home-2\/"},"modified":"2026-04-26T15:23:21","modified_gmt":"2026-04-26T22:23:21","slug":"home-2","status":"publish","type":"page","link":"https:\/\/elreporterodelacomunidad.com\/","title":{"rendered":"Home 2"},"content":{"rendered":"<p>[vc_row full_width=&#8221;stretch_row_content&#8221; vc_row_background=&#8221;&#8221;][vc_column width=&#8221;1\/4&#8243;][vc_video link=&#8221;https:\/\/youtu.be\/I9zHLJl7n-0&#8243;][vc_raw_html]JTNDYXVkaW8lMjBjb250cm9scyUzRSUwQSUyMCUyMCUzQ3NvdXJjZSUyMHNyYyUzRCUyMmh0dHBzJTNBJTJGJTJGd3d3LmZyZWN1ZW5jaWFtZXhpY28uY29tJTJGc3RyZWFtaW5nJTJGbXVzaWNhLWVuLWluZ2xlcyUyMiUyMHR5cGUlM0QlMjJhdWRpbyUyRm1wZWclMjIlM0UlMEElMjAlMjBUdSUyMG5hdmVnYWRvciUyMG5vJTIwc29wb3J0YSUyMGxhJTIwZXRpcXVldGElMjBkZSUyMGF1ZGlvLiUwQSUzQyUyRmF1ZGlvJTNFJTBB[\/vc_raw_html]<div  class='jeg_ad jeg_ad_module jnews_module__0_69f1cc488621c   '><div class='ads-wrapper'><a href='' target='_self' rel=\"noopener\" class='adlink ads_image '>\n\t\t\t\t\t\t\t\t<img src='https:\/\/elreporterodelacomunidad.com\/wp-content\/themes\/jnews\/assets\/img\/jeg-empty.png' class='lazyload' data-src='https:\/\/elreporterodelacomunidad.com\/wp-content\/uploads\/2026\/04\/d6d6e8a8-ad06-427e-9bf5-80831be3e72a.jpg' alt='' data-pin-no-hover=\"true\">\n\t\t\t\t\t\t\t<\/a><\/div><\/div><div  class=\"jeg_postblock_18 jeg_postblock jeg_module_hook jeg_pagination_disable jeg_col_2o3 jnews_module__1_69f1cc4886ab9   \" data-unique=\"jnews_module__1_69f1cc4886ab9\">\n\t\t\t\t\t<div class=\"jeg_block_heading jeg_block_heading_9 jeg_subcat_right\">\n                     <h3 class=\"jeg_block_title\"><a href='https:\/\/elreporterodelacomunidad.com\/index.php\/category\/policiaca\/'><span>POLICIACA<\/span><\/a><\/h3>\n                     \n                 <\/div>\n\t\t\t\t\t<div class=\"jeg_block_container\">\n\t\t\t\t\t\n\t\t\t\t\t<div class=\"jeg_posts jeg_load_more_flag\"><article class=\"jeg_post jeg_pl_lg_8 format-standard\">\n\t\t\t\t\t<div class=\"jeg_postblock_heading\">\n\t\t\t\t\t\t<h3 class=\"jeg_post_title\">\n\t\t\t\t\t\t\t<a href=\"https:\/\/elreporterodelacomunidad.com\/index.php\/2026\/04\/28\/fgjes-logra-condena-de-3-anos-y-6-meses-de-prision-contra-joven-por-narcomenudeo-en-guaymas\/\">FGJES logra condena de 3 a\u00f1os y 6 meses de prisi\u00f3n contra joven por narcomenudeo en Guaymas<\/a>\n\t\t\t\t\t\t<\/h3>\n\t\t\t\t\t<\/div>\n\t\t\t\t\t<div class=\"jeg_postblock_content\">\n\t\t\t\t\t\t<div class=\"jeg_thumb\">\n\t\t\t\t\t\t\t\n\t\t\t\t\t\t\t<a href=\"https:\/\/elreporterodelacomunidad.com\/index.php\/2026\/04\/28\/fgjes-logra-condena-de-3-anos-y-6-meses-de-prision-contra-joven-por-narcomenudeo-en-guaymas\/\"><div class=\"thumbnail-container animate-lazy\" style=\"padding-bottom:72.743%\"><img loading=\"lazy\" decoding=\"async\" width=\"576\" height=\"419\" src=\"https:\/\/elreporterodelacomunidad.com\/wp-content\/themes\/jnews\/assets\/img\/jeg-empty.png\" class=\"attachment-jnews-featured-750 size-jnews-featured-750 lazyload wp-post-image\" alt=\"FGJES logra condena de 3 a\u00f1os y 6 meses de prisi\u00f3n contra joven por narcomenudeo en Guaymas\" sizes=\"auto, (max-width: 576px) 100vw, 576px\" data-src=\"https:\/\/elreporterodelacomunidad.com\/wp-content\/uploads\/2026\/04\/Captura-de-pantalla-2026-04-28-144941.jpg\" data-srcset=\"https:\/\/elreporterodelacomunidad.com\/wp-content\/uploads\/2026\/04\/Captura-de-pantalla-2026-04-28-144941.jpg 576w, https:\/\/elreporterodelacomunidad.com\/wp-content\/uploads\/2026\/04\/Captura-de-pantalla-2026-04-28-144941-300x218.jpg 300w, https:\/\/elreporterodelacomunidad.com\/wp-content\/uploads\/2026\/04\/Captura-de-pantalla-2026-04-28-144941-120x86.jpg 120w\" data-sizes=\"auto\" data-expand=\"700\" \/><\/div><\/a>\n\t\t\t\t\t\t<\/div>\n\t\t\t\t\t\t<div class=\"jeg_post_meta\"><div class=\"jeg_meta_author\"><span class=\"by\">Por<\/span> <a href=\"https:\/\/elreporterodelacomunidad.com\/index.php\/author\/reportero\/\">EL REPORTERO DE LA COMUNIDAD<\/a><\/div><div class=\"jeg_meta_date\"><a href=\"https:\/\/elreporterodelacomunidad.com\/index.php\/2026\/04\/28\/fgjes-logra-condena-de-3-anos-y-6-meses-de-prision-contra-joven-por-narcomenudeo-en-guaymas\/\"><i class=\"fa fa-clock-o\"><\/i> 28 abril, 2026<\/a><\/div><div class=\"jeg_meta_comment\"><a href=\"https:\/\/elreporterodelacomunidad.com\/index.php\/2026\/04\/28\/fgjes-logra-condena-de-3-anos-y-6-meses-de-prision-contra-joven-por-narcomenudeo-en-guaymas\/#comments\" ><i class=\"fa fa-comment-o\"><\/i> 0 <\/a><\/div><\/div>\n\t\t\t\t\t\t<div class=\"jeg_share_button clearfix\">\n\t\t\t\t\t\t\t<div class='jeg_reaction jeg_meta_like'>\n\t\t\t\t\t\t\t\t\n\t\t\t\t\t\t\t<\/div>\n\t\t\t\t\t\t\t<div class=\"jeg_sharelist\">\n                <a href=\"http:\/\/www.facebook.com\/sharer.php?u=https%3A%2F%2Felreporterodelacomunidad.com%2Findex.php%2F2026%2F04%2F28%2Ffgjes-logra-condena-de-3-anos-y-6-meses-de-prision-contra-joven-por-narcomenudeo-en-guaymas%2F\" rel='nofollow' class=\"jeg_btn-facebook expanded\"><i class=\"fa fa-facebook-official\"><\/i><span>Compartir<\/span><\/a><a href=\"https:\/\/twitter.com\/intent\/tweet?text=FGJES%20logra%20condena%20de%203%20a%C3%B1os%20y%206%20meses%20de%20prisi%C3%B3n%20contra%20joven%20por%20narcomenudeo%20en%20Guaymas%20via%20%40%40elreporteroson&url=https%3A%2F%2Felreporterodelacomunidad.com%2Findex.php%2F2026%2F04%2F28%2Ffgjes-logra-condena-de-3-anos-y-6-meses-de-prision-contra-joven-por-narcomenudeo-en-guaymas%2F\" rel='nofollow' class=\"jeg_btn-twitter expanded\"><i class=\"fa fa-twitter\"><\/i><span>Tweet<\/span><\/a><a href=\"\/\/api.whatsapp.com\/send?text=FGJES%20logra%20condena%20de%203%20a%C3%B1os%20y%206%20meses%20de%20prisi%C3%B3n%20contra%20joven%20por%20narcomenudeo%20en%20Guaymas%0Ahttps%3A%2F%2Felreporterodelacomunidad.com%2Findex.php%2F2026%2F04%2F28%2Ffgjes-logra-condena-de-3-anos-y-6-meses-de-prision-contra-joven-por-narcomenudeo-en-guaymas%2F\" rel='nofollow' class=\"jeg_btn-whatsapp expanded\"><i class=\"fa fa-whatsapp\"><\/i><span>Enviar<\/span><\/a>\n            <\/div>\n\t\t\t\t\t\t<\/div>\n\t\t\t\t\t<\/div>\n\t\t\t\t<\/article><article class=\"jeg_post jeg_pl_lg_8 format-standard\">\n\t\t\t\t\t<div class=\"jeg_postblock_heading\">\n\t\t\t\t\t\t<h3 class=\"jeg_post_title\">\n\t\t\t\t\t\t\t<a href=\"https:\/\/elreporterodelacomunidad.com\/index.php\/2026\/04\/24\/incauta-policia-estatal-casi-mil-dosis-de-narcotico-en-operativos-de-seguridad\/\">Incauta Polic\u00eda Estatal casi mil dosis de narc\u00f3tico en operativos de seguridad<\/a>\n\t\t\t\t\t\t<\/h3>\n\t\t\t\t\t<\/div>\n\t\t\t\t\t<div class=\"jeg_postblock_content\">\n\t\t\t\t\t\t<div class=\"jeg_thumb\">\n\t\t\t\t\t\t\t\n\t\t\t\t\t\t\t<a href=\"https:\/\/elreporterodelacomunidad.com\/index.php\/2026\/04\/24\/incauta-policia-estatal-casi-mil-dosis-de-narcotico-en-operativos-de-seguridad\/\"><div class=\"thumbnail-container animate-lazy\" style=\"padding-bottom:125.067%\"><img loading=\"lazy\" decoding=\"async\" width=\"750\" height=\"938\" src=\"https:\/\/elreporterodelacomunidad.com\/wp-content\/themes\/jnews\/assets\/img\/jeg-empty.png\" class=\"attachment-jnews-featured-750 size-jnews-featured-750 lazyload wp-post-image\" alt=\"Incauta Polic\u00eda Estatal casi mil dosis de narc\u00f3tico en operativos de seguridad\" sizes=\"auto, (max-width: 750px) 100vw, 750px\" data-src=\"https:\/\/elreporterodelacomunidad.com\/wp-content\/uploads\/2026\/04\/300D93E0-DB77-4D91-93D7-1E658DCD08F1-750x938.jpeg\" data-srcset=\"https:\/\/elreporterodelacomunidad.com\/wp-content\/uploads\/2026\/04\/300D93E0-DB77-4D91-93D7-1E658DCD08F1-750x938.jpeg 750w, https:\/\/elreporterodelacomunidad.com\/wp-content\/uploads\/2026\/04\/300D93E0-DB77-4D91-93D7-1E658DCD08F1-240x300.jpeg 240w, https:\/\/elreporterodelacomunidad.com\/wp-content\/uploads\/2026\/04\/300D93E0-DB77-4D91-93D7-1E658DCD08F1-819x1024.jpeg 819w, https:\/\/elreporterodelacomunidad.com\/wp-content\/uploads\/2026\/04\/300D93E0-DB77-4D91-93D7-1E658DCD08F1-768x960.jpeg 768w, https:\/\/elreporterodelacomunidad.com\/wp-content\/uploads\/2026\/04\/300D93E0-DB77-4D91-93D7-1E658DCD08F1-1140x1425.jpeg 1140w, https:\/\/elreporterodelacomunidad.com\/wp-content\/uploads\/2026\/04\/300D93E0-DB77-4D91-93D7-1E658DCD08F1.jpeg 1200w\" data-sizes=\"auto\" data-expand=\"700\" \/><\/div><\/a>\n\t\t\t\t\t\t<\/div>\n\t\t\t\t\t\t<div class=\"jeg_post_meta\"><div class=\"jeg_meta_author\"><span class=\"by\">Por<\/span> <a href=\"https:\/\/elreporterodelacomunidad.com\/index.php\/author\/reportero\/\">EL REPORTERO DE LA COMUNIDAD<\/a><\/div><div class=\"jeg_meta_date\"><a href=\"https:\/\/elreporterodelacomunidad.com\/index.php\/2026\/04\/24\/incauta-policia-estatal-casi-mil-dosis-de-narcotico-en-operativos-de-seguridad\/\"><i class=\"fa fa-clock-o\"><\/i> 24 abril, 2026<\/a><\/div><div class=\"jeg_meta_comment\"><a href=\"https:\/\/elreporterodelacomunidad.com\/index.php\/2026\/04\/24\/incauta-policia-estatal-casi-mil-dosis-de-narcotico-en-operativos-de-seguridad\/#comments\" ><i class=\"fa fa-comment-o\"><\/i> 0 <\/a><\/div><\/div>\n\t\t\t\t\t\t<div class=\"jeg_share_button clearfix\">\n\t\t\t\t\t\t\t<div class='jeg_reaction jeg_meta_like'>\n\t\t\t\t\t\t\t\t\n\t\t\t\t\t\t\t<\/div>\n\t\t\t\t\t\t\t<div class=\"jeg_sharelist\">\n                <a href=\"http:\/\/www.facebook.com\/sharer.php?u=https%3A%2F%2Felreporterodelacomunidad.com%2Findex.php%2F2026%2F04%2F24%2Fincauta-policia-estatal-casi-mil-dosis-de-narcotico-en-operativos-de-seguridad%2F\" rel='nofollow' class=\"jeg_btn-facebook expanded\"><i class=\"fa fa-facebook-official\"><\/i><span>Compartir<\/span><\/a><a href=\"https:\/\/twitter.com\/intent\/tweet?text=Incauta%20Polic%C3%ADa%20Estatal%20casi%20mil%20dosis%20de%20narc%C3%B3tico%20en%20operativos%20de%20seguridad%20via%20%40%40elreporteroson&url=https%3A%2F%2Felreporterodelacomunidad.com%2Findex.php%2F2026%2F04%2F24%2Fincauta-policia-estatal-casi-mil-dosis-de-narcotico-en-operativos-de-seguridad%2F\" rel='nofollow' class=\"jeg_btn-twitter expanded\"><i class=\"fa fa-twitter\"><\/i><span>Tweet<\/span><\/a><a href=\"\/\/api.whatsapp.com\/send?text=Incauta%20Polic%C3%ADa%20Estatal%20casi%20mil%20dosis%20de%20narc%C3%B3tico%20en%20operativos%20de%20seguridad%0Ahttps%3A%2F%2Felreporterodelacomunidad.com%2Findex.php%2F2026%2F04%2F24%2Fincauta-policia-estatal-casi-mil-dosis-de-narcotico-en-operativos-de-seguridad%2F\" rel='nofollow' class=\"jeg_btn-whatsapp expanded\"><i class=\"fa fa-whatsapp\"><\/i><span>Enviar<\/span><\/a>\n            <\/div>\n\t\t\t\t\t\t<\/div>\n\t\t\t\t\t<\/div>\n\t\t\t\t<\/article><article class=\"jeg_post jeg_pl_lg_8 format-standard\">\n\t\t\t\t\t<div class=\"jeg_postblock_heading\">\n\t\t\t\t\t\t<h3 class=\"jeg_post_title\">\n\t\t\t\t\t\t\t<a href=\"https:\/\/elreporterodelacomunidad.com\/index.php\/2026\/04\/24\/fgjes-ejecuta-orden-de-aprehension-en-reclusion-por-tentativa-de-homicidio-calificado-en-hermosillo\/\">FGJES ejecuta orden de aprehensi\u00f3n en reclusi\u00f3n por tentativa de homicidio calificado en Hermosillo<\/a>\n\t\t\t\t\t\t<\/h3>\n\t\t\t\t\t<\/div>\n\t\t\t\t\t<div class=\"jeg_postblock_content\">\n\t\t\t\t\t\t<div class=\"jeg_thumb\">\n\t\t\t\t\t\t\t\n\t\t\t\t\t\t\t<a href=\"https:\/\/elreporterodelacomunidad.com\/index.php\/2026\/04\/24\/fgjes-ejecuta-orden-de-aprehension-en-reclusion-por-tentativa-de-homicidio-calificado-en-hermosillo\/\"><div class=\"thumbnail-container animate-lazy\" style=\"padding-bottom:125.067%\"><img loading=\"lazy\" decoding=\"async\" width=\"750\" height=\"938\" src=\"https:\/\/elreporterodelacomunidad.com\/wp-content\/themes\/jnews\/assets\/img\/jeg-empty.png\" class=\"attachment-jnews-featured-750 size-jnews-featured-750 lazyload wp-post-image\" alt=\"FGJES ejecuta orden de aprehensi\u00f3n en reclusi\u00f3n por tentativa de homicidio calificado en Hermosillo\" sizes=\"auto, (max-width: 750px) 100vw, 750px\" data-src=\"https:\/\/elreporterodelacomunidad.com\/wp-content\/uploads\/2026\/04\/c9f50591-afe2-4023-97d6-05fd44fc1ccb-750x938.jpg\" data-srcset=\"https:\/\/elreporterodelacomunidad.com\/wp-content\/uploads\/2026\/04\/c9f50591-afe2-4023-97d6-05fd44fc1ccb-750x938.jpg 750w, https:\/\/elreporterodelacomunidad.com\/wp-content\/uploads\/2026\/04\/c9f50591-afe2-4023-97d6-05fd44fc1ccb-240x300.jpg 240w, https:\/\/elreporterodelacomunidad.com\/wp-content\/uploads\/2026\/04\/c9f50591-afe2-4023-97d6-05fd44fc1ccb-818x1024.jpg 818w, https:\/\/elreporterodelacomunidad.com\/wp-content\/uploads\/2026\/04\/c9f50591-afe2-4023-97d6-05fd44fc1ccb-768x961.jpg 768w, https:\/\/elreporterodelacomunidad.com\/wp-content\/uploads\/2026\/04\/c9f50591-afe2-4023-97d6-05fd44fc1ccb.jpg 1079w\" data-sizes=\"auto\" data-expand=\"700\" \/><\/div><\/a>\n\t\t\t\t\t\t<\/div>\n\t\t\t\t\t\t<div class=\"jeg_post_meta\"><div class=\"jeg_meta_author\"><span class=\"by\">Por<\/span> <a href=\"https:\/\/elreporterodelacomunidad.com\/index.php\/author\/reportero\/\">EL REPORTERO DE LA COMUNIDAD<\/a><\/div><div class=\"jeg_meta_date\"><a href=\"https:\/\/elreporterodelacomunidad.com\/index.php\/2026\/04\/24\/fgjes-ejecuta-orden-de-aprehension-en-reclusion-por-tentativa-de-homicidio-calificado-en-hermosillo\/\"><i class=\"fa fa-clock-o\"><\/i> 24 abril, 2026<\/a><\/div><div class=\"jeg_meta_comment\"><a href=\"https:\/\/elreporterodelacomunidad.com\/index.php\/2026\/04\/24\/fgjes-ejecuta-orden-de-aprehension-en-reclusion-por-tentativa-de-homicidio-calificado-en-hermosillo\/#comments\" ><i class=\"fa fa-comment-o\"><\/i> 0 <\/a><\/div><\/div>\n\t\t\t\t\t\t<div class=\"jeg_share_button clearfix\">\n\t\t\t\t\t\t\t<div class='jeg_reaction jeg_meta_like'>\n\t\t\t\t\t\t\t\t\n\t\t\t\t\t\t\t<\/div>\n\t\t\t\t\t\t\t<div class=\"jeg_sharelist\">\n                <a href=\"http:\/\/www.facebook.com\/sharer.php?u=https%3A%2F%2Felreporterodelacomunidad.com%2Findex.php%2F2026%2F04%2F24%2Ffgjes-ejecuta-orden-de-aprehension-en-reclusion-por-tentativa-de-homicidio-calificado-en-hermosillo%2F\" rel='nofollow' class=\"jeg_btn-facebook expanded\"><i class=\"fa fa-facebook-official\"><\/i><span>Compartir<\/span><\/a><a href=\"https:\/\/twitter.com\/intent\/tweet?text=FGJES%20ejecuta%20orden%20de%20aprehensi%C3%B3n%20en%20reclusi%C3%B3n%20por%20tentativa%20de%20homicidio%20calificado%20en%20Hermosillo%20via%20%40%40elreporteroson&url=https%3A%2F%2Felreporterodelacomunidad.com%2Findex.php%2F2026%2F04%2F24%2Ffgjes-ejecuta-orden-de-aprehension-en-reclusion-por-tentativa-de-homicidio-calificado-en-hermosillo%2F\" rel='nofollow' class=\"jeg_btn-twitter expanded\"><i class=\"fa fa-twitter\"><\/i><span>Tweet<\/span><\/a><a href=\"\/\/api.whatsapp.com\/send?text=FGJES%20ejecuta%20orden%20de%20aprehensi%C3%B3n%20en%20reclusi%C3%B3n%20por%20tentativa%20de%20homicidio%20calificado%20en%20Hermosillo%0Ahttps%3A%2F%2Felreporterodelacomunidad.com%2Findex.php%2F2026%2F04%2F24%2Ffgjes-ejecuta-orden-de-aprehension-en-reclusion-por-tentativa-de-homicidio-calificado-en-hermosillo%2F\" rel='nofollow' class=\"jeg_btn-whatsapp expanded\"><i class=\"fa fa-whatsapp\"><\/i><span>Enviar<\/span><\/a>\n            <\/div>\n\t\t\t\t\t\t<\/div>\n\t\t\t\t\t<\/div>\n\t\t\t\t<\/article><\/div>\n\t\t\t\t\t<div class='module-overlay'>\n\t\t\t\t    <div class='preloader_type preloader_dot'>\n\t\t\t\t        <div class=\"module-preloader jeg_preloader dot\">\n\t\t\t\t            <span><\/span><span><\/span><span><\/span>\n\t\t\t\t        <\/div>\n\t\t\t\t        <div class=\"module-preloader jeg_preloader circle\">\n\t\t\t\t            <div class=\"jnews_preloader_circle_outer\">\n\t\t\t\t                <div class=\"jnews_preloader_circle_inner\"><\/div>\n\t\t\t\t            <\/div>\n\t\t\t\t        <\/div>\n\t\t\t\t        <div class=\"module-preloader jeg_preloader square\">\n\t\t\t\t            <div class=\"jeg_square\">\n\t\t\t\t                <div class=\"jeg_square_inner\"><\/div>\n\t\t\t\t            <\/div>\n\t\t\t\t        <\/div>\n\t\t\t\t    <\/div>\n\t\t\t\t<\/div>\n\t\t\t\t<\/div>\n\t\t\t\t<div class=\"jeg_block_navigation\">\n\t\t\t\t\t<div class='navigation_overlay'><div class='module-preloader jeg_preloader'><span><\/span><span><\/span><span><\/span><\/div><\/div>\n\t\t\t\t\t\n\t\t\t\t\t\n\t\t\t\t<\/div>\n\t\t\t\t\t<style scoped>.jnews_module__1_69f1cc4886ab9 .jeg_block_heading_9 { border-color: #dd9933; }.jnews_module__1_69f1cc4886ab9 .jeg_meta_author a, .jnews_module__1_69f1cc4886ab9 .jeg_post_title a:hover { color: #dd9933 }.jnews_module__1_69f1cc4886ab9 .jeg_readmore:hover { background-color: #dd9933; }.jnews_module__1_69f1cc4886ab9 .jeg_readmore:hover { border-color: #dd9933; }<\/style>\n\t\t\t\t\t<script>var jnews_module__1_69f1cc4886ab9 = {\"header_icon\":\"\",\"first_title\":\"POLICIACA\",\"second_title\":\"\",\"url\":\"https:\\\/\\\/elreporterodelacomunidad.com\\\/index.php\\\/category\\\/policiaca\\\/\",\"header_type\":\"heading_9\",\"header_background\":\"\",\"header_secondary_background\":\"\",\"header_text_color\":\"\",\"header_line_color\":\"#dd9933\",\"header_accent_color\":\"\",\"header_filter_category\":\"\",\"header_filter_author\":\"\",\"header_filter_tag\":\"\",\"header_filter_text\":\"All\",\"post_type\":\"post\",\"content_type\":\"all\",\"number_post\":\"3\",\"post_offset\":\"0\",\"unique_content\":\"disable\",\"include_post\":\"\",\"exclude_post\":\"\",\"include_category\":\"32\",\"exclude_category\":\"\",\"include_author\":\"\",\"include_tag\":\"\",\"exclude_tag\":\"\",\"sort_by\":\"latest\",\"date_format\":\"default\",\"date_format_custom\":\"Y\\\/m\\\/d\",\"force_normal_image_load\":\"\",\"pagination_mode\":\"disable\",\"pagination_nextprev_showtext\":\"\",\"pagination_number_post\":4,\"pagination_scroll_limit\":0,\"ads_type\":\"disable\",\"ads_position\":1,\"ads_random\":\"\",\"ads_image\":\"\",\"ads_image_tablet\":\"\",\"ads_image_phone\":\"\",\"ads_image_link\":\"\",\"ads_image_alt\":\"\",\"ads_image_new_tab\":\"\",\"google_publisher_id\":\"\",\"google_slot_id\":\"\",\"google_desktop\":\"auto\",\"google_tab\":\"auto\",\"google_phone\":\"auto\",\"content\":\"\",\"ads_bottom_text\":\"\",\"boxed\":\"\",\"boxed_shadow\":\"\",\"el_id\":\"\",\"el_class\":\"\",\"scheme\":\"\",\"column_width\":\"auto\",\"title_color\":\"\",\"accent_color\":\"#dd9933\",\"alt_color\":\"\",\"excerpt_color\":\"\",\"css\":\"\",\"compatible_column_notice\":\"\",\"paged\":1,\"column_class\":\"jeg_col_2o3\",\"class\":\"jnews_block_18\"};<\/script>\n\t\t\t\t<\/div><div  class=\"jeg_postblock_13 jeg_postblock jeg_module_hook jeg_pagination_disable jeg_col_2o3 jnews_module__2_69f1cc488bdbc   \" data-unique=\"jnews_module__2_69f1cc488bdbc\">\n\t\t\t\t\t<div class=\"jeg_block_heading jeg_block_heading_9 jeg_subcat_right\">\n                     <h3 class=\"jeg_block_title\"><a href='https:\/\/elreporterodelacomunidad.com\/index.php\/category\/economia\/'><span>ECONOMIA<\/span><\/a><\/h3>\n                     \n                 <\/div>\n\t\t\t\t\t<div class=\"jeg_block_container\">\n                \n                <div class=\"jeg_posts row\">\n                    <article class=\"jeg_post jeg_pl_lg_1 col-sm-6 format-standard\">\n                        <div class=\"jeg_thumb\">\n                \n                <a href=\"https:\/\/elreporterodelacomunidad.com\/index.php\/2026\/04\/28\/relacion-sonora-arizona-se-siente-en-mas-bienestar-para-las-familias-paulina-ocana\/\"><div class=\"thumbnail-container animate-lazy  size-1400 \"><img loading=\"lazy\" decoding=\"async\" width=\"360\" height=\"504\" src=\"https:\/\/elreporterodelacomunidad.com\/wp-content\/themes\/jnews\/assets\/img\/jeg-empty.png\" class=\"attachment-jnews-360x504 size-jnews-360x504 lazyload wp-post-image\" alt=\"Relaci\u00f3n Sonora-Arizona se siente en m\u00e1s bienestar para las familias: Paulina Oca\u00f1a\" data-src=\"https:\/\/elreporterodelacomunidad.com\/wp-content\/uploads\/2026\/04\/7c1b479c-997f-4623-8238-0623265569ac-360x504.jpg\" data-srcset=\"\" data-sizes=\"auto\" data-expand=\"700\" \/><\/div><\/a>\n                <div class=\"jeg_post_category\">\n                    <span><a href=\"https:\/\/elreporterodelacomunidad.com\/index.php\/category\/economia\/\" class=\"category-economia\">Economia<\/a><\/span>\n                <\/div>\n            <\/div>\n            <div class=\"jeg_postblock_content\">\n                <h3 class=\"jeg_post_title\">\n                    <a href=\"https:\/\/elreporterodelacomunidad.com\/index.php\/2026\/04\/28\/relacion-sonora-arizona-se-siente-en-mas-bienestar-para-las-familias-paulina-ocana\/\">Relaci\u00f3n Sonora-Arizona se siente en m\u00e1s bienestar para las familias: Paulina Oca\u00f1a<\/a>\n                <\/h3>\n                <div class=\"jeg_post_meta\"><div class=\"jeg_meta_author\"><span class=\"by\">Por<\/span> <a href=\"https:\/\/elreporterodelacomunidad.com\/index.php\/author\/carlosg2\/\">Carlos Alberto Gutierrez Celaya<\/a><\/div><div class=\"jeg_meta_date\"><a href=\"https:\/\/elreporterodelacomunidad.com\/index.php\/2026\/04\/28\/relacion-sonora-arizona-se-siente-en-mas-bienestar-para-las-familias-paulina-ocana\/\"><i class=\"fa fa-clock-o\"><\/i> 28 abril, 2026<\/a><\/div><div class=\"jeg_meta_comment\"><a href=\"https:\/\/elreporterodelacomunidad.com\/index.php\/2026\/04\/28\/relacion-sonora-arizona-se-siente-en-mas-bienestar-para-las-familias-paulina-ocana\/#comments\" ><i class=\"fa fa-comment-o\"><\/i> 0 <\/a><\/div><\/div>\n                <div class=\"jeg_post_excerpt\">\n                    <p>Hermosillo, Sonora; 28 de abril de 2026.- Con el liderazgo del gobernador Alfonso Durazo y en coordinaci\u00f3n con la gobernadora...<\/p>\n                    <a href=\"https:\/\/elreporterodelacomunidad.com\/index.php\/2026\/04\/28\/relacion-sonora-arizona-se-siente-en-mas-bienestar-para-las-familias-paulina-ocana\/\" class=\"jeg_readmore\">Leer m\u00e1s<\/a>\n                <\/div>\n            <\/div>\n                    <\/article>\n                    <div class=\"jeg_postsmall col-sm-6\">\n                        <article class=\"jeg_post jeg_pl_md_1 format-standard\"><div class=\"jeg_thumb\">\n                \n                <a href=\"https:\/\/elreporterodelacomunidad.com\/index.php\/2026\/04\/28\/gobierno-de-sonora-presente-en-inicio-del-tianguis-turistico-2026\/\"><div class=\"thumbnail-container animate-lazy  size-715 \"><img loading=\"lazy\" decoding=\"async\" width=\"350\" height=\"250\" src=\"https:\/\/elreporterodelacomunidad.com\/wp-content\/themes\/jnews\/assets\/img\/jeg-empty.png\" class=\"attachment-jnews-350x250 size-jnews-350x250 lazyload wp-post-image\" alt=\"Gobierno de Sonora presente en inicio del Tianguis Tur\u00edstico 2026\" sizes=\"auto, (max-width: 350px) 100vw, 350px\" data-src=\"https:\/\/elreporterodelacomunidad.com\/wp-content\/uploads\/2026\/04\/94f8e8c2-8829-44be-a6fd-1b261e27fe74-350x250.jpg\" data-srcset=\"https:\/\/elreporterodelacomunidad.com\/wp-content\/uploads\/2026\/04\/94f8e8c2-8829-44be-a6fd-1b261e27fe74-350x250.jpg 350w, https:\/\/elreporterodelacomunidad.com\/wp-content\/uploads\/2026\/04\/94f8e8c2-8829-44be-a6fd-1b261e27fe74-120x86.jpg 120w, https:\/\/elreporterodelacomunidad.com\/wp-content\/uploads\/2026\/04\/94f8e8c2-8829-44be-a6fd-1b261e27fe74-750x536.jpg 750w, https:\/\/elreporterodelacomunidad.com\/wp-content\/uploads\/2026\/04\/94f8e8c2-8829-44be-a6fd-1b261e27fe74-1140x815.jpg 1140w\" data-sizes=\"auto\" data-expand=\"700\" \/><\/div><\/a>\n                <div class=\"jeg_post_category\">\n                    <span><a href=\"https:\/\/elreporterodelacomunidad.com\/index.php\/category\/economia\/\" class=\"category-economia\">Economia<\/a><\/span>\n                <\/div>\n            <\/div>\n            <div class=\"jeg_postblock_content\">\n                <h3 class=\"jeg_post_title\">\n                    <a href=\"https:\/\/elreporterodelacomunidad.com\/index.php\/2026\/04\/28\/gobierno-de-sonora-presente-en-inicio-del-tianguis-turistico-2026\/\">Gobierno de Sonora presente en inicio del Tianguis Tur\u00edstico 2026<\/a>\n                <\/h3>\n                <div class=\"jeg_post_meta\"><div class=\"jeg_meta_author\"><span class=\"by\">Por<\/span> <a href=\"https:\/\/elreporterodelacomunidad.com\/index.php\/author\/reportero\/\">EL REPORTERO DE LA COMUNIDAD<\/a><\/div><div class=\"jeg_meta_date\"><a href=\"https:\/\/elreporterodelacomunidad.com\/index.php\/2026\/04\/28\/gobierno-de-sonora-presente-en-inicio-del-tianguis-turistico-2026\/\"><i class=\"fa fa-clock-o\"><\/i> 28 abril, 2026<\/a><\/div><div class=\"jeg_meta_comment\"><a href=\"https:\/\/elreporterodelacomunidad.com\/index.php\/2026\/04\/28\/gobierno-de-sonora-presente-en-inicio-del-tianguis-turistico-2026\/#comments\" ><i class=\"fa fa-comment-o\"><\/i> 0 <\/a><\/div><\/div>\n                <div class=\"jeg_post_excerpt\">\n                    <p>Acapulco, Guerrero; 28 de abril de 2026.- El Gobierno de Sonora, a trav\u00e9s de la Secretar\u00eda de Econom\u00eda y Turismo...<\/p>\n                    <a href=\"https:\/\/elreporterodelacomunidad.com\/index.php\/2026\/04\/28\/gobierno-de-sonora-presente-en-inicio-del-tianguis-turistico-2026\/\" class=\"jeg_readmore\">Leer m\u00e1s<\/a>\n                <\/div>\n            <\/div><\/article><article class=\"jeg_post jeg_pl_md_1 format-standard\"><div class=\"jeg_thumb\">\n                \n                <a href=\"https:\/\/elreporterodelacomunidad.com\/index.php\/2026\/04\/28\/arranca-el-gobierno-de-sonora-la-semana-nacional-de-vacunacion-vacunar-es-amar\/\"><div class=\"thumbnail-container animate-lazy  size-715 \"><img loading=\"lazy\" decoding=\"async\" width=\"350\" height=\"250\" src=\"https:\/\/elreporterodelacomunidad.com\/wp-content\/themes\/jnews\/assets\/img\/jeg-empty.png\" class=\"attachment-jnews-350x250 size-jnews-350x250 lazyload wp-post-image\" alt=\"Arranca el Gobierno de Sonora la Semana Nacional de Vacunaci\u00f3n \u201cVacunar es Amar\u201d\" sizes=\"auto, (max-width: 350px) 100vw, 350px\" data-src=\"https:\/\/elreporterodelacomunidad.com\/wp-content\/uploads\/2026\/04\/8a1c8295-0c54-4f0a-b76a-392b7c8bd103-350x250.jpg\" data-srcset=\"https:\/\/elreporterodelacomunidad.com\/wp-content\/uploads\/2026\/04\/8a1c8295-0c54-4f0a-b76a-392b7c8bd103-350x250.jpg 350w, https:\/\/elreporterodelacomunidad.com\/wp-content\/uploads\/2026\/04\/8a1c8295-0c54-4f0a-b76a-392b7c8bd103-120x86.jpg 120w, https:\/\/elreporterodelacomunidad.com\/wp-content\/uploads\/2026\/04\/8a1c8295-0c54-4f0a-b76a-392b7c8bd103-750x536.jpg 750w, https:\/\/elreporterodelacomunidad.com\/wp-content\/uploads\/2026\/04\/8a1c8295-0c54-4f0a-b76a-392b7c8bd103-1140x815.jpg 1140w\" data-sizes=\"auto\" data-expand=\"700\" \/><\/div><\/a>\n                <div class=\"jeg_post_category\">\n                    <span><a href=\"https:\/\/elreporterodelacomunidad.com\/index.php\/category\/economia\/\" class=\"category-economia\">Economia<\/a><\/span>\n                <\/div>\n            <\/div>\n            <div class=\"jeg_postblock_content\">\n                <h3 class=\"jeg_post_title\">\n                    <a href=\"https:\/\/elreporterodelacomunidad.com\/index.php\/2026\/04\/28\/arranca-el-gobierno-de-sonora-la-semana-nacional-de-vacunacion-vacunar-es-amar\/\">Arranca el Gobierno de Sonora la Semana Nacional de Vacunaci\u00f3n \u201cVacunar es Amar\u201d<\/a>\n                <\/h3>\n                <div class=\"jeg_post_meta\"><div class=\"jeg_meta_author\"><span class=\"by\">Por<\/span> <a href=\"https:\/\/elreporterodelacomunidad.com\/index.php\/author\/carlosg2\/\">Carlos Alberto Gutierrez Celaya<\/a><\/div><div class=\"jeg_meta_date\"><a href=\"https:\/\/elreporterodelacomunidad.com\/index.php\/2026\/04\/28\/arranca-el-gobierno-de-sonora-la-semana-nacional-de-vacunacion-vacunar-es-amar\/\"><i class=\"fa fa-clock-o\"><\/i> 28 abril, 2026<\/a><\/div><div class=\"jeg_meta_comment\"><a href=\"https:\/\/elreporterodelacomunidad.com\/index.php\/2026\/04\/28\/arranca-el-gobierno-de-sonora-la-semana-nacional-de-vacunacion-vacunar-es-amar\/#comments\" ><i class=\"fa fa-comment-o\"><\/i> 0 <\/a><\/div><\/div>\n                <div class=\"jeg_post_excerpt\">\n                    <p>Hermosillo, Sonora; 28 de abril de 2026.- Con el objetivo de completar el esquema b\u00e1sico de vacunaci\u00f3n en ni\u00f1as, ni\u00f1os,...<\/p>\n                    <a href=\"https:\/\/elreporterodelacomunidad.com\/index.php\/2026\/04\/28\/arranca-el-gobierno-de-sonora-la-semana-nacional-de-vacunacion-vacunar-es-amar\/\" class=\"jeg_readmore\">Leer m\u00e1s<\/a>\n                <\/div>\n            <\/div><\/article>\n                    <\/div>\n                <\/div>\n                <div class=\"jeg_posts_wrap\">\n                    <div class=\"jeg_posts jeg_load_more_flag\">\n                        \n                    <\/div>\n                <\/div>\n                <div class='module-overlay'>\n\t\t\t\t    <div class='preloader_type preloader_dot'>\n\t\t\t\t        <div class=\"module-preloader jeg_preloader dot\">\n\t\t\t\t            <span><\/span><span><\/span><span><\/span>\n\t\t\t\t        <\/div>\n\t\t\t\t        <div class=\"module-preloader jeg_preloader circle\">\n\t\t\t\t            <div class=\"jnews_preloader_circle_outer\">\n\t\t\t\t                <div class=\"jnews_preloader_circle_inner\"><\/div>\n\t\t\t\t            <\/div>\n\t\t\t\t        <\/div>\n\t\t\t\t        <div class=\"module-preloader jeg_preloader square\">\n\t\t\t\t            <div class=\"jeg_square\">\n\t\t\t\t                <div class=\"jeg_square_inner\"><\/div>\n\t\t\t\t            <\/div>\n\t\t\t\t        <\/div>\n\t\t\t\t    <\/div>\n\t\t\t\t<\/div>\n            <\/div>\n            <div class=\"jeg_block_navigation\">\n                <div class='navigation_overlay'><div class='module-preloader jeg_preloader'><span><\/span><span><\/span><span><\/span><\/div><\/div>\n                \n                \n            <\/div>\n\t\t\t\t\t<style scoped>.jnews_module__2_69f1cc488bdbc .jeg_block_heading_9 { border-color: #dd9933; }.jnews_module__2_69f1cc488bdbc .jeg_meta_author a, .jnews_module__2_69f1cc488bdbc .jeg_post_title a:hover { color: #dd9933 }.jnews_module__2_69f1cc488bdbc .jeg_readmore:hover { background-color: #dd9933; }.jnews_module__2_69f1cc488bdbc .jeg_readmore:hover { border-color: #dd9933; }<\/style>\n\t\t\t\t\t<script>var jnews_module__2_69f1cc488bdbc = {\"header_icon\":\"\",\"first_title\":\"ECONOMIA\",\"second_title\":\"\",\"url\":\"https:\\\/\\\/elreporterodelacomunidad.com\\\/index.php\\\/category\\\/economia\\\/\",\"header_type\":\"heading_9\",\"header_background\":\"\",\"header_secondary_background\":\"\",\"header_text_color\":\"\",\"header_line_color\":\"#dd9933\",\"header_accent_color\":\"\",\"header_filter_category\":\"\",\"header_filter_author\":\"\",\"header_filter_tag\":\"\",\"header_filter_text\":\"All\",\"post_type\":\"post\",\"content_type\":\"all\",\"number_post\":\"3\",\"post_offset\":\"0\",\"unique_content\":\"disable\",\"include_post\":\"\",\"exclude_post\":\"\",\"include_category\":\"42\",\"exclude_category\":\"\",\"include_author\":\"\",\"include_tag\":\"\",\"exclude_tag\":\"\",\"sort_by\":\"latest\",\"date_format\":\"default\",\"date_format_custom\":\"Y\\\/m\\\/d\",\"excerpt_length\":\"20\",\"excerpt_ellipsis\":\"...\",\"force_normal_image_load\":\"\",\"pagination_mode\":\"disable\",\"pagination_nextprev_showtext\":\"\",\"pagination_number_post\":4,\"pagination_scroll_limit\":0,\"boxed\":\"\",\"boxed_shadow\":\"\",\"el_id\":\"\",\"el_class\":\"\",\"scheme\":\"\",\"column_width\":\"auto\",\"title_color\":\"\",\"accent_color\":\"#dd9933\",\"alt_color\":\"\",\"excerpt_color\":\"\",\"css\":\"\",\"compatible_column_notice\":\"\",\"paged\":1,\"column_class\":\"jeg_col_2o3\",\"class\":\"jnews_block_13\"};<\/script>\n\t\t\t\t<\/div>[\/vc_column][vc_column width=&#8221;1\/2&#8243;]<div  class=\"jeg_breakingnews clearfix jnews_module__3_69f1cc48904b8   \">\n                <div class=\"jeg_breakingnews_title\"><i class=\"fas fa-bolt\">&nbsp;<\/i> <span>ULTIMA HORA<\/span><\/div>\n\n                <div class=\"jeg_news_ticker\" data-autoplay='true' data-delay='3000' data-animation='horizontal'>\n                    <div class=\"jeg_news_ticker_items\">\n                        <div class=\"jeg_news_ticker_item jeg_news_ticker_animated jeg_news_ticker_active format-standard\">\n                <span>\n                    <a href=\"https:\/\/elreporterodelacomunidad.com\/index.php\/2026\/04\/28\/inicia-tono-astiazaran-recarpeteo-de-vialidad-en-pueblitos-beneficiara-a-19-colonias\/\" >Inicia To\u00f1o Astiazar\u00e1n recarpeteo de vialidad en Pueblitos; beneficiar\u00e1 a 19 colonias<\/a>\n                <\/span>\n                <span class=\"post-date\">\n                    28 abril, 2026\n                <\/span>\n            <\/div><div class=\"jeg_news_ticker_item jeg_news_ticker_animated  format-standard\">\n                <span>\n                    <a href=\"https:\/\/elreporterodelacomunidad.com\/index.php\/2026\/04\/28\/fausto-soto-silva-el-hombre-antena-rumbo-a-la-inmortalidad-en-el-salon-de-la-fama-del-beisbol-mexicano\/\" >Fausto Soto Silva, \u201cEl Hombre Antena\u201d: Rumbo a la inmortalidad en el Sal\u00f3n de la Fama del Beisbol Mexicano<\/a>\n                <\/span>\n                <span class=\"post-date\">\n                    28 abril, 2026\n                <\/span>\n            <\/div><div class=\"jeg_news_ticker_item jeg_news_ticker_animated  format-standard\">\n                <span>\n                    <a href=\"https:\/\/elreporterodelacomunidad.com\/index.php\/2026\/04\/28\/gobernador-durazo-destina-la-mayor-inversion-registrada-en-uniformes-escolares-inicia-distribucion-el-6-de-mayo\/\" >Gobernador Durazo destina la mayor inversi\u00f3n registrada en uniformes escolares; inicia distribuci\u00f3n el 6 de mayo<\/a>\n                <\/span>\n                <span class=\"post-date\">\n                    28 abril, 2026\n                <\/span>\n            <\/div><div class=\"jeg_news_ticker_item jeg_news_ticker_animated  format-standard\">\n                <span>\n                    <a href=\"https:\/\/elreporterodelacomunidad.com\/index.php\/2026\/04\/28\/anuncia-tono-astiazaran-a-los-dos-ganadores-de-los-vehiculos-electricos-del-sorteo-en-la-h-cumpliendo-ganas\/\" >Anuncia To\u00f1o Astiazar\u00e1n a los dos ganadores de los veh\u00edculos el\u00e9ctricos del sorteo \u201cEn la H \u00a1Cumpliendo Ganas!\u201d<\/a>\n                <\/span>\n                <span class=\"post-date\">\n                    28 abril, 2026\n                <\/span>\n            <\/div><div class=\"jeg_news_ticker_item jeg_news_ticker_animated  format-standard\">\n                <span>\n                    <a href=\"https:\/\/elreporterodelacomunidad.com\/index.php\/2026\/04\/28\/relacion-sonora-arizona-se-siente-en-mas-bienestar-para-las-familias-paulina-ocana\/\" >Relaci\u00f3n Sonora-Arizona se siente en m\u00e1s bienestar para las familias: Paulina Oca\u00f1a<\/a>\n                <\/span>\n                <span class=\"post-date\">\n                    28 abril, 2026\n                <\/span>\n            <\/div><div class=\"jeg_news_ticker_item jeg_news_ticker_animated  format-standard\">\n                <span>\n                    <a href=\"https:\/\/elreporterodelacomunidad.com\/index.php\/2026\/04\/28\/gobierno-de-sonora-presente-en-inicio-del-tianguis-turistico-2026\/\" >Gobierno de Sonora presente en inicio del Tianguis Tur\u00edstico 2026<\/a>\n                <\/span>\n                <span class=\"post-date\">\n                    28 abril, 2026\n                <\/span>\n            <\/div><div class=\"jeg_news_ticker_item jeg_news_ticker_animated  format-standard\">\n                <span>\n                    <a href=\"https:\/\/elreporterodelacomunidad.com\/index.php\/2026\/04\/28\/arranca-el-gobierno-de-sonora-la-semana-nacional-de-vacunacion-vacunar-es-amar\/\" >Arranca el Gobierno de Sonora la Semana Nacional de Vacunaci\u00f3n \u201cVacunar es Amar\u201d<\/a>\n                <\/span>\n                <span class=\"post-date\">\n                    28 abril, 2026\n                <\/span>\n            <\/div><div class=\"jeg_news_ticker_item jeg_news_ticker_animated  format-standard\">\n                <span>\n                    <a href=\"https:\/\/elreporterodelacomunidad.com\/index.php\/2026\/04\/28\/alumno-de-uts-conquista-doble-oro-en-atletismo-en-el-1er-encuentro-nacional-cultural-y-deportivo\/\" >Alumno de UTS conquista doble oro en atletismo en el 1er Encuentro Nacional Cultural y Deportivo<\/a>\n                <\/span>\n                <span class=\"post-date\">\n                    28 abril, 2026\n                <\/span>\n            <\/div><div class=\"jeg_news_ticker_item jeg_news_ticker_animated  format-standard\">\n                <span>\n                    <a href=\"https:\/\/elreporterodelacomunidad.com\/index.php\/2026\/04\/28\/morena-sonora-fortalece-estructura-territorial-y-llama-a-atender-situacion-financiera-de-hermosillo\/\" >Morena Sonora fortalece estructura territorial y llama a atender situaci\u00f3n financiera de Hermosillo<\/a>\n                <\/span>\n                <span class=\"post-date\">\n                    28 abril, 2026\n                <\/span>\n            <\/div><div class=\"jeg_news_ticker_item jeg_news_ticker_animated  format-standard\">\n                <span>\n                    <a href=\"https:\/\/elreporterodelacomunidad.com\/index.php\/2026\/04\/28\/con-inversion-de-108-millones-nuevo-acelerador-lineal-del-hrae-del-issste-en-morelos-incrementara-en-55-la-capacidad-de-radioterapia-marti-batres\/\" >Con inversi\u00f3n de 108 millones, nuevo acelerador lineal del HRAE del ISSSTE en Morelos incrementar\u00e1 en 55% la capacidad de radioterapia: Mart\u00ed Batres<\/a>\n                <\/span>\n                <span class=\"post-date\">\n                    28 abril, 2026\n                <\/span>\n            <\/div><div class=\"jeg_news_ticker_item jeg_news_ticker_animated  format-standard\">\n                <span>\n                    <a href=\"https:\/\/elreporterodelacomunidad.com\/index.php\/2026\/04\/28\/fgjes-logra-condena-de-3-anos-y-6-meses-de-prision-contra-joven-por-narcomenudeo-en-guaymas\/\" >FGJES logra condena de 3 a\u00f1os y 6 meses de prisi\u00f3n contra joven por narcomenudeo en Guaymas<\/a>\n                <\/span>\n                <span class=\"post-date\">\n                    28 abril, 2026\n                <\/span>\n            <\/div><div class=\"jeg_news_ticker_item jeg_news_ticker_animated  format-standard\">\n                <span>\n                    <a href=\"https:\/\/elreporterodelacomunidad.com\/index.php\/2026\/04\/28\/brindara-ayuntamiento-de-hermosillo-servicio-normal-de-recoleccion-de-basura-el-viernes-1-y-martes-5-de-mayo\/\" >Brindar\u00e1 Ayuntamiento de Hermosillo servicio normal de recolecci\u00f3n de basura el viernes 1 y martes 5 de mayo<\/a>\n                <\/span>\n                <span class=\"post-date\">\n                    28 abril, 2026\n                <\/span>\n            <\/div><div class=\"jeg_news_ticker_item jeg_news_ticker_animated  format-standard\">\n                <span>\n                    <a href=\"https:\/\/elreporterodelacomunidad.com\/index.php\/2026\/04\/28\/registra-gobierno-de-hermosillo-una-jornada-exitosa-en-la-actividad-leyendo-por-la-h\/\" >Registra Gobierno de Hermosillo una jornada exitosa en la actividad &#8220;Leyendo por la H&#8221;<\/a>\n                <\/span>\n                <span class=\"post-date\">\n                    28 abril, 2026\n                <\/span>\n            <\/div><div class=\"jeg_news_ticker_item jeg_news_ticker_animated  format-standard\">\n                <span>\n                    <a href=\"https:\/\/elreporterodelacomunidad.com\/index.php\/2026\/04\/27\/mas-de-un-ano-en-abandono-el-centro-de-gimnasia-de-alto-rendimiento\/\" >M\u00e1s de un a\u00f1o en abandono el Centro de Gimnasia de Alto Rendimiento<\/a>\n                <\/span>\n                <span class=\"post-date\">\n                    27 abril, 2026\n                <\/span>\n            <\/div><div class=\"jeg_news_ticker_item jeg_news_ticker_animated  format-standard\">\n                <span>\n                    <a href=\"https:\/\/elreporterodelacomunidad.com\/index.php\/2026\/04\/26\/la-aebes-vive-dos-inauguraciones-de-ligas-de-beisbol-de-veteranos-en-hermosillo-la-de-50-y-65-anos-y-mas\/\" >La Aebes vive dos inauguraciones de Ligas de b\u00e9isbol de veteranos en Hermosillo, la de 50 y 65 a\u00f1os y m\u00e1s.<\/a>\n                <\/span>\n                <span class=\"post-date\">\n                    27 abril, 2026\n                <\/span>\n            <\/div>\n                    <\/div>\n                    <div class=\"jeg_news_ticker_control\">\n                        <div class=\"jeg_news_ticker_next jeg_news_ticker_arrow\"><span>Pr\u00f3ximo<\/span><\/div>\n                        <div class=\"jeg_news_ticker_prev jeg_news_ticker_arrow\"><span>Anterior<\/span><\/div>\n                    <\/div>\n                <\/div>\n                <style>.jnews_module__3_69f1cc48904b8 .jeg_breakingnews_title { background: #dd9933; }<\/style>\n            <\/div><div  class=\"jeg_slider_wrapper jeg_slider_type_1_wrapper jnews_module__4_69f1cc489309d  \">\n                    <div class=\"jeg_slider_type_1 jeg_slider\" data-autoplay=\"true\" data-delay=\"3000\" data-hover-action=\"true\">\n                        <div class=\"jeg_slide_item\">\n                    \n                    <a href=\"https:\/\/elreporterodelacomunidad.com\/index.php\/2026\/04\/28\/inicia-tono-astiazaran-recarpeteo-de-vialidad-en-pueblitos-beneficiara-a-19-colonias\/\" class=\"jeg_slide_img\"><div class=\"thumbnail-container size-500 \"><img loading=\"lazy\" decoding=\"async\" width=\"750\" height=\"375\" src=\"https:\/\/elreporterodelacomunidad.com\/wp-content\/themes\/jnews\/assets\/img\/jeg-empty.png\" class=\"attachment-jnews-750x375 size-jnews-750x375 owl-lazy lazyload\" alt=\"Inicia To\u00f1o Astiazar\u00e1n recarpeteo de vialidad en Pueblitos; beneficiar\u00e1 a 19 colonias\" sizes=\"auto, (max-width: 750px) 100vw, 750px\" data-src=\"https:\/\/elreporterodelacomunidad.com\/wp-content\/uploads\/2026\/04\/757f4924-9167-430c-b46e-3edeb914aceb-750x375.jpg\" \/><\/div><\/a>\n                    <div class=\"jeg_slide_caption\">\n                        <div class=\"jeg_caption_container\">\n                            <div class=\"jeg_post_category\">\n                                <a href=\"https:\/\/elreporterodelacomunidad.com\/index.php\/category\/nacional\/\" class=\"category-nacional\">Nacional<\/a>\n                            <\/div>\n                            <h2 class=\"jeg_post_title\">\n                                <a href=\"https:\/\/elreporterodelacomunidad.com\/index.php\/2026\/04\/28\/inicia-tono-astiazaran-recarpeteo-de-vialidad-en-pueblitos-beneficiara-a-19-colonias\/\" >Inicia To\u00f1o Astiazar\u00e1n recarpeteo de vialidad en Pueblitos; beneficiar\u00e1 a 19 colonias<\/a>\n                            <\/h2>\n                            <div class=\"jeg_post_meta\"><span class=\"jeg_meta_author\">Por <a href=\"https:\/\/elreporterodelacomunidad.com\/index.php\/author\/carlosg2\/\">Carlos Alberto Gutierrez Celaya<\/a><\/span><span class=\"jeg_meta_date\">28 abril, 2026<\/span><\/div>\n                        <\/div>\n                    <\/div>\n                <\/div><div class=\"jeg_slide_item\">\n                    \n                    <a href=\"https:\/\/elreporterodelacomunidad.com\/index.php\/2026\/04\/28\/fausto-soto-silva-el-hombre-antena-rumbo-a-la-inmortalidad-en-el-salon-de-la-fama-del-beisbol-mexicano\/\" class=\"jeg_slide_img\"><div class=\"thumbnail-container size-500 \"><img loading=\"lazy\" decoding=\"async\" width=\"640\" height=\"375\" src=\"https:\/\/elreporterodelacomunidad.com\/wp-content\/themes\/jnews\/assets\/img\/jeg-empty.png\" class=\"attachment-jnews-750x375 size-jnews-750x375 owl-lazy lazyload\" alt=\"Fausto Soto Silva, \u201cEl Hombre Antena\u201d: Rumbo a la inmortalidad en el Sal\u00f3n de la Fama del Beisbol Mexicano\" data-src=\"https:\/\/elreporterodelacomunidad.com\/wp-content\/uploads\/2026\/04\/00a8d3e0-747a-432f-b3d2-9cfed4397f4b-640x375.jpg\" \/><\/div><\/a>\n                    <div class=\"jeg_slide_caption\">\n                        <div class=\"jeg_caption_container\">\n                            <div class=\"jeg_post_category\">\n                                <a href=\"https:\/\/elreporterodelacomunidad.com\/index.php\/category\/general\/\" class=\"category-general\">General<\/a>\n                            <\/div>\n                            <h2 class=\"jeg_post_title\">\n                                <a href=\"https:\/\/elreporterodelacomunidad.com\/index.php\/2026\/04\/28\/fausto-soto-silva-el-hombre-antena-rumbo-a-la-inmortalidad-en-el-salon-de-la-fama-del-beisbol-mexicano\/\" >Fausto Soto Silva, \u201cEl Hombre Antena\u201d: Rumbo a la inmortalidad en el Sal\u00f3n de la Fama del Beisbol Mexicano<\/a>\n                            <\/h2>\n                            <div class=\"jeg_post_meta\"><span class=\"jeg_meta_author\">Por <a href=\"https:\/\/elreporterodelacomunidad.com\/index.php\/author\/carlosg2\/\">Carlos Alberto Gutierrez Celaya<\/a><\/span><span class=\"jeg_meta_date\">28 abril, 2026<\/span><\/div>\n                        <\/div>\n                    <\/div>\n                <\/div><div class=\"jeg_slide_item\">\n                    \n                    <a href=\"https:\/\/elreporterodelacomunidad.com\/index.php\/2026\/04\/28\/gobernador-durazo-destina-la-mayor-inversion-registrada-en-uniformes-escolares-inicia-distribucion-el-6-de-mayo\/\" class=\"jeg_slide_img\"><div class=\"thumbnail-container size-500 \"><img loading=\"lazy\" decoding=\"async\" width=\"750\" height=\"375\" src=\"https:\/\/elreporterodelacomunidad.com\/wp-content\/themes\/jnews\/assets\/img\/jeg-empty.png\" class=\"attachment-jnews-750x375 size-jnews-750x375 owl-lazy lazyload\" alt=\"Gobernador Durazo destina la mayor inversi\u00f3n registrada en uniformes escolares; inicia distribuci\u00f3n el 6 de mayo\" sizes=\"auto, (max-width: 750px) 100vw, 750px\" data-src=\"https:\/\/elreporterodelacomunidad.com\/wp-content\/uploads\/2026\/04\/ae0451ce-dea7-453a-9d33-04694e336e63-750x375.jpg\" \/><\/div><\/a>\n                    <div class=\"jeg_slide_caption\">\n                        <div class=\"jeg_caption_container\">\n                            <div class=\"jeg_post_category\">\n                                <a href=\"https:\/\/elreporterodelacomunidad.com\/index.php\/category\/nacional\/\" class=\"category-nacional\">Nacional<\/a>\n                            <\/div>\n                            <h2 class=\"jeg_post_title\">\n                                <a href=\"https:\/\/elreporterodelacomunidad.com\/index.php\/2026\/04\/28\/gobernador-durazo-destina-la-mayor-inversion-registrada-en-uniformes-escolares-inicia-distribucion-el-6-de-mayo\/\" >Gobernador Durazo destina la mayor inversi\u00f3n registrada en uniformes escolares; inicia distribuci\u00f3n el 6 de mayo<\/a>\n                            <\/h2>\n                            <div class=\"jeg_post_meta\"><span class=\"jeg_meta_author\">Por <a href=\"https:\/\/elreporterodelacomunidad.com\/index.php\/author\/carlosg2\/\">Carlos Alberto Gutierrez Celaya<\/a><\/span><span class=\"jeg_meta_date\">28 abril, 2026<\/span><\/div>\n                        <\/div>\n                    <\/div>\n                <\/div><div class=\"jeg_slide_item\">\n                    \n                    <a href=\"https:\/\/elreporterodelacomunidad.com\/index.php\/2026\/04\/28\/anuncia-tono-astiazaran-a-los-dos-ganadores-de-los-vehiculos-electricos-del-sorteo-en-la-h-cumpliendo-ganas\/\" class=\"jeg_slide_img\"><div class=\"thumbnail-container size-500 \"><img loading=\"lazy\" decoding=\"async\" width=\"750\" height=\"375\" src=\"https:\/\/elreporterodelacomunidad.com\/wp-content\/themes\/jnews\/assets\/img\/jeg-empty.png\" class=\"attachment-jnews-750x375 size-jnews-750x375 owl-lazy lazyload\" alt=\"Anuncia To\u00f1o Astiazar\u00e1n a los dos ganadores de los veh\u00edculos el\u00e9ctricos del sorteo \u201cEn la H \u00a1Cumpliendo Ganas!\u201d\" sizes=\"auto, (max-width: 750px) 100vw, 750px\" data-src=\"https:\/\/elreporterodelacomunidad.com\/wp-content\/uploads\/2026\/04\/f21c7ac7-69a6-47bc-99b9-1751c22c210b-750x375.jpg\" \/><\/div><\/a>\n                    <div class=\"jeg_slide_caption\">\n                        <div class=\"jeg_caption_container\">\n                            <div class=\"jeg_post_category\">\n                                <a href=\"https:\/\/elreporterodelacomunidad.com\/index.php\/category\/general\/\" class=\"category-general\">General<\/a>\n                            <\/div>\n                            <h2 class=\"jeg_post_title\">\n                                <a href=\"https:\/\/elreporterodelacomunidad.com\/index.php\/2026\/04\/28\/anuncia-tono-astiazaran-a-los-dos-ganadores-de-los-vehiculos-electricos-del-sorteo-en-la-h-cumpliendo-ganas\/\" >Anuncia To\u00f1o Astiazar\u00e1n a los dos ganadores de los veh\u00edculos el\u00e9ctricos del sorteo \u201cEn la H \u00a1Cumpliendo Ganas!\u201d<\/a>\n                            <\/h2>\n                            <div class=\"jeg_post_meta\"><span class=\"jeg_meta_author\">Por <a href=\"https:\/\/elreporterodelacomunidad.com\/index.php\/author\/carlosg2\/\">Carlos Alberto Gutierrez Celaya<\/a><\/span><span class=\"jeg_meta_date\">28 abril, 2026<\/span><\/div>\n                        <\/div>\n                    <\/div>\n                <\/div><div class=\"jeg_slide_item\">\n                    \n                    <a href=\"https:\/\/elreporterodelacomunidad.com\/index.php\/2026\/04\/28\/relacion-sonora-arizona-se-siente-en-mas-bienestar-para-las-familias-paulina-ocana\/\" class=\"jeg_slide_img\"><div class=\"thumbnail-container size-500 \"><img loading=\"lazy\" decoding=\"async\" width=\"750\" height=\"375\" src=\"https:\/\/elreporterodelacomunidad.com\/wp-content\/themes\/jnews\/assets\/img\/jeg-empty.png\" class=\"attachment-jnews-750x375 size-jnews-750x375 owl-lazy lazyload\" alt=\"Relaci\u00f3n Sonora-Arizona se siente en m\u00e1s bienestar para las familias: Paulina Oca\u00f1a\" sizes=\"auto, (max-width: 750px) 100vw, 750px\" data-src=\"https:\/\/elreporterodelacomunidad.com\/wp-content\/uploads\/2026\/04\/7c1b479c-997f-4623-8238-0623265569ac-750x375.jpg\" \/><\/div><\/a>\n                    <div class=\"jeg_slide_caption\">\n                        <div class=\"jeg_caption_container\">\n                            <div class=\"jeg_post_category\">\n                                <a href=\"https:\/\/elreporterodelacomunidad.com\/index.php\/category\/economia\/\" class=\"category-economia\">Economia<\/a>\n                            <\/div>\n                            <h2 class=\"jeg_post_title\">\n                                <a href=\"https:\/\/elreporterodelacomunidad.com\/index.php\/2026\/04\/28\/relacion-sonora-arizona-se-siente-en-mas-bienestar-para-las-familias-paulina-ocana\/\" >Relaci\u00f3n Sonora-Arizona se siente en m\u00e1s bienestar para las familias: Paulina Oca\u00f1a<\/a>\n                            <\/h2>\n                            <div class=\"jeg_post_meta\"><span class=\"jeg_meta_author\">Por <a href=\"https:\/\/elreporterodelacomunidad.com\/index.php\/author\/carlosg2\/\">Carlos Alberto Gutierrez Celaya<\/a><\/span><span class=\"jeg_meta_date\">28 abril, 2026<\/span><\/div>\n                        <\/div>\n                    <\/div>\n                <\/div><div class=\"jeg_slide_item\">\n                    \n                    <a href=\"https:\/\/elreporterodelacomunidad.com\/index.php\/2026\/04\/28\/gobierno-de-sonora-presente-en-inicio-del-tianguis-turistico-2026\/\" class=\"jeg_slide_img\"><div class=\"thumbnail-container size-500 \"><img loading=\"lazy\" decoding=\"async\" width=\"750\" height=\"375\" src=\"https:\/\/elreporterodelacomunidad.com\/wp-content\/themes\/jnews\/assets\/img\/jeg-empty.png\" class=\"attachment-jnews-750x375 size-jnews-750x375 owl-lazy lazyload\" alt=\"Gobierno de Sonora presente en inicio del Tianguis Tur\u00edstico 2026\" sizes=\"auto, (max-width: 750px) 100vw, 750px\" data-src=\"https:\/\/elreporterodelacomunidad.com\/wp-content\/uploads\/2026\/04\/94f8e8c2-8829-44be-a6fd-1b261e27fe74-750x375.jpg\" \/><\/div><\/a>\n                    <div class=\"jeg_slide_caption\">\n                        <div class=\"jeg_caption_container\">\n                            <div class=\"jeg_post_category\">\n                                <a href=\"https:\/\/elreporterodelacomunidad.com\/index.php\/category\/economia\/\" class=\"category-economia\">Economia<\/a>\n                            <\/div>\n                            <h2 class=\"jeg_post_title\">\n                                <a href=\"https:\/\/elreporterodelacomunidad.com\/index.php\/2026\/04\/28\/gobierno-de-sonora-presente-en-inicio-del-tianguis-turistico-2026\/\" >Gobierno de Sonora presente en inicio del Tianguis Tur\u00edstico 2026<\/a>\n                            <\/h2>\n                            <div class=\"jeg_post_meta\"><span class=\"jeg_meta_author\">Por <a href=\"https:\/\/elreporterodelacomunidad.com\/index.php\/author\/reportero\/\">EL REPORTERO DE LA COMUNIDAD<\/a><\/span><span class=\"jeg_meta_date\">28 abril, 2026<\/span><\/div>\n                        <\/div>\n                    <\/div>\n                <\/div><div class=\"jeg_slide_item\">\n                    \n                    <a href=\"https:\/\/elreporterodelacomunidad.com\/index.php\/2026\/04\/28\/arranca-el-gobierno-de-sonora-la-semana-nacional-de-vacunacion-vacunar-es-amar\/\" class=\"jeg_slide_img\"><div class=\"thumbnail-container size-500 \"><img loading=\"lazy\" decoding=\"async\" width=\"750\" height=\"375\" src=\"https:\/\/elreporterodelacomunidad.com\/wp-content\/themes\/jnews\/assets\/img\/jeg-empty.png\" class=\"attachment-jnews-750x375 size-jnews-750x375 owl-lazy lazyload\" alt=\"Arranca el Gobierno de Sonora la Semana Nacional de Vacunaci\u00f3n \u201cVacunar es Amar\u201d\" sizes=\"auto, (max-width: 750px) 100vw, 750px\" data-src=\"https:\/\/elreporterodelacomunidad.com\/wp-content\/uploads\/2026\/04\/8a1c8295-0c54-4f0a-b76a-392b7c8bd103-750x375.jpg\" \/><\/div><\/a>\n                    <div class=\"jeg_slide_caption\">\n                        <div class=\"jeg_caption_container\">\n                            <div class=\"jeg_post_category\">\n                                <a href=\"https:\/\/elreporterodelacomunidad.com\/index.php\/category\/economia\/\" class=\"category-economia\">Economia<\/a>\n                            <\/div>\n                            <h2 class=\"jeg_post_title\">\n                                <a href=\"https:\/\/elreporterodelacomunidad.com\/index.php\/2026\/04\/28\/arranca-el-gobierno-de-sonora-la-semana-nacional-de-vacunacion-vacunar-es-amar\/\" >Arranca el Gobierno de Sonora la Semana Nacional de Vacunaci\u00f3n \u201cVacunar es Amar\u201d<\/a>\n                            <\/h2>\n                            <div class=\"jeg_post_meta\"><span class=\"jeg_meta_author\">Por <a href=\"https:\/\/elreporterodelacomunidad.com\/index.php\/author\/carlosg2\/\">Carlos Alberto Gutierrez Celaya<\/a><\/span><span class=\"jeg_meta_date\">28 abril, 2026<\/span><\/div>\n                        <\/div>\n                    <\/div>\n                <\/div><div class=\"jeg_slide_item\">\n                    \n                    <a href=\"https:\/\/elreporterodelacomunidad.com\/index.php\/2026\/04\/28\/alumno-de-uts-conquista-doble-oro-en-atletismo-en-el-1er-encuentro-nacional-cultural-y-deportivo\/\" class=\"jeg_slide_img\"><div class=\"thumbnail-container size-500 \"><img loading=\"lazy\" decoding=\"async\" width=\"750\" height=\"375\" src=\"https:\/\/elreporterodelacomunidad.com\/wp-content\/themes\/jnews\/assets\/img\/jeg-empty.png\" class=\"attachment-jnews-750x375 size-jnews-750x375 owl-lazy lazyload\" alt=\"Alumno de UTS conquista doble oro en atletismo en el 1er Encuentro Nacional Cultural y Deportivo\" sizes=\"auto, (max-width: 750px) 100vw, 750px\" data-src=\"https:\/\/elreporterodelacomunidad.com\/wp-content\/uploads\/2026\/04\/b3e8629f-c347-40a5-8eae-1c7b1d41e0b2-1-e1777413468488-750x375.jpg\" \/><\/div><\/a>\n                    <div class=\"jeg_slide_caption\">\n                        <div class=\"jeg_caption_container\">\n                            <div class=\"jeg_post_category\">\n                                <a href=\"https:\/\/elreporterodelacomunidad.com\/index.php\/category\/deportes\/\" class=\"category-deportes\">Deportes<\/a>\n                            <\/div>\n                            <h2 class=\"jeg_post_title\">\n                                <a href=\"https:\/\/elreporterodelacomunidad.com\/index.php\/2026\/04\/28\/alumno-de-uts-conquista-doble-oro-en-atletismo-en-el-1er-encuentro-nacional-cultural-y-deportivo\/\" >Alumno de UTS conquista doble oro en atletismo en el 1er Encuentro Nacional Cultural y Deportivo<\/a>\n                            <\/h2>\n                            <div class=\"jeg_post_meta\"><span class=\"jeg_meta_author\">Por <a href=\"https:\/\/elreporterodelacomunidad.com\/index.php\/author\/carlosg2\/\">Carlos Alberto Gutierrez Celaya<\/a><\/span><span class=\"jeg_meta_date\">28 abril, 2026<\/span><\/div>\n                        <\/div>\n                    <\/div>\n                <\/div><div class=\"jeg_slide_item\">\n                    \n                    <a href=\"https:\/\/elreporterodelacomunidad.com\/index.php\/2026\/04\/28\/morena-sonora-fortalece-estructura-territorial-y-llama-a-atender-situacion-financiera-de-hermosillo\/\" class=\"jeg_slide_img\"><div class=\"thumbnail-container size-500 \"><img loading=\"lazy\" decoding=\"async\" width=\"750\" height=\"375\" src=\"https:\/\/elreporterodelacomunidad.com\/wp-content\/themes\/jnews\/assets\/img\/jeg-empty.png\" class=\"attachment-jnews-750x375 size-jnews-750x375 owl-lazy lazyload\" alt=\"Morena Sonora fortalece estructura territorial y llama a atender situaci\u00f3n financiera de Hermosillo\" sizes=\"auto, (max-width: 750px) 100vw, 750px\" data-src=\"https:\/\/elreporterodelacomunidad.com\/wp-content\/uploads\/2026\/04\/23450f06-25a2-4ebd-b4bc-dc7485e9a26c-750x375.jpg\" \/><\/div><\/a>\n                    <div class=\"jeg_slide_caption\">\n                        <div class=\"jeg_caption_container\">\n                            <div class=\"jeg_post_category\">\n                                <a href=\"https:\/\/elreporterodelacomunidad.com\/index.php\/category\/politica\/\" class=\"category-politica\">politica<\/a>\n                            <\/div>\n                            <h2 class=\"jeg_post_title\">\n                                <a href=\"https:\/\/elreporterodelacomunidad.com\/index.php\/2026\/04\/28\/morena-sonora-fortalece-estructura-territorial-y-llama-a-atender-situacion-financiera-de-hermosillo\/\" >Morena Sonora fortalece estructura territorial y llama a atender situaci\u00f3n financiera de Hermosillo<\/a>\n                            <\/h2>\n                            <div class=\"jeg_post_meta\"><span class=\"jeg_meta_author\">Por <a href=\"https:\/\/elreporterodelacomunidad.com\/index.php\/author\/carlosg2\/\">Carlos Alberto Gutierrez Celaya<\/a><\/span><span class=\"jeg_meta_date\">28 abril, 2026<\/span><\/div>\n                        <\/div>\n                    <\/div>\n                <\/div><div class=\"jeg_slide_item\">\n                    \n                    <a href=\"https:\/\/elreporterodelacomunidad.com\/index.php\/2026\/04\/28\/con-inversion-de-108-millones-nuevo-acelerador-lineal-del-hrae-del-issste-en-morelos-incrementara-en-55-la-capacidad-de-radioterapia-marti-batres\/\" class=\"jeg_slide_img\"><div class=\"thumbnail-container size-500 \"><img loading=\"lazy\" decoding=\"async\" width=\"750\" height=\"375\" src=\"https:\/\/elreporterodelacomunidad.com\/wp-content\/themes\/jnews\/assets\/img\/jeg-empty.png\" class=\"attachment-jnews-750x375 size-jnews-750x375 owl-lazy lazyload\" alt=\"Con inversi\u00f3n de 108 millones, nuevo acelerador lineal del HRAE del ISSSTE en Morelos incrementar\u00e1 en 55% la capacidad de radioterapia: Mart\u00ed Batres\" sizes=\"auto, (max-width: 750px) 100vw, 750px\" data-src=\"https:\/\/elreporterodelacomunidad.com\/wp-content\/uploads\/2026\/04\/e3b81af6-7b75-42eb-96ca-1198fac23aaa-750x375.jpg\" \/><\/div><\/a>\n                    <div class=\"jeg_slide_caption\">\n                        <div class=\"jeg_caption_container\">\n                            <div class=\"jeg_post_category\">\n                                <a href=\"https:\/\/elreporterodelacomunidad.com\/index.php\/category\/salud\/\" class=\"category-salud\">salud<\/a>\n                            <\/div>\n                            <h2 class=\"jeg_post_title\">\n                                <a href=\"https:\/\/elreporterodelacomunidad.com\/index.php\/2026\/04\/28\/con-inversion-de-108-millones-nuevo-acelerador-lineal-del-hrae-del-issste-en-morelos-incrementara-en-55-la-capacidad-de-radioterapia-marti-batres\/\" >Con inversi\u00f3n de 108 millones, nuevo acelerador lineal del HRAE del ISSSTE en Morelos incrementar\u00e1 en 55% la capacidad de radioterapia: Mart\u00ed Batres<\/a>\n                            <\/h2>\n                            <div class=\"jeg_post_meta\"><span class=\"jeg_meta_author\">Por <a href=\"https:\/\/elreporterodelacomunidad.com\/index.php\/author\/reportero\/\">EL REPORTERO DE LA COMUNIDAD<\/a><\/span><span class=\"jeg_meta_date\">28 abril, 2026<\/span><\/div>\n                        <\/div>\n                    <\/div>\n                <\/div><div class=\"jeg_slide_item\">\n                    \n                    <a href=\"https:\/\/elreporterodelacomunidad.com\/index.php\/2026\/04\/28\/fgjes-logra-condena-de-3-anos-y-6-meses-de-prision-contra-joven-por-narcomenudeo-en-guaymas\/\" class=\"jeg_slide_img\"><div class=\"thumbnail-container size-500 \"><img loading=\"lazy\" decoding=\"async\" width=\"576\" height=\"375\" src=\"https:\/\/elreporterodelacomunidad.com\/wp-content\/themes\/jnews\/assets\/img\/jeg-empty.png\" class=\"attachment-jnews-750x375 size-jnews-750x375 owl-lazy lazyload\" alt=\"FGJES logra condena de 3 a\u00f1os y 6 meses de prisi\u00f3n contra joven por narcomenudeo en Guaymas\" data-src=\"https:\/\/elreporterodelacomunidad.com\/wp-content\/uploads\/2026\/04\/Captura-de-pantalla-2026-04-28-144941-576x375.jpg\" \/><\/div><\/a>\n                    <div class=\"jeg_slide_caption\">\n                        <div class=\"jeg_caption_container\">\n                            <div class=\"jeg_post_category\">\n                                <a href=\"https:\/\/elreporterodelacomunidad.com\/index.php\/category\/policiaca\/\" class=\"category-policiaca\">policiaca<\/a>\n                            <\/div>\n                            <h2 class=\"jeg_post_title\">\n                                <a href=\"https:\/\/elreporterodelacomunidad.com\/index.php\/2026\/04\/28\/fgjes-logra-condena-de-3-anos-y-6-meses-de-prision-contra-joven-por-narcomenudeo-en-guaymas\/\" >FGJES logra condena de 3 a\u00f1os y 6 meses de prisi\u00f3n contra joven por narcomenudeo en Guaymas<\/a>\n                            <\/h2>\n                            <div class=\"jeg_post_meta\"><span class=\"jeg_meta_author\">Por <a href=\"https:\/\/elreporterodelacomunidad.com\/index.php\/author\/reportero\/\">EL REPORTERO DE LA COMUNIDAD<\/a><\/span><span class=\"jeg_meta_date\">28 abril, 2026<\/span><\/div>\n                        <\/div>\n                    <\/div>\n                <\/div><div class=\"jeg_slide_item\">\n                    \n                    <a href=\"https:\/\/elreporterodelacomunidad.com\/index.php\/2026\/04\/28\/brindara-ayuntamiento-de-hermosillo-servicio-normal-de-recoleccion-de-basura-el-viernes-1-y-martes-5-de-mayo\/\" class=\"jeg_slide_img\"><div class=\"thumbnail-container size-500 \"><img loading=\"lazy\" decoding=\"async\" width=\"750\" height=\"375\" src=\"https:\/\/elreporterodelacomunidad.com\/wp-content\/themes\/jnews\/assets\/img\/jeg-empty.png\" class=\"attachment-jnews-750x375 size-jnews-750x375 owl-lazy lazyload\" alt=\"Brindar\u00e1 Ayuntamiento de Hermosillo servicio normal de recolecci\u00f3n de basura el viernes 1 y martes 5 de mayo\" sizes=\"auto, (max-width: 750px) 100vw, 750px\" data-src=\"https:\/\/elreporterodelacomunidad.com\/wp-content\/uploads\/2026\/04\/ab3fa5c9-811a-4dba-99ae-0fea6115f301-750x375.jpg\" \/><\/div><\/a>\n                    <div class=\"jeg_slide_caption\">\n                        <div class=\"jeg_caption_container\">\n                            <div class=\"jeg_post_category\">\n                                <a href=\"https:\/\/elreporterodelacomunidad.com\/index.php\/category\/salud\/\" class=\"category-salud\">salud<\/a>\n                            <\/div>\n                            <h2 class=\"jeg_post_title\">\n                                <a href=\"https:\/\/elreporterodelacomunidad.com\/index.php\/2026\/04\/28\/brindara-ayuntamiento-de-hermosillo-servicio-normal-de-recoleccion-de-basura-el-viernes-1-y-martes-5-de-mayo\/\" >Brindar\u00e1 Ayuntamiento de Hermosillo servicio normal de recolecci\u00f3n de basura el viernes 1 y martes 5 de mayo<\/a>\n                            <\/h2>\n                            <div class=\"jeg_post_meta\"><span class=\"jeg_meta_author\">Por <a href=\"https:\/\/elreporterodelacomunidad.com\/index.php\/author\/carlosg2\/\">Carlos Alberto Gutierrez Celaya<\/a><\/span><span class=\"jeg_meta_date\">28 abril, 2026<\/span><\/div>\n                        <\/div>\n                    <\/div>\n                <\/div><div class=\"jeg_slide_item\">\n                    \n                    <a href=\"https:\/\/elreporterodelacomunidad.com\/index.php\/2026\/04\/28\/registra-gobierno-de-hermosillo-una-jornada-exitosa-en-la-actividad-leyendo-por-la-h\/\" class=\"jeg_slide_img\"><div class=\"thumbnail-container size-500 \"><img loading=\"lazy\" decoding=\"async\" width=\"750\" height=\"375\" src=\"https:\/\/elreporterodelacomunidad.com\/wp-content\/themes\/jnews\/assets\/img\/jeg-empty.png\" class=\"attachment-jnews-750x375 size-jnews-750x375 owl-lazy lazyload\" alt=\"Registra Gobierno de Hermosillo una jornada exitosa en la actividad &#8220;Leyendo por la H&#8221;\" sizes=\"auto, (max-width: 750px) 100vw, 750px\" data-src=\"https:\/\/elreporterodelacomunidad.com\/wp-content\/uploads\/2026\/04\/58c4f252-5d4e-454b-b1c0-d6c258164861-750x375.jpg\" \/><\/div><\/a>\n                    <div class=\"jeg_slide_caption\">\n                        <div class=\"jeg_caption_container\">\n                            <div class=\"jeg_post_category\">\n                                <a href=\"https:\/\/elreporterodelacomunidad.com\/index.php\/category\/cultura\/\" class=\"category-cultura\">Cultura<\/a>\n                            <\/div>\n                            <h2 class=\"jeg_post_title\">\n                                <a href=\"https:\/\/elreporterodelacomunidad.com\/index.php\/2026\/04\/28\/registra-gobierno-de-hermosillo-una-jornada-exitosa-en-la-actividad-leyendo-por-la-h\/\" >Registra Gobierno de Hermosillo una jornada exitosa en la actividad &#8220;Leyendo por la H&#8221;<\/a>\n                            <\/h2>\n                            <div class=\"jeg_post_meta\"><span class=\"jeg_meta_author\">Por <a href=\"https:\/\/elreporterodelacomunidad.com\/index.php\/author\/carlosg2\/\">Carlos Alberto Gutierrez Celaya<\/a><\/span><span class=\"jeg_meta_date\">28 abril, 2026<\/span><\/div>\n                        <\/div>\n                    <\/div>\n                <\/div><div class=\"jeg_slide_item\">\n                    \n                    <a href=\"https:\/\/elreporterodelacomunidad.com\/index.php\/2026\/04\/27\/mas-de-un-ano-en-abandono-el-centro-de-gimnasia-de-alto-rendimiento\/\" class=\"jeg_slide_img\"><div class=\"thumbnail-container size-500 \"><img loading=\"lazy\" decoding=\"async\" width=\"750\" height=\"375\" src=\"https:\/\/elreporterodelacomunidad.com\/wp-content\/themes\/jnews\/assets\/img\/jeg-empty.png\" class=\"attachment-jnews-750x375 size-jnews-750x375 owl-lazy lazyload\" alt=\"M\u00e1s de un a\u00f1o en abandono el Centro de Gimnasia de Alto Rendimiento\" sizes=\"auto, (max-width: 750px) 100vw, 750px\" data-src=\"https:\/\/elreporterodelacomunidad.com\/wp-content\/uploads\/2026\/04\/piden-restitucion-de-entrenador-de-gimnasia-en-el-cum-284455-750x375.jpg\" \/><\/div><\/a>\n                    <div class=\"jeg_slide_caption\">\n                        <div class=\"jeg_caption_container\">\n                            <div class=\"jeg_post_category\">\n                                <a href=\"https:\/\/elreporterodelacomunidad.com\/index.php\/category\/carlos-alberto-gutierrez-celaya\/\" class=\"category-carlos-alberto-gutierrez-celaya\">Carlos Alberto Guti\u00e9rrez Celaya<\/a>\n                            <\/div>\n                            <h2 class=\"jeg_post_title\">\n                                <a href=\"https:\/\/elreporterodelacomunidad.com\/index.php\/2026\/04\/27\/mas-de-un-ano-en-abandono-el-centro-de-gimnasia-de-alto-rendimiento\/\" >M\u00e1s de un a\u00f1o en abandono el Centro de Gimnasia de Alto Rendimiento<\/a>\n                            <\/h2>\n                            <div class=\"jeg_post_meta\"><span class=\"jeg_meta_author\">Por <a href=\"https:\/\/elreporterodelacomunidad.com\/index.php\/author\/carlosg2\/\">Carlos Alberto Gutierrez Celaya<\/a><\/span><span class=\"jeg_meta_date\">27 abril, 2026<\/span><\/div>\n                        <\/div>\n                    <\/div>\n                <\/div><div class=\"jeg_slide_item\">\n                    \n                    <a href=\"https:\/\/elreporterodelacomunidad.com\/index.php\/2026\/04\/26\/la-aebes-vive-dos-inauguraciones-de-ligas-de-beisbol-de-veteranos-en-hermosillo-la-de-50-y-65-anos-y-mas\/\" class=\"jeg_slide_img\"><div class=\"thumbnail-container size-500 \"><img loading=\"lazy\" decoding=\"async\" width=\"750\" height=\"375\" src=\"https:\/\/elreporterodelacomunidad.com\/wp-content\/themes\/jnews\/assets\/img\/jeg-empty.png\" class=\"attachment-jnews-750x375 size-jnews-750x375 owl-lazy lazyload\" alt=\"La Aebes vive dos inauguraciones de Ligas de b\u00e9isbol de veteranos en Hermosillo, la de 50 y 65 a\u00f1os y m\u00e1s.\" sizes=\"auto, (max-width: 750px) 100vw, 750px\" data-src=\"https:\/\/elreporterodelacomunidad.com\/wp-content\/uploads\/2026\/04\/71689b97-1a56-40b2-82d6-b3b04a3fedd2-750x375.jpg\" \/><\/div><\/a>\n                    <div class=\"jeg_slide_caption\">\n                        <div class=\"jeg_caption_container\">\n                            <div class=\"jeg_post_category\">\n                                <a href=\"https:\/\/elreporterodelacomunidad.com\/index.php\/category\/deportes\/\" class=\"category-deportes\">Deportes<\/a>\n                            <\/div>\n                            <h2 class=\"jeg_post_title\">\n                                <a href=\"https:\/\/elreporterodelacomunidad.com\/index.php\/2026\/04\/26\/la-aebes-vive-dos-inauguraciones-de-ligas-de-beisbol-de-veteranos-en-hermosillo-la-de-50-y-65-anos-y-mas\/\" >La Aebes vive dos inauguraciones de Ligas de b\u00e9isbol de veteranos en Hermosillo, la de 50 y 65 a\u00f1os y m\u00e1s.<\/a>\n                            <\/h2>\n                            <div class=\"jeg_post_meta\"><span class=\"jeg_meta_author\">Por <a href=\"https:\/\/elreporterodelacomunidad.com\/index.php\/author\/carlosg2\/\">Carlos Alberto Gutierrez Celaya<\/a><\/span><span class=\"jeg_meta_date\">27 abril, 2026<\/span><\/div>\n                        <\/div>\n                    <\/div>\n                <\/div><div class=\"jeg_slide_item\">\n                    \n                    <a href=\"https:\/\/elreporterodelacomunidad.com\/index.php\/2026\/04\/26\/la-sierra-alta-de-sonora-se-pintara-con-los-colores-del-pri-en-2027-lupita-soto\/\" class=\"jeg_slide_img\"><div class=\"thumbnail-container size-500 \"><img loading=\"lazy\" decoding=\"async\" width=\"750\" height=\"375\" src=\"https:\/\/elreporterodelacomunidad.com\/wp-content\/themes\/jnews\/assets\/img\/jeg-empty.png\" class=\"attachment-jnews-750x375 size-jnews-750x375 owl-lazy lazyload\" alt=\"La Sierra Alta de Sonora se pintar\u00e1 con los colores del PRI en 2027: Lupita Soto\" sizes=\"auto, (max-width: 750px) 100vw, 750px\" data-src=\"https:\/\/elreporterodelacomunidad.com\/wp-content\/uploads\/2026\/04\/9887754f-a5fc-4429-893e-c7d53e48db1b-750x375.jpg\" \/><\/div><\/a>\n                    <div class=\"jeg_slide_caption\">\n                        <div class=\"jeg_caption_container\">\n                            <div class=\"jeg_post_category\">\n                                <a href=\"https:\/\/elreporterodelacomunidad.com\/index.php\/category\/politica\/\" class=\"category-politica\">politica<\/a>\n                            <\/div>\n                            <h2 class=\"jeg_post_title\">\n                                <a href=\"https:\/\/elreporterodelacomunidad.com\/index.php\/2026\/04\/26\/la-sierra-alta-de-sonora-se-pintara-con-los-colores-del-pri-en-2027-lupita-soto\/\" >La Sierra Alta de Sonora se pintar\u00e1 con los colores del PRI en 2027: Lupita Soto<\/a>\n                            <\/h2>\n                            <div class=\"jeg_post_meta\"><span class=\"jeg_meta_author\">Por <a href=\"https:\/\/elreporterodelacomunidad.com\/index.php\/author\/carlosg2\/\">Carlos Alberto Gutierrez Celaya<\/a><\/span><span class=\"jeg_meta_date\">26 abril, 2026<\/span><\/div>\n                        <\/div>\n                    <\/div>\n                <\/div><div class=\"jeg_slide_item\">\n                    \n                    <a href=\"https:\/\/elreporterodelacomunidad.com\/index.php\/2026\/04\/26\/gobierno-de-sonora-impulsa-desarrollo-sustentable-con-planta-de-tratamiento-de-residuos-solidos-urbanos\/\" class=\"jeg_slide_img\"><div class=\"thumbnail-container size-500 \"><img loading=\"lazy\" decoding=\"async\" width=\"750\" height=\"375\" src=\"https:\/\/elreporterodelacomunidad.com\/wp-content\/themes\/jnews\/assets\/img\/jeg-empty.png\" class=\"attachment-jnews-750x375 size-jnews-750x375 owl-lazy lazyload\" alt=\"Gobierno de Sonora impulsa desarrollo sustentable con Planta de Tratamiento de Residuos S\u00f3lidos Urbanos\" sizes=\"auto, (max-width: 750px) 100vw, 750px\" data-src=\"https:\/\/elreporterodelacomunidad.com\/wp-content\/uploads\/2026\/04\/1000506810-750x375.jpg\" \/><\/div><\/a>\n                    <div class=\"jeg_slide_caption\">\n                        <div class=\"jeg_caption_container\">\n                            <div class=\"jeg_post_category\">\n                                <a href=\"https:\/\/elreporterodelacomunidad.com\/index.php\/category\/economia\/\" class=\"category-economia\">Economia<\/a>\n                            <\/div>\n                            <h2 class=\"jeg_post_title\">\n                                <a href=\"https:\/\/elreporterodelacomunidad.com\/index.php\/2026\/04\/26\/gobierno-de-sonora-impulsa-desarrollo-sustentable-con-planta-de-tratamiento-de-residuos-solidos-urbanos\/\" >Gobierno de Sonora impulsa desarrollo sustentable con Planta de Tratamiento de Residuos S\u00f3lidos Urbanos<\/a>\n                            <\/h2>\n                            <div class=\"jeg_post_meta\"><span class=\"jeg_meta_author\">Por <a href=\"https:\/\/elreporterodelacomunidad.com\/index.php\/author\/carlosg2\/\">Carlos Alberto Gutierrez Celaya<\/a><\/span><span class=\"jeg_meta_date\">26 abril, 2026<\/span><\/div>\n                        <\/div>\n                    <\/div>\n                <\/div><div class=\"jeg_slide_item\">\n                    \n                    <a href=\"https:\/\/elreporterodelacomunidad.com\/index.php\/2026\/04\/26\/invitan-a-jornada-de-salud-visual-y-servicios-preventivos-en-olivares-el-apache-y-las-praderas\/\" class=\"jeg_slide_img\"><div class=\"thumbnail-container size-500 \"><img loading=\"lazy\" decoding=\"async\" width=\"750\" height=\"375\" src=\"https:\/\/elreporterodelacomunidad.com\/wp-content\/themes\/jnews\/assets\/img\/jeg-empty.png\" class=\"attachment-jnews-750x375 size-jnews-750x375 owl-lazy lazyload\" alt=\"Invitan a Jornada de Salud Visual y servicios preventivos en Olivares, El Apache y Las Praderas\" sizes=\"auto, (max-width: 750px) 100vw, 750px\" data-src=\"https:\/\/elreporterodelacomunidad.com\/wp-content\/uploads\/2026\/04\/ff0129d9-b923-4c28-88fa-859ffd6d97a0-750x375.jpg\" \/><\/div><\/a>\n                    <div class=\"jeg_slide_caption\">\n                        <div class=\"jeg_caption_container\">\n                            <div class=\"jeg_post_category\">\n                                <a href=\"https:\/\/elreporterodelacomunidad.com\/index.php\/category\/salud\/\" class=\"category-salud\">salud<\/a>\n                            <\/div>\n                            <h2 class=\"jeg_post_title\">\n                                <a href=\"https:\/\/elreporterodelacomunidad.com\/index.php\/2026\/04\/26\/invitan-a-jornada-de-salud-visual-y-servicios-preventivos-en-olivares-el-apache-y-las-praderas\/\" >Invitan a Jornada de Salud Visual y servicios preventivos en Olivares, El Apache y Las Praderas<\/a>\n                            <\/h2>\n                            <div class=\"jeg_post_meta\"><span class=\"jeg_meta_author\">Por <a href=\"https:\/\/elreporterodelacomunidad.com\/index.php\/author\/carlosg2\/\">Carlos Alberto Gutierrez Celaya<\/a><\/span><span class=\"jeg_meta_date\">26 abril, 2026<\/span><\/div>\n                        <\/div>\n                    <\/div>\n                <\/div><div class=\"jeg_slide_item\">\n                    \n                    <a href=\"https:\/\/elreporterodelacomunidad.com\/index.php\/2026\/04\/26\/este-martes-28-de-abril-sera-el-gran-sorteo-de-dos-autos-electricos-en-la-h-cumpliendo-ganas\/\" class=\"jeg_slide_img\"><div class=\"thumbnail-container size-500 \"><img loading=\"lazy\" decoding=\"async\" width=\"505\" height=\"332\" src=\"https:\/\/elreporterodelacomunidad.com\/wp-content\/themes\/jnews\/assets\/img\/jeg-empty.png\" class=\"attachment-jnews-750x375 size-jnews-750x375 owl-lazy lazyload\" alt=\"Este martes 28 de abril ser\u00e1 el gran sorteo de dos autos el\u00e9ctricos \u00a1En la H, Cumpliendo Ganas!\" sizes=\"auto, (max-width: 505px) 100vw, 505px\" data-src=\"https:\/\/elreporterodelacomunidad.com\/wp-content\/uploads\/2026\/04\/Captura-de-pantalla-2026-04-26-154446.png\" \/><\/div><\/a>\n                    <div class=\"jeg_slide_caption\">\n                        <div class=\"jeg_caption_container\">\n                            <div class=\"jeg_post_category\">\n                                <a href=\"https:\/\/elreporterodelacomunidad.com\/index.php\/category\/economia\/\" class=\"category-economia\">Economia<\/a>\n                            <\/div>\n                            <h2 class=\"jeg_post_title\">\n                                <a href=\"https:\/\/elreporterodelacomunidad.com\/index.php\/2026\/04\/26\/este-martes-28-de-abril-sera-el-gran-sorteo-de-dos-autos-electricos-en-la-h-cumpliendo-ganas\/\" >Este martes 28 de abril ser\u00e1 el gran sorteo de dos autos el\u00e9ctricos \u00a1En la H, Cumpliendo Ganas!<\/a>\n                            <\/h2>\n                            <div class=\"jeg_post_meta\"><span class=\"jeg_meta_author\">Por <a href=\"https:\/\/elreporterodelacomunidad.com\/index.php\/author\/carlosg2\/\">Carlos Alberto Gutierrez Celaya<\/a><\/span><span class=\"jeg_meta_date\">26 abril, 2026<\/span><\/div>\n                        <\/div>\n                    <\/div>\n                <\/div><div class=\"jeg_slide_item\">\n                    \n                    <a href=\"https:\/\/elreporterodelacomunidad.com\/index.php\/2026\/04\/26\/realiza-gobierno-de-hermosillo-exitosa-jornada-de-salud-en-el-fraccionamiento-quinta-esmeralda\/\" class=\"jeg_slide_img\"><div class=\"thumbnail-container size-500 \"><img loading=\"lazy\" decoding=\"async\" width=\"750\" height=\"375\" src=\"https:\/\/elreporterodelacomunidad.com\/wp-content\/themes\/jnews\/assets\/img\/jeg-empty.png\" class=\"attachment-jnews-750x375 size-jnews-750x375 owl-lazy lazyload\" alt=\"Realiza Gobierno de Hermosillo exitosa jornada de salud en el fraccionamiento Quinta Esmeralda\" sizes=\"auto, (max-width: 750px) 100vw, 750px\" data-src=\"https:\/\/elreporterodelacomunidad.com\/wp-content\/uploads\/2026\/04\/d58c205f-a3a9-45c8-bd58-3399159fbc49-750x375.jpg\" \/><\/div><\/a>\n                    <div class=\"jeg_slide_caption\">\n                        <div class=\"jeg_caption_container\">\n                            <div class=\"jeg_post_category\">\n                                <a href=\"https:\/\/elreporterodelacomunidad.com\/index.php\/category\/salud\/\" class=\"category-salud\">salud<\/a>\n                            <\/div>\n                            <h2 class=\"jeg_post_title\">\n                                <a href=\"https:\/\/elreporterodelacomunidad.com\/index.php\/2026\/04\/26\/realiza-gobierno-de-hermosillo-exitosa-jornada-de-salud-en-el-fraccionamiento-quinta-esmeralda\/\" >Realiza Gobierno de Hermosillo exitosa jornada de salud en el fraccionamiento Quinta Esmeralda<\/a>\n                            <\/h2>\n                            <div class=\"jeg_post_meta\"><span class=\"jeg_meta_author\">Por <a href=\"https:\/\/elreporterodelacomunidad.com\/index.php\/author\/carlosg2\/\">Carlos Alberto Gutierrez Celaya<\/a><\/span><span class=\"jeg_meta_date\">26 abril, 2026<\/span><\/div>\n                        <\/div>\n                    <\/div>\n                <\/div>\n                    <\/div>\n                    <div class=\"jeg_slider_thumbnail_wrapper\">\n                        <div class=\"jeg_slider_thumbnail\">\n                            <div class=\"jeg_slide_thumbnail_item_wrapper\" ><div  class=\"jeg_slide_thumbnail_item format-standard\"><a href=\"https:\/\/elreporterodelacomunidad.com\/index.php\/2026\/04\/28\/inicia-tono-astiazaran-recarpeteo-de-vialidad-en-pueblitos-beneficiara-a-19-colonias\/\"><div class=\"thumbnail-container size-715 \"><img loading=\"lazy\" decoding=\"async\" width=\"120\" height=\"86\" src=\"https:\/\/elreporterodelacomunidad.com\/wp-content\/themes\/jnews\/assets\/img\/jeg-empty.png\" class=\"attachment-jnews-120x86 size-jnews-120x86 owl-lazy lazyload\" alt=\"Inicia To\u00f1o Astiazar\u00e1n recarpeteo de vialidad en Pueblitos; beneficiar\u00e1 a 19 colonias\" sizes=\"auto, (max-width: 120px) 100vw, 120px\" data-src=\"https:\/\/elreporterodelacomunidad.com\/wp-content\/uploads\/2026\/04\/757f4924-9167-430c-b46e-3edeb914aceb-120x86.jpg\" \/><\/div><\/a><\/div><\/div><div class=\"jeg_slide_thumbnail_item_wrapper\" ><div  class=\"jeg_slide_thumbnail_item format-standard\"><a href=\"https:\/\/elreporterodelacomunidad.com\/index.php\/2026\/04\/28\/fausto-soto-silva-el-hombre-antena-rumbo-a-la-inmortalidad-en-el-salon-de-la-fama-del-beisbol-mexicano\/\"><div class=\"thumbnail-container size-715 \"><img loading=\"lazy\" decoding=\"async\" width=\"120\" height=\"86\" src=\"https:\/\/elreporterodelacomunidad.com\/wp-content\/themes\/jnews\/assets\/img\/jeg-empty.png\" class=\"attachment-jnews-120x86 size-jnews-120x86 owl-lazy lazyload\" alt=\"Fausto Soto Silva, \u201cEl Hombre Antena\u201d: Rumbo a la inmortalidad en el Sal\u00f3n de la Fama del Beisbol Mexicano\" sizes=\"auto, (max-width: 120px) 100vw, 120px\" data-src=\"https:\/\/elreporterodelacomunidad.com\/wp-content\/uploads\/2026\/04\/00a8d3e0-747a-432f-b3d2-9cfed4397f4b-120x86.jpg\" \/><\/div><\/a><\/div><\/div><div class=\"jeg_slide_thumbnail_item_wrapper\" ><div  class=\"jeg_slide_thumbnail_item format-standard\"><a href=\"https:\/\/elreporterodelacomunidad.com\/index.php\/2026\/04\/28\/gobernador-durazo-destina-la-mayor-inversion-registrada-en-uniformes-escolares-inicia-distribucion-el-6-de-mayo\/\"><div class=\"thumbnail-container size-715 \"><img loading=\"lazy\" decoding=\"async\" width=\"120\" height=\"86\" src=\"https:\/\/elreporterodelacomunidad.com\/wp-content\/themes\/jnews\/assets\/img\/jeg-empty.png\" class=\"attachment-jnews-120x86 size-jnews-120x86 owl-lazy lazyload\" alt=\"Gobernador Durazo destina la mayor inversi\u00f3n registrada en uniformes escolares; inicia distribuci\u00f3n el 6 de mayo\" sizes=\"auto, (max-width: 120px) 100vw, 120px\" data-src=\"https:\/\/elreporterodelacomunidad.com\/wp-content\/uploads\/2026\/04\/ae0451ce-dea7-453a-9d33-04694e336e63-120x86.jpg\" \/><\/div><\/a><\/div><\/div><div class=\"jeg_slide_thumbnail_item_wrapper\" ><div  class=\"jeg_slide_thumbnail_item format-standard\"><a href=\"https:\/\/elreporterodelacomunidad.com\/index.php\/2026\/04\/28\/anuncia-tono-astiazaran-a-los-dos-ganadores-de-los-vehiculos-electricos-del-sorteo-en-la-h-cumpliendo-ganas\/\"><div class=\"thumbnail-container size-715 \"><img loading=\"lazy\" decoding=\"async\" width=\"120\" height=\"86\" src=\"https:\/\/elreporterodelacomunidad.com\/wp-content\/themes\/jnews\/assets\/img\/jeg-empty.png\" class=\"attachment-jnews-120x86 size-jnews-120x86 owl-lazy lazyload\" alt=\"Anuncia To\u00f1o Astiazar\u00e1n a los dos ganadores de los veh\u00edculos el\u00e9ctricos del sorteo \u201cEn la H \u00a1Cumpliendo Ganas!\u201d\" sizes=\"auto, (max-width: 120px) 100vw, 120px\" data-src=\"https:\/\/elreporterodelacomunidad.com\/wp-content\/uploads\/2026\/04\/f21c7ac7-69a6-47bc-99b9-1751c22c210b-120x86.jpg\" \/><\/div><\/a><\/div><\/div><div class=\"jeg_slide_thumbnail_item_wrapper\" ><div  class=\"jeg_slide_thumbnail_item format-standard\"><a href=\"https:\/\/elreporterodelacomunidad.com\/index.php\/2026\/04\/28\/relacion-sonora-arizona-se-siente-en-mas-bienestar-para-las-familias-paulina-ocana\/\"><div class=\"thumbnail-container size-715 \"><img loading=\"lazy\" decoding=\"async\" width=\"120\" height=\"86\" src=\"https:\/\/elreporterodelacomunidad.com\/wp-content\/themes\/jnews\/assets\/img\/jeg-empty.png\" class=\"attachment-jnews-120x86 size-jnews-120x86 owl-lazy lazyload\" alt=\"Relaci\u00f3n Sonora-Arizona se siente en m\u00e1s bienestar para las familias: Paulina Oca\u00f1a\" sizes=\"auto, (max-width: 120px) 100vw, 120px\" data-src=\"https:\/\/elreporterodelacomunidad.com\/wp-content\/uploads\/2026\/04\/7c1b479c-997f-4623-8238-0623265569ac-120x86.jpg\" \/><\/div><\/a><\/div><\/div><div class=\"jeg_slide_thumbnail_item_wrapper\" ><div  class=\"jeg_slide_thumbnail_item format-standard\"><a href=\"https:\/\/elreporterodelacomunidad.com\/index.php\/2026\/04\/28\/gobierno-de-sonora-presente-en-inicio-del-tianguis-turistico-2026\/\"><div class=\"thumbnail-container size-715 \"><img loading=\"lazy\" decoding=\"async\" width=\"120\" height=\"86\" src=\"https:\/\/elreporterodelacomunidad.com\/wp-content\/themes\/jnews\/assets\/img\/jeg-empty.png\" class=\"attachment-jnews-120x86 size-jnews-120x86 owl-lazy lazyload\" alt=\"Gobierno de Sonora presente en inicio del Tianguis Tur\u00edstico 2026\" sizes=\"auto, (max-width: 120px) 100vw, 120px\" data-src=\"https:\/\/elreporterodelacomunidad.com\/wp-content\/uploads\/2026\/04\/94f8e8c2-8829-44be-a6fd-1b261e27fe74-120x86.jpg\" \/><\/div><\/a><\/div><\/div><div class=\"jeg_slide_thumbnail_item_wrapper\" ><div  class=\"jeg_slide_thumbnail_item format-standard\"><a href=\"https:\/\/elreporterodelacomunidad.com\/index.php\/2026\/04\/28\/arranca-el-gobierno-de-sonora-la-semana-nacional-de-vacunacion-vacunar-es-amar\/\"><div class=\"thumbnail-container size-715 \"><img loading=\"lazy\" decoding=\"async\" width=\"120\" height=\"86\" src=\"https:\/\/elreporterodelacomunidad.com\/wp-content\/themes\/jnews\/assets\/img\/jeg-empty.png\" class=\"attachment-jnews-120x86 size-jnews-120x86 owl-lazy lazyload\" alt=\"Arranca el Gobierno de Sonora la Semana Nacional de Vacunaci\u00f3n \u201cVacunar es Amar\u201d\" sizes=\"auto, (max-width: 120px) 100vw, 120px\" data-src=\"https:\/\/elreporterodelacomunidad.com\/wp-content\/uploads\/2026\/04\/8a1c8295-0c54-4f0a-b76a-392b7c8bd103-120x86.jpg\" \/><\/div><\/a><\/div><\/div><div class=\"jeg_slide_thumbnail_item_wrapper\" ><div  class=\"jeg_slide_thumbnail_item format-standard\"><a href=\"https:\/\/elreporterodelacomunidad.com\/index.php\/2026\/04\/28\/alumno-de-uts-conquista-doble-oro-en-atletismo-en-el-1er-encuentro-nacional-cultural-y-deportivo\/\"><div class=\"thumbnail-container size-715 \"><img loading=\"lazy\" decoding=\"async\" width=\"120\" height=\"86\" src=\"https:\/\/elreporterodelacomunidad.com\/wp-content\/themes\/jnews\/assets\/img\/jeg-empty.png\" class=\"attachment-jnews-120x86 size-jnews-120x86 owl-lazy lazyload\" alt=\"Alumno de UTS conquista doble oro en atletismo en el 1er Encuentro Nacional Cultural y Deportivo\" sizes=\"auto, (max-width: 120px) 100vw, 120px\" data-src=\"https:\/\/elreporterodelacomunidad.com\/wp-content\/uploads\/2026\/04\/b3e8629f-c347-40a5-8eae-1c7b1d41e0b2-1-e1777413468488-120x86.jpg\" \/><\/div><\/a><\/div><\/div><div class=\"jeg_slide_thumbnail_item_wrapper\" ><div  class=\"jeg_slide_thumbnail_item format-standard\"><a href=\"https:\/\/elreporterodelacomunidad.com\/index.php\/2026\/04\/28\/morena-sonora-fortalece-estructura-territorial-y-llama-a-atender-situacion-financiera-de-hermosillo\/\"><div class=\"thumbnail-container size-715 \"><img loading=\"lazy\" decoding=\"async\" width=\"120\" height=\"86\" src=\"https:\/\/elreporterodelacomunidad.com\/wp-content\/themes\/jnews\/assets\/img\/jeg-empty.png\" class=\"attachment-jnews-120x86 size-jnews-120x86 owl-lazy lazyload\" alt=\"Morena Sonora fortalece estructura territorial y llama a atender situaci\u00f3n financiera de Hermosillo\" sizes=\"auto, (max-width: 120px) 100vw, 120px\" data-src=\"https:\/\/elreporterodelacomunidad.com\/wp-content\/uploads\/2026\/04\/23450f06-25a2-4ebd-b4bc-dc7485e9a26c-120x86.jpg\" \/><\/div><\/a><\/div><\/div><div class=\"jeg_slide_thumbnail_item_wrapper\" ><div  class=\"jeg_slide_thumbnail_item format-standard\"><a href=\"https:\/\/elreporterodelacomunidad.com\/index.php\/2026\/04\/28\/con-inversion-de-108-millones-nuevo-acelerador-lineal-del-hrae-del-issste-en-morelos-incrementara-en-55-la-capacidad-de-radioterapia-marti-batres\/\"><div class=\"thumbnail-container size-715 \"><img loading=\"lazy\" decoding=\"async\" width=\"120\" height=\"86\" src=\"https:\/\/elreporterodelacomunidad.com\/wp-content\/themes\/jnews\/assets\/img\/jeg-empty.png\" class=\"attachment-jnews-120x86 size-jnews-120x86 owl-lazy lazyload\" alt=\"Con inversi\u00f3n de 108 millones, nuevo acelerador lineal del HRAE del ISSSTE en Morelos incrementar\u00e1 en 55% la capacidad de radioterapia: Mart\u00ed Batres\" sizes=\"auto, (max-width: 120px) 100vw, 120px\" data-src=\"https:\/\/elreporterodelacomunidad.com\/wp-content\/uploads\/2026\/04\/e3b81af6-7b75-42eb-96ca-1198fac23aaa-120x86.jpg\" \/><\/div><\/a><\/div><\/div><div class=\"jeg_slide_thumbnail_item_wrapper\" ><div  class=\"jeg_slide_thumbnail_item format-standard\"><a href=\"https:\/\/elreporterodelacomunidad.com\/index.php\/2026\/04\/28\/fgjes-logra-condena-de-3-anos-y-6-meses-de-prision-contra-joven-por-narcomenudeo-en-guaymas\/\"><div class=\"thumbnail-container size-715 \"><img loading=\"lazy\" decoding=\"async\" width=\"120\" height=\"86\" src=\"https:\/\/elreporterodelacomunidad.com\/wp-content\/themes\/jnews\/assets\/img\/jeg-empty.png\" class=\"attachment-jnews-120x86 size-jnews-120x86 owl-lazy lazyload\" alt=\"FGJES logra condena de 3 a\u00f1os y 6 meses de prisi\u00f3n contra joven por narcomenudeo en Guaymas\" sizes=\"auto, (max-width: 120px) 100vw, 120px\" data-src=\"https:\/\/elreporterodelacomunidad.com\/wp-content\/uploads\/2026\/04\/Captura-de-pantalla-2026-04-28-144941-120x86.jpg\" \/><\/div><\/a><\/div><\/div><div class=\"jeg_slide_thumbnail_item_wrapper\" ><div  class=\"jeg_slide_thumbnail_item format-standard\"><a href=\"https:\/\/elreporterodelacomunidad.com\/index.php\/2026\/04\/28\/brindara-ayuntamiento-de-hermosillo-servicio-normal-de-recoleccion-de-basura-el-viernes-1-y-martes-5-de-mayo\/\"><div class=\"thumbnail-container size-715 \"><img loading=\"lazy\" decoding=\"async\" width=\"120\" height=\"86\" src=\"https:\/\/elreporterodelacomunidad.com\/wp-content\/themes\/jnews\/assets\/img\/jeg-empty.png\" class=\"attachment-jnews-120x86 size-jnews-120x86 owl-lazy lazyload\" alt=\"Brindar\u00e1 Ayuntamiento de Hermosillo servicio normal de recolecci\u00f3n de basura el viernes 1 y martes 5 de mayo\" sizes=\"auto, (max-width: 120px) 100vw, 120px\" data-src=\"https:\/\/elreporterodelacomunidad.com\/wp-content\/uploads\/2026\/04\/ab3fa5c9-811a-4dba-99ae-0fea6115f301-120x86.jpg\" \/><\/div><\/a><\/div><\/div><div class=\"jeg_slide_thumbnail_item_wrapper\" ><div  class=\"jeg_slide_thumbnail_item format-standard\"><a href=\"https:\/\/elreporterodelacomunidad.com\/index.php\/2026\/04\/28\/registra-gobierno-de-hermosillo-una-jornada-exitosa-en-la-actividad-leyendo-por-la-h\/\"><div class=\"thumbnail-container size-715 \"><img loading=\"lazy\" decoding=\"async\" width=\"120\" height=\"86\" src=\"https:\/\/elreporterodelacomunidad.com\/wp-content\/themes\/jnews\/assets\/img\/jeg-empty.png\" class=\"attachment-jnews-120x86 size-jnews-120x86 owl-lazy lazyload\" alt=\"Registra Gobierno de Hermosillo una jornada exitosa en la actividad &#8220;Leyendo por la H&#8221;\" sizes=\"auto, (max-width: 120px) 100vw, 120px\" data-src=\"https:\/\/elreporterodelacomunidad.com\/wp-content\/uploads\/2026\/04\/58c4f252-5d4e-454b-b1c0-d6c258164861-120x86.jpg\" \/><\/div><\/a><\/div><\/div><div class=\"jeg_slide_thumbnail_item_wrapper\" ><div  class=\"jeg_slide_thumbnail_item format-standard\"><a href=\"https:\/\/elreporterodelacomunidad.com\/index.php\/2026\/04\/27\/mas-de-un-ano-en-abandono-el-centro-de-gimnasia-de-alto-rendimiento\/\"><div class=\"thumbnail-container size-715 \"><img loading=\"lazy\" decoding=\"async\" width=\"120\" height=\"86\" src=\"https:\/\/elreporterodelacomunidad.com\/wp-content\/themes\/jnews\/assets\/img\/jeg-empty.png\" class=\"attachment-jnews-120x86 size-jnews-120x86 owl-lazy lazyload\" alt=\"M\u00e1s de un a\u00f1o en abandono el Centro de Gimnasia de Alto Rendimiento\" sizes=\"auto, (max-width: 120px) 100vw, 120px\" data-src=\"https:\/\/elreporterodelacomunidad.com\/wp-content\/uploads\/2026\/04\/piden-restitucion-de-entrenador-de-gimnasia-en-el-cum-284455-120x86.jpg\" \/><\/div><\/a><\/div><\/div><div class=\"jeg_slide_thumbnail_item_wrapper\" ><div  class=\"jeg_slide_thumbnail_item format-standard\"><a href=\"https:\/\/elreporterodelacomunidad.com\/index.php\/2026\/04\/26\/la-aebes-vive-dos-inauguraciones-de-ligas-de-beisbol-de-veteranos-en-hermosillo-la-de-50-y-65-anos-y-mas\/\"><div class=\"thumbnail-container size-715 \"><img loading=\"lazy\" decoding=\"async\" width=\"120\" height=\"86\" src=\"https:\/\/elreporterodelacomunidad.com\/wp-content\/themes\/jnews\/assets\/img\/jeg-empty.png\" class=\"attachment-jnews-120x86 size-jnews-120x86 owl-lazy lazyload\" alt=\"La Aebes vive dos inauguraciones de Ligas de b\u00e9isbol de veteranos en Hermosillo, la de 50 y 65 a\u00f1os y m\u00e1s.\" sizes=\"auto, (max-width: 120px) 100vw, 120px\" data-src=\"https:\/\/elreporterodelacomunidad.com\/wp-content\/uploads\/2026\/04\/71689b97-1a56-40b2-82d6-b3b04a3fedd2-120x86.jpg\" \/><\/div><\/a><\/div><\/div><div class=\"jeg_slide_thumbnail_item_wrapper\" ><div  class=\"jeg_slide_thumbnail_item format-standard\"><a href=\"https:\/\/elreporterodelacomunidad.com\/index.php\/2026\/04\/26\/la-sierra-alta-de-sonora-se-pintara-con-los-colores-del-pri-en-2027-lupita-soto\/\"><div class=\"thumbnail-container size-715 \"><img loading=\"lazy\" decoding=\"async\" width=\"120\" height=\"86\" src=\"https:\/\/elreporterodelacomunidad.com\/wp-content\/themes\/jnews\/assets\/img\/jeg-empty.png\" class=\"attachment-jnews-120x86 size-jnews-120x86 owl-lazy lazyload\" alt=\"La Sierra Alta de Sonora se pintar\u00e1 con los colores del PRI en 2027: Lupita Soto\" sizes=\"auto, (max-width: 120px) 100vw, 120px\" data-src=\"https:\/\/elreporterodelacomunidad.com\/wp-content\/uploads\/2026\/04\/9887754f-a5fc-4429-893e-c7d53e48db1b-120x86.jpg\" \/><\/div><\/a><\/div><\/div><div class=\"jeg_slide_thumbnail_item_wrapper\" ><div  class=\"jeg_slide_thumbnail_item format-standard\"><a href=\"https:\/\/elreporterodelacomunidad.com\/index.php\/2026\/04\/26\/gobierno-de-sonora-impulsa-desarrollo-sustentable-con-planta-de-tratamiento-de-residuos-solidos-urbanos\/\"><div class=\"thumbnail-container size-715 \"><img loading=\"lazy\" decoding=\"async\" width=\"120\" height=\"86\" src=\"https:\/\/elreporterodelacomunidad.com\/wp-content\/themes\/jnews\/assets\/img\/jeg-empty.png\" class=\"attachment-jnews-120x86 size-jnews-120x86 owl-lazy lazyload\" alt=\"Gobierno de Sonora impulsa desarrollo sustentable con Planta de Tratamiento de Residuos S\u00f3lidos Urbanos\" sizes=\"auto, (max-width: 120px) 100vw, 120px\" data-src=\"https:\/\/elreporterodelacomunidad.com\/wp-content\/uploads\/2026\/04\/1000506810-120x86.jpg\" \/><\/div><\/a><\/div><\/div><div class=\"jeg_slide_thumbnail_item_wrapper\" ><div  class=\"jeg_slide_thumbnail_item format-standard\"><a href=\"https:\/\/elreporterodelacomunidad.com\/index.php\/2026\/04\/26\/invitan-a-jornada-de-salud-visual-y-servicios-preventivos-en-olivares-el-apache-y-las-praderas\/\"><div class=\"thumbnail-container size-715 \"><img loading=\"lazy\" decoding=\"async\" width=\"120\" height=\"86\" src=\"https:\/\/elreporterodelacomunidad.com\/wp-content\/themes\/jnews\/assets\/img\/jeg-empty.png\" class=\"attachment-jnews-120x86 size-jnews-120x86 owl-lazy lazyload\" alt=\"Invitan a Jornada de Salud Visual y servicios preventivos en Olivares, El Apache y Las Praderas\" sizes=\"auto, (max-width: 120px) 100vw, 120px\" data-src=\"https:\/\/elreporterodelacomunidad.com\/wp-content\/uploads\/2026\/04\/ff0129d9-b923-4c28-88fa-859ffd6d97a0-120x86.jpg\" \/><\/div><\/a><\/div><\/div><div class=\"jeg_slide_thumbnail_item_wrapper\" ><div  class=\"jeg_slide_thumbnail_item format-standard\"><a href=\"https:\/\/elreporterodelacomunidad.com\/index.php\/2026\/04\/26\/este-martes-28-de-abril-sera-el-gran-sorteo-de-dos-autos-electricos-en-la-h-cumpliendo-ganas\/\"><div class=\"thumbnail-container size-715 \"><img loading=\"lazy\" decoding=\"async\" width=\"120\" height=\"86\" src=\"https:\/\/elreporterodelacomunidad.com\/wp-content\/themes\/jnews\/assets\/img\/jeg-empty.png\" class=\"attachment-jnews-120x86 size-jnews-120x86 owl-lazy lazyload\" alt=\"Este martes 28 de abril ser\u00e1 el gran sorteo de dos autos el\u00e9ctricos \u00a1En la H, Cumpliendo Ganas!\" sizes=\"auto, (max-width: 120px) 100vw, 120px\" data-src=\"https:\/\/elreporterodelacomunidad.com\/wp-content\/uploads\/2026\/04\/Captura-de-pantalla-2026-04-26-154446-120x86.png\" \/><\/div><\/a><\/div><\/div><div class=\"jeg_slide_thumbnail_item_wrapper\" ><div  class=\"jeg_slide_thumbnail_item format-standard\"><a href=\"https:\/\/elreporterodelacomunidad.com\/index.php\/2026\/04\/26\/realiza-gobierno-de-hermosillo-exitosa-jornada-de-salud-en-el-fraccionamiento-quinta-esmeralda\/\"><div class=\"thumbnail-container size-715 \"><img loading=\"lazy\" decoding=\"async\" width=\"120\" height=\"86\" src=\"https:\/\/elreporterodelacomunidad.com\/wp-content\/themes\/jnews\/assets\/img\/jeg-empty.png\" class=\"attachment-jnews-120x86 size-jnews-120x86 owl-lazy lazyload\" alt=\"Realiza Gobierno de Hermosillo exitosa jornada de salud en el fraccionamiento Quinta Esmeralda\" sizes=\"auto, (max-width: 120px) 100vw, 120px\" data-src=\"https:\/\/elreporterodelacomunidad.com\/wp-content\/uploads\/2026\/04\/d58c205f-a3a9-45c8-bd58-3399159fbc49-120x86.jpg\" \/><\/div><\/a><\/div><\/div>\n                        <\/div>\n                    <\/div>\n                <\/div><div  class='jeg_ad jeg_ad_module jnews_module__5_69f1cc489a8d4   '><div class='ads-wrapper'><a href='' target='_self' rel=\"noopener\" class='adlink ads_image '>\n\t\t\t\t\t\t\t\t<img src='https:\/\/elreporterodelacomunidad.com\/wp-content\/themes\/jnews\/assets\/img\/jeg-empty.png' class='lazyload' data-src='https:\/\/elreporterodelacomunidad.com\/wp-content\/uploads\/2026\/03\/banner-728x90-comudis-scaled.jpg' alt='' data-pin-no-hover=\"true\">\n\t\t\t\t\t\t\t<\/a><\/div><\/div><div  class=\"jeg_postblock_14 jeg_postblock jeg_module_hook jeg_pagination_disable jeg_col_2o3 jnews_module__6_69f1cc489afa1   \" data-unique=\"jnews_module__6_69f1cc489afa1\">\n\t\t\t\t\t<div class=\"jeg_block_heading jeg_block_heading_9 jeg_subcat_right\">\n                     <h3 class=\"jeg_block_title\"><a href='https:\/\/elreporterodelacomunidad.com\/index.php\/category\/general\/'><span>GENERAL<\/span><\/a><\/h3>\n                     <div class=\"jeg_subcat\">\n                    <ul class=\"jeg_subcat_list\">\n                        <li><a class=\"subclass-filter current\" href=\"#\" data-type='all' data-id='0'><\/a><\/li><li><a class=\"subclass-filter\" href=\"https:\/\/elreporterodelacomunidad.com\/index.php\/author\/reportero\/\" data-type='author' data-id='1'>EL REPORTERO DE LA COMUNIDAD<\/a><\/li>\n                    <\/ul>\n                <\/div>\n                 <\/div>\n\t\t\t\t\t<div class=\"jeg_block_container\">\n                    \n                    <div class=\"jeg_posts_wrap\">\n                    <div class=\"jeg_postbig\">\n                        <article class=\"jeg_post jeg_pl_lg_box format-standard\">\n                            <div class=\"box_wrap\">\n                                <div class=\"jeg_thumb\">\n                        \n                        <a href=\"https:\/\/elreporterodelacomunidad.com\/index.php\/2026\/04\/28\/fausto-soto-silva-el-hombre-antena-rumbo-a-la-inmortalidad-en-el-salon-de-la-fama-del-beisbol-mexicano\/\"><div class=\"thumbnail-container animate-lazy  size-500 \"><img loading=\"lazy\" decoding=\"async\" width=\"640\" height=\"375\" src=\"https:\/\/elreporterodelacomunidad.com\/wp-content\/themes\/jnews\/assets\/img\/jeg-empty.png\" class=\"attachment-jnews-750x375 size-jnews-750x375 lazyload wp-post-image\" alt=\"Fausto Soto Silva, \u201cEl Hombre Antena\u201d: Rumbo a la inmortalidad en el Sal\u00f3n de la Fama del Beisbol Mexicano\" data-src=\"https:\/\/elreporterodelacomunidad.com\/wp-content\/uploads\/2026\/04\/00a8d3e0-747a-432f-b3d2-9cfed4397f4b-640x375.jpg\" data-srcset=\"\" data-sizes=\"auto\" data-expand=\"700\" \/><\/div><\/a>\n                    <\/div>\n                    <div class=\"jeg_postblock_content\">\n                        <div class=\"jeg_post_category\">\n                            <span><a href=\"https:\/\/elreporterodelacomunidad.com\/index.php\/category\/general\/\" class=\"category-general\">General<\/a><\/span>\n                        <\/div>\n                        <h3 class=\"jeg_post_title\">\n                            <a href=\"https:\/\/elreporterodelacomunidad.com\/index.php\/2026\/04\/28\/fausto-soto-silva-el-hombre-antena-rumbo-a-la-inmortalidad-en-el-salon-de-la-fama-del-beisbol-mexicano\/\">Fausto Soto Silva, \u201cEl Hombre Antena\u201d: Rumbo a la inmortalidad en el Sal\u00f3n de la Fama del Beisbol Mexicano<\/a>\n                        <\/h3>\n                        <div class=\"jeg_post_meta\"><div class=\"jeg_meta_author\"><span class=\"by\">Por<\/span> <a href=\"https:\/\/elreporterodelacomunidad.com\/index.php\/author\/carlosg2\/\">Carlos Alberto Gutierrez Celaya<\/a><\/div><div class=\"jeg_meta_date\"><a href=\"https:\/\/elreporterodelacomunidad.com\/index.php\/2026\/04\/28\/fausto-soto-silva-el-hombre-antena-rumbo-a-la-inmortalidad-en-el-salon-de-la-fama-del-beisbol-mexicano\/\"><i class=\"fa fa-clock-o\"><\/i> 28 abril, 2026<\/a><\/div><\/div>\n                    <\/div>\n                            <\/div>\n                        <\/article>\n                    <\/div>\n                    <div class=\"jeg_posts jeg_load_more_flag\">\n                        <article class=\"jeg_post jeg_pl_md_1 format-standard\"><div class=\"jeg_thumb\">\n                        \n                        <a href=\"https:\/\/elreporterodelacomunidad.com\/index.php\/2026\/04\/28\/anuncia-tono-astiazaran-a-los-dos-ganadores-de-los-vehiculos-electricos-del-sorteo-en-la-h-cumpliendo-ganas\/\"><div class=\"thumbnail-container animate-lazy  size-500 \"><img loading=\"lazy\" decoding=\"async\" width=\"360\" height=\"180\" src=\"https:\/\/elreporterodelacomunidad.com\/wp-content\/themes\/jnews\/assets\/img\/jeg-empty.png\" class=\"attachment-jnews-360x180 size-jnews-360x180 lazyload wp-post-image\" alt=\"Anuncia To\u00f1o Astiazar\u00e1n a los dos ganadores de los veh\u00edculos el\u00e9ctricos del sorteo \u201cEn la H \u00a1Cumpliendo Ganas!\u201d\" sizes=\"auto, (max-width: 360px) 100vw, 360px\" data-src=\"https:\/\/elreporterodelacomunidad.com\/wp-content\/uploads\/2026\/04\/f21c7ac7-69a6-47bc-99b9-1751c22c210b-360x180.jpg\" data-srcset=\"https:\/\/elreporterodelacomunidad.com\/wp-content\/uploads\/2026\/04\/f21c7ac7-69a6-47bc-99b9-1751c22c210b-360x180.jpg 360w, https:\/\/elreporterodelacomunidad.com\/wp-content\/uploads\/2026\/04\/f21c7ac7-69a6-47bc-99b9-1751c22c210b-750x375.jpg 750w, https:\/\/elreporterodelacomunidad.com\/wp-content\/uploads\/2026\/04\/f21c7ac7-69a6-47bc-99b9-1751c22c210b-1140x570.jpg 1140w\" data-sizes=\"auto\" data-expand=\"700\" \/><\/div><\/a>\n                    <\/div>\n                    <div class=\"jeg_postblock_content\">\n                        <div class=\"jeg_post_category\">\n                            <span><a href=\"https:\/\/elreporterodelacomunidad.com\/index.php\/category\/general\/\" class=\"category-general\">General<\/a><\/span>\n                        <\/div>\n                        <h3 class=\"jeg_post_title\">\n                            <a href=\"https:\/\/elreporterodelacomunidad.com\/index.php\/2026\/04\/28\/anuncia-tono-astiazaran-a-los-dos-ganadores-de-los-vehiculos-electricos-del-sorteo-en-la-h-cumpliendo-ganas\/\">Anuncia To\u00f1o Astiazar\u00e1n a los dos ganadores de los veh\u00edculos el\u00e9ctricos del sorteo \u201cEn la H \u00a1Cumpliendo Ganas!\u201d<\/a>\n                        <\/h3>\n                        <div class=\"jeg_post_meta\"><div class=\"jeg_meta_author\"><span class=\"by\">Por<\/span> <a href=\"https:\/\/elreporterodelacomunidad.com\/index.php\/author\/carlosg2\/\">Carlos Alberto Gutierrez Celaya<\/a><\/div><div class=\"jeg_meta_date\"><a href=\"https:\/\/elreporterodelacomunidad.com\/index.php\/2026\/04\/28\/anuncia-tono-astiazaran-a-los-dos-ganadores-de-los-vehiculos-electricos-del-sorteo-en-la-h-cumpliendo-ganas\/\"><i class=\"fa fa-clock-o\"><\/i> 28 abril, 2026<\/a><\/div><\/div>\n                    <\/div><\/article><article class=\"jeg_post jeg_pl_md_1 format-standard\"><div class=\"jeg_thumb\">\n                        \n                        <a href=\"https:\/\/elreporterodelacomunidad.com\/index.php\/2026\/04\/27\/mas-de-un-ano-en-abandono-el-centro-de-gimnasia-de-alto-rendimiento\/\"><div class=\"thumbnail-container animate-lazy  size-500 \"><img loading=\"lazy\" decoding=\"async\" width=\"360\" height=\"180\" src=\"https:\/\/elreporterodelacomunidad.com\/wp-content\/themes\/jnews\/assets\/img\/jeg-empty.png\" class=\"attachment-jnews-360x180 size-jnews-360x180 lazyload wp-post-image\" alt=\"M\u00e1s de un a\u00f1o en abandono el Centro de Gimnasia de Alto Rendimiento\" sizes=\"auto, (max-width: 360px) 100vw, 360px\" data-src=\"https:\/\/elreporterodelacomunidad.com\/wp-content\/uploads\/2026\/04\/piden-restitucion-de-entrenador-de-gimnasia-en-el-cum-284455-360x180.jpg\" data-srcset=\"https:\/\/elreporterodelacomunidad.com\/wp-content\/uploads\/2026\/04\/piden-restitucion-de-entrenador-de-gimnasia-en-el-cum-284455-360x180.jpg 360w, https:\/\/elreporterodelacomunidad.com\/wp-content\/uploads\/2026\/04\/piden-restitucion-de-entrenador-de-gimnasia-en-el-cum-284455-750x375.jpg 750w\" data-sizes=\"auto\" data-expand=\"700\" \/><\/div><\/a>\n                    <\/div>\n                    <div class=\"jeg_postblock_content\">\n                        <div class=\"jeg_post_category\">\n                            <span><a href=\"https:\/\/elreporterodelacomunidad.com\/index.php\/category\/carlos-alberto-gutierrez-celaya\/\" class=\"category-carlos-alberto-gutierrez-celaya\">Carlos Alberto Guti\u00e9rrez Celaya<\/a><\/span>\n                        <\/div>\n                        <h3 class=\"jeg_post_title\">\n                            <a href=\"https:\/\/elreporterodelacomunidad.com\/index.php\/2026\/04\/27\/mas-de-un-ano-en-abandono-el-centro-de-gimnasia-de-alto-rendimiento\/\">M\u00e1s de un a\u00f1o en abandono el Centro de Gimnasia de Alto Rendimiento<\/a>\n                        <\/h3>\n                        <div class=\"jeg_post_meta\"><div class=\"jeg_meta_author\"><span class=\"by\">Por<\/span> <a href=\"https:\/\/elreporterodelacomunidad.com\/index.php\/author\/carlosg2\/\">Carlos Alberto Gutierrez Celaya<\/a><\/div><div class=\"jeg_meta_date\"><a href=\"https:\/\/elreporterodelacomunidad.com\/index.php\/2026\/04\/27\/mas-de-un-ano-en-abandono-el-centro-de-gimnasia-de-alto-rendimiento\/\"><i class=\"fa fa-clock-o\"><\/i> 27 abril, 2026<\/a><\/div><\/div>\n                    <\/div><\/article>\n                    <\/div>\n                <\/div>\n                    <div class='module-overlay'>\n\t\t\t\t    <div class='preloader_type preloader_dot'>\n\t\t\t\t        <div class=\"module-preloader jeg_preloader dot\">\n\t\t\t\t            <span><\/span><span><\/span><span><\/span>\n\t\t\t\t        <\/div>\n\t\t\t\t        <div class=\"module-preloader jeg_preloader circle\">\n\t\t\t\t            <div class=\"jnews_preloader_circle_outer\">\n\t\t\t\t                <div class=\"jnews_preloader_circle_inner\"><\/div>\n\t\t\t\t            <\/div>\n\t\t\t\t        <\/div>\n\t\t\t\t        <div class=\"module-preloader jeg_preloader square\">\n\t\t\t\t            <div class=\"jeg_square\">\n\t\t\t\t                <div class=\"jeg_square_inner\"><\/div>\n\t\t\t\t            <\/div>\n\t\t\t\t        <\/div>\n\t\t\t\t    <\/div>\n\t\t\t\t<\/div>\n                <\/div>\n                <div class=\"jeg_block_navigation\">\n                    <div class='navigation_overlay'><div class='module-preloader jeg_preloader'><span><\/span><span><\/span><span><\/span><\/div><\/div>\n                    \n                    \n                <\/div>\n\t\t\t\t\t<style scoped>.jnews_module__6_69f1cc489afa1 .jeg_block_heading_9 { border-color: #dd9933; }.jnews_module__6_69f1cc489afa1 .jeg_meta_author a, .jnews_module__6_69f1cc489afa1 .jeg_post_title a:hover { color: #dd9933 }.jnews_module__6_69f1cc489afa1 .jeg_readmore:hover { background-color: #dd9933; }.jnews_module__6_69f1cc489afa1 .jeg_readmore:hover { border-color: #dd9933; }<\/style>\n\t\t\t\t\t<script>var jnews_module__6_69f1cc489afa1 = {\"header_icon\":\"\",\"first_title\":\"GENERAL\",\"second_title\":\"\",\"url\":\"https:\\\/\\\/elreporterodelacomunidad.com\\\/index.php\\\/category\\\/general\\\/\",\"header_type\":\"heading_9\",\"header_background\":\"\",\"header_secondary_background\":\"\",\"header_text_color\":\"\",\"header_line_color\":\"#dd9933\",\"header_accent_color\":\"\",\"header_filter_category\":\"\",\"header_filter_author\":\"1\",\"header_filter_tag\":\"\",\"header_filter_text\":\"\",\"post_type\":\"post\",\"content_type\":\"all\",\"number_post\":\"3\",\"post_offset\":\"0\",\"unique_content\":\"disable\",\"include_post\":\"\",\"exclude_post\":\"\",\"include_category\":\"34\",\"exclude_category\":\"\",\"include_author\":\"\",\"include_tag\":\"\",\"exclude_tag\":\"\",\"sort_by\":\"latest\",\"date_format\":\"default\",\"date_format_custom\":\"Y\\\/m\\\/d\",\"force_normal_image_load\":\"\",\"pagination_mode\":\"disable\",\"pagination_nextprev_showtext\":\"\",\"pagination_number_post\":4,\"pagination_scroll_limit\":0,\"boxed\":\"\",\"boxed_shadow\":\"\",\"el_id\":\"\",\"el_class\":\"\",\"scheme\":\"\",\"column_width\":\"auto\",\"title_color\":\"\",\"accent_color\":\"#dd9933\",\"alt_color\":\"\",\"excerpt_color\":\"\",\"css\":\"\",\"compatible_column_notice\":\"\",\"paged\":1,\"column_class\":\"jeg_col_2o3\",\"class\":\"jnews_block_14\"};<\/script>\n\t\t\t\t<\/div><div  class='jeg_ad jeg_ad_module jnews_module__7_69f1cc489f26e   '><div class='ads-wrapper'><a href='' target='_self' rel=\"noopener\" class='adlink ads_image '>\n\t\t\t\t\t\t\t\t<img src='https:\/\/elreporterodelacomunidad.com\/wp-content\/themes\/jnews\/assets\/img\/jeg-empty.png' class='lazyload' data-src='https:\/\/elreporterodelacomunidad.com\/wp-content\/uploads\/2026\/04\/WhatsApp-Image-2026-04-08-at-10.41.55.jpeg' alt='' data-pin-no-hover=\"true\">\n\t\t\t\t\t\t\t<\/a><\/div><\/div><div  class=\"jeg_postblock_1 jeg_postblock jeg_module_hook jeg_pagination_nextprev jeg_col_2o3 jnews_module__8_69f1cc489f994   \" data-unique=\"jnews_module__8_69f1cc489f994\">\n\t\t\t\t\t<div class=\"jeg_block_heading jeg_block_heading_9 jeg_subcat_right\">\n                     <h3 class=\"jeg_block_title\"><a href='https:\/\/elreporterodelacomunidad.com\/index.php\/category\/nacional\/'><span>NACIONAL<\/span><\/a><\/h3>\n                     <div class=\"jeg_subcat\">\n                    <ul class=\"jeg_subcat_list\">\n                        <li><a class=\"subclass-filter current\" href=\"#\" data-type='all' data-id='0'><\/a><\/li><li><a class=\"subclass-filter\" href=\"https:\/\/elreporterodelacomunidad.com\/index.php\/author\/reportero\/\" data-type='author' data-id='1'>EL REPORTERO DE LA COMUNIDAD<\/a><\/li>\n                    <\/ul>\n                <\/div>\n                 <\/div>\n\t\t\t\t\t<div class=\"jeg_block_container jeg_load_more_flag\">\n\t\t\t\t\t\n\t\t\t\t\t<div class=\"jeg_posts row\">\n\t\t\t\t\t<article class=\"jeg_post jeg_pl_lg_1 col-sm-6 format-standard\">\n\t\t\t\t\t\t<div class=\"jeg_thumb\">\n\t\t\t\t\t\n\t\t\t\t\t<a href=\"https:\/\/elreporterodelacomunidad.com\/index.php\/2026\/04\/28\/inicia-tono-astiazaran-recarpeteo-de-vialidad-en-pueblitos-beneficiara-a-19-colonias\/\"><div class=\"thumbnail-container animate-lazy  size-500 \"><img loading=\"lazy\" decoding=\"async\" width=\"360\" height=\"180\" src=\"https:\/\/elreporterodelacomunidad.com\/wp-content\/themes\/jnews\/assets\/img\/jeg-empty.png\" class=\"attachment-jnews-360x180 size-jnews-360x180 lazyload wp-post-image\" alt=\"Inicia To\u00f1o Astiazar\u00e1n recarpeteo de vialidad en Pueblitos; beneficiar\u00e1 a 19 colonias\" sizes=\"auto, (max-width: 360px) 100vw, 360px\" data-src=\"https:\/\/elreporterodelacomunidad.com\/wp-content\/uploads\/2026\/04\/757f4924-9167-430c-b46e-3edeb914aceb-360x180.jpg\" data-srcset=\"https:\/\/elreporterodelacomunidad.com\/wp-content\/uploads\/2026\/04\/757f4924-9167-430c-b46e-3edeb914aceb-360x180.jpg 360w, https:\/\/elreporterodelacomunidad.com\/wp-content\/uploads\/2026\/04\/757f4924-9167-430c-b46e-3edeb914aceb-750x375.jpg 750w, https:\/\/elreporterodelacomunidad.com\/wp-content\/uploads\/2026\/04\/757f4924-9167-430c-b46e-3edeb914aceb-1140x570.jpg 1140w\" data-sizes=\"auto\" data-expand=\"700\" \/><\/div><\/a>\n\t\t\t\t\t<div class=\"jeg_post_category\">\n\t\t\t\t\t\t<span><a href=\"https:\/\/elreporterodelacomunidad.com\/index.php\/category\/nacional\/\" class=\"category-nacional\">Nacional<\/a><\/span>\n\t\t\t\t\t<\/div>\n\t\t\t\t<\/div>\n\t\t\t\t<div class=\"jeg_postblock_content\">\n\t\t\t\t\t<h3 property=\"headline\" class=\"jeg_post_title\">\n\t\t\t\t\t\t<a href=\"https:\/\/elreporterodelacomunidad.com\/index.php\/2026\/04\/28\/inicia-tono-astiazaran-recarpeteo-de-vialidad-en-pueblitos-beneficiara-a-19-colonias\/\">Inicia To\u00f1o Astiazar\u00e1n recarpeteo de vialidad en Pueblitos; beneficiar\u00e1 a 19 colonias<\/a>\n\t\t\t\t\t<\/h3>\n\t\t\t\t\t<div class=\"jeg_post_meta\"><div class=\"jeg_meta_author\"><span class=\"by\">Por<\/span> <a href=\"https:\/\/elreporterodelacomunidad.com\/index.php\/author\/carlosg2\/\">Carlos Alberto Gutierrez Celaya<\/a><\/div><div class=\"jeg_meta_date\"><a href=\"https:\/\/elreporterodelacomunidad.com\/index.php\/2026\/04\/28\/inicia-tono-astiazaran-recarpeteo-de-vialidad-en-pueblitos-beneficiara-a-19-colonias\/\"><i class=\"fa fa-clock-o\"><\/i> 28 abril, 2026<\/a><\/div><div class=\"jeg_meta_comment\"><a href=\"https:\/\/elreporterodelacomunidad.com\/index.php\/2026\/04\/28\/inicia-tono-astiazaran-recarpeteo-de-vialidad-en-pueblitos-beneficiara-a-19-colonias\/#comments\" ><i class=\"fa fa-comment-o\"><\/i> 0 <\/a><\/div><\/div>\n\t\t\t\t\t<div class=\"jeg_post_excerpt\">\n\t\t\t\t\t\t<p>Con 2.2 millones de pesos de recursos 100% municipales inicia primera etapa de mejoras con una longitud de 708 metros...<\/p>\n\t\t\t\t\t\t<a href=\"https:\/\/elreporterodelacomunidad.com\/index.php\/2026\/04\/28\/inicia-tono-astiazaran-recarpeteo-de-vialidad-en-pueblitos-beneficiara-a-19-colonias\/\" class=\"jeg_readmore\">Leer m\u00e1s<\/a>\n\t\t\t\t\t<\/div>\n\t\t\t\t<\/div>\n\t\t\t\t\t<\/article>\n\t\t\t\t\t<div class=\"jeg_postsmall col-sm-6\">\n\t\t\t\t\t\t<article class=\"jeg_post jeg_pl_sm format-standard\">\n\t\t\t\t\t<div class=\"jeg_thumb\">\n\t\t\t\t\t\t\n\t\t\t\t\t\t<a href=\"https:\/\/elreporterodelacomunidad.com\/index.php\/2026\/04\/28\/gobernador-durazo-destina-la-mayor-inversion-registrada-en-uniformes-escolares-inicia-distribucion-el-6-de-mayo\/\">\n\t\t\t\t\t\t\t<div class=\"thumbnail-container animate-lazy  size-715 \"><img loading=\"lazy\" decoding=\"async\" width=\"120\" height=\"86\" src=\"https:\/\/elreporterodelacomunidad.com\/wp-content\/themes\/jnews\/assets\/img\/jeg-empty.png\" class=\"attachment-jnews-120x86 size-jnews-120x86 lazyload wp-post-image\" alt=\"Gobernador Durazo destina la mayor inversi\u00f3n registrada en uniformes escolares; inicia distribuci\u00f3n el 6 de mayo\" sizes=\"auto, (max-width: 120px) 100vw, 120px\" data-src=\"https:\/\/elreporterodelacomunidad.com\/wp-content\/uploads\/2026\/04\/ae0451ce-dea7-453a-9d33-04694e336e63-120x86.jpg\" data-srcset=\"https:\/\/elreporterodelacomunidad.com\/wp-content\/uploads\/2026\/04\/ae0451ce-dea7-453a-9d33-04694e336e63-120x86.jpg 120w, https:\/\/elreporterodelacomunidad.com\/wp-content\/uploads\/2026\/04\/ae0451ce-dea7-453a-9d33-04694e336e63-300x214.jpg 300w, https:\/\/elreporterodelacomunidad.com\/wp-content\/uploads\/2026\/04\/ae0451ce-dea7-453a-9d33-04694e336e63-1024x731.jpg 1024w, https:\/\/elreporterodelacomunidad.com\/wp-content\/uploads\/2026\/04\/ae0451ce-dea7-453a-9d33-04694e336e63-768x548.jpg 768w, https:\/\/elreporterodelacomunidad.com\/wp-content\/uploads\/2026\/04\/ae0451ce-dea7-453a-9d33-04694e336e63-350x250.jpg 350w, https:\/\/elreporterodelacomunidad.com\/wp-content\/uploads\/2026\/04\/ae0451ce-dea7-453a-9d33-04694e336e63-750x536.jpg 750w, https:\/\/elreporterodelacomunidad.com\/wp-content\/uploads\/2026\/04\/ae0451ce-dea7-453a-9d33-04694e336e63-1140x814.jpg 1140w, https:\/\/elreporterodelacomunidad.com\/wp-content\/uploads\/2026\/04\/ae0451ce-dea7-453a-9d33-04694e336e63.jpg 1280w\" data-sizes=\"auto\" data-expand=\"700\" \/><\/div>\n\t\t\t\t\t\t<\/a>\n\t\t\t\t\t<\/div>\n\t\t\t\t\t<div class=\"jeg_postblock_content\">\n\t\t\t\t\t\t<h3 class=\"jeg_post_title\">\n\t\t\t\t\t\t\t<a href=\"https:\/\/elreporterodelacomunidad.com\/index.php\/2026\/04\/28\/gobernador-durazo-destina-la-mayor-inversion-registrada-en-uniformes-escolares-inicia-distribucion-el-6-de-mayo\/\">Gobernador Durazo destina la mayor inversi\u00f3n registrada en uniformes escolares; inicia distribuci\u00f3n el 6 de mayo<\/a>\n\t\t\t\t\t\t<\/h3>\n\t\t\t\t\t\t<div class=\"jeg_post_meta\"><div class=\"jeg_meta_date\"><a href=\"https:\/\/elreporterodelacomunidad.com\/index.php\/2026\/04\/28\/gobernador-durazo-destina-la-mayor-inversion-registrada-en-uniformes-escolares-inicia-distribucion-el-6-de-mayo\/\" ><i class=\"fa fa-clock-o\"><\/i> 28 abril, 2026<\/a><\/div><\/div>\n\t\t\t\t\t<\/div>\n\t\t\t\t<\/article><article class=\"jeg_post jeg_pl_sm format-standard\">\n\t\t\t\t\t<div class=\"jeg_thumb\">\n\t\t\t\t\t\t\n\t\t\t\t\t\t<a href=\"https:\/\/elreporterodelacomunidad.com\/index.php\/2026\/04\/16\/incorporacion-de-mil-295-especialistas-una-de-las-mejores-acciones-para-la-transformacion-del-issste-marti-batres\/\">\n\t\t\t\t\t\t\t<div class=\"thumbnail-container animate-lazy  size-715 \"><img loading=\"lazy\" decoding=\"async\" width=\"120\" height=\"86\" src=\"https:\/\/elreporterodelacomunidad.com\/wp-content\/themes\/jnews\/assets\/img\/jeg-empty.png\" class=\"attachment-jnews-120x86 size-jnews-120x86 lazyload wp-post-image\" alt=\"Incorporaci\u00f3n de mil 295 especialistas, una de las mejores acciones para la transformaci\u00f3n del ISSSTE: Mart\u00ed Batres\" sizes=\"auto, (max-width: 120px) 100vw, 120px\" data-src=\"https:\/\/elreporterodelacomunidad.com\/wp-content\/uploads\/2026\/04\/WhatsApp-Image-2026-04-16-at-10.06.54-2-120x86.jpeg\" data-srcset=\"https:\/\/elreporterodelacomunidad.com\/wp-content\/uploads\/2026\/04\/WhatsApp-Image-2026-04-16-at-10.06.54-2-120x86.jpeg 120w, https:\/\/elreporterodelacomunidad.com\/wp-content\/uploads\/2026\/04\/WhatsApp-Image-2026-04-16-at-10.06.54-2-350x250.jpeg 350w, https:\/\/elreporterodelacomunidad.com\/wp-content\/uploads\/2026\/04\/WhatsApp-Image-2026-04-16-at-10.06.54-2-750x536.jpeg 750w, https:\/\/elreporterodelacomunidad.com\/wp-content\/uploads\/2026\/04\/WhatsApp-Image-2026-04-16-at-10.06.54-2-1140x815.jpeg 1140w\" data-sizes=\"auto\" data-expand=\"700\" \/><\/div>\n\t\t\t\t\t\t<\/a>\n\t\t\t\t\t<\/div>\n\t\t\t\t\t<div class=\"jeg_postblock_content\">\n\t\t\t\t\t\t<h3 class=\"jeg_post_title\">\n\t\t\t\t\t\t\t<a href=\"https:\/\/elreporterodelacomunidad.com\/index.php\/2026\/04\/16\/incorporacion-de-mil-295-especialistas-una-de-las-mejores-acciones-para-la-transformacion-del-issste-marti-batres\/\">Incorporaci\u00f3n de mil 295 especialistas, una de las mejores acciones para la transformaci\u00f3n del ISSSTE: Mart\u00ed Batres<\/a>\n\t\t\t\t\t\t<\/h3>\n\t\t\t\t\t\t<div class=\"jeg_post_meta\"><div class=\"jeg_meta_date\"><a href=\"https:\/\/elreporterodelacomunidad.com\/index.php\/2026\/04\/16\/incorporacion-de-mil-295-especialistas-una-de-las-mejores-acciones-para-la-transformacion-del-issste-marti-batres\/\" ><i class=\"fa fa-clock-o\"><\/i> 16 abril, 2026<\/a><\/div><\/div>\n\t\t\t\t\t<\/div>\n\t\t\t\t<\/article><article class=\"jeg_post jeg_pl_sm format-standard\">\n\t\t\t\t\t<div class=\"jeg_thumb\">\n\t\t\t\t\t\t\n\t\t\t\t\t\t<a href=\"https:\/\/elreporterodelacomunidad.com\/index.php\/2026\/04\/10\/gobernador-durazo-anuncia-construccion-de-hospital-imss-bienestar-en-ures\/\">\n\t\t\t\t\t\t\t<div class=\"thumbnail-container animate-lazy  size-715 \"><img loading=\"lazy\" decoding=\"async\" width=\"120\" height=\"86\" src=\"https:\/\/elreporterodelacomunidad.com\/wp-content\/themes\/jnews\/assets\/img\/jeg-empty.png\" class=\"attachment-jnews-120x86 size-jnews-120x86 lazyload wp-post-image\" alt=\"Gobernador Durazo anuncia construcci\u00f3n de hospital IMSS-Bienestar en Ures\" sizes=\"auto, (max-width: 120px) 100vw, 120px\" data-src=\"https:\/\/elreporterodelacomunidad.com\/wp-content\/uploads\/2026\/04\/127a59f6-0cf4-4166-b076-c3674dca9746-120x86.jpg\" data-srcset=\"https:\/\/elreporterodelacomunidad.com\/wp-content\/uploads\/2026\/04\/127a59f6-0cf4-4166-b076-c3674dca9746-120x86.jpg 120w, https:\/\/elreporterodelacomunidad.com\/wp-content\/uploads\/2026\/04\/127a59f6-0cf4-4166-b076-c3674dca9746-350x250.jpg 350w, https:\/\/elreporterodelacomunidad.com\/wp-content\/uploads\/2026\/04\/127a59f6-0cf4-4166-b076-c3674dca9746-750x536.jpg 750w, https:\/\/elreporterodelacomunidad.com\/wp-content\/uploads\/2026\/04\/127a59f6-0cf4-4166-b076-c3674dca9746-1140x815.jpg 1140w\" data-sizes=\"auto\" data-expand=\"700\" \/><\/div>\n\t\t\t\t\t\t<\/a>\n\t\t\t\t\t<\/div>\n\t\t\t\t\t<div class=\"jeg_postblock_content\">\n\t\t\t\t\t\t<h3 class=\"jeg_post_title\">\n\t\t\t\t\t\t\t<a href=\"https:\/\/elreporterodelacomunidad.com\/index.php\/2026\/04\/10\/gobernador-durazo-anuncia-construccion-de-hospital-imss-bienestar-en-ures\/\">Gobernador Durazo anuncia construcci\u00f3n de hospital IMSS-Bienestar en Ures<\/a>\n\t\t\t\t\t\t<\/h3>\n\t\t\t\t\t\t<div class=\"jeg_post_meta\"><div class=\"jeg_meta_date\"><a href=\"https:\/\/elreporterodelacomunidad.com\/index.php\/2026\/04\/10\/gobernador-durazo-anuncia-construccion-de-hospital-imss-bienestar-en-ures\/\" ><i class=\"fa fa-clock-o\"><\/i> 10 abril, 2026<\/a><\/div><\/div>\n\t\t\t\t\t<\/div>\n\t\t\t\t<\/article><article class=\"jeg_post jeg_pl_sm format-standard\">\n\t\t\t\t\t<div class=\"jeg_thumb\">\n\t\t\t\t\t\t\n\t\t\t\t\t\t<a href=\"https:\/\/elreporterodelacomunidad.com\/index.php\/2026\/04\/09\/wasapraka-llama-cobarde-al-plan-b-por-no-enfrentar-a-la-intervencion-del-narco\/\">\n\t\t\t\t\t\t\t<div class=\"thumbnail-container animate-lazy  size-715 \"><img loading=\"lazy\" decoding=\"async\" width=\"120\" height=\"86\" src=\"https:\/\/elreporterodelacomunidad.com\/wp-content\/themes\/jnews\/assets\/img\/jeg-empty.png\" class=\"attachment-jnews-120x86 size-jnews-120x86 lazyload wp-post-image\" alt=\"Wasapraka llama \u201ccobarde\u201d al Plan B, por no enfrentar a la intervenci\u00f3n del narco\" sizes=\"auto, (max-width: 120px) 100vw, 120px\" data-src=\"https:\/\/elreporterodelacomunidad.com\/wp-content\/uploads\/2026\/04\/030a699f-61dc-4e28-8f93-07df7346299b-120x86.jpg\" data-srcset=\"https:\/\/elreporterodelacomunidad.com\/wp-content\/uploads\/2026\/04\/030a699f-61dc-4e28-8f93-07df7346299b-120x86.jpg 120w, https:\/\/elreporterodelacomunidad.com\/wp-content\/uploads\/2026\/04\/030a699f-61dc-4e28-8f93-07df7346299b-350x250.jpg 350w, https:\/\/elreporterodelacomunidad.com\/wp-content\/uploads\/2026\/04\/030a699f-61dc-4e28-8f93-07df7346299b-750x536.jpg 750w, https:\/\/elreporterodelacomunidad.com\/wp-content\/uploads\/2026\/04\/030a699f-61dc-4e28-8f93-07df7346299b-1140x815.jpg 1140w\" data-sizes=\"auto\" data-expand=\"700\" \/><\/div>\n\t\t\t\t\t\t<\/a>\n\t\t\t\t\t<\/div>\n\t\t\t\t\t<div class=\"jeg_postblock_content\">\n\t\t\t\t\t\t<h3 class=\"jeg_post_title\">\n\t\t\t\t\t\t\t<a href=\"https:\/\/elreporterodelacomunidad.com\/index.php\/2026\/04\/09\/wasapraka-llama-cobarde-al-plan-b-por-no-enfrentar-a-la-intervencion-del-narco\/\">Wasapraka llama \u201ccobarde\u201d al Plan B, por no enfrentar a la intervenci\u00f3n del narco<\/a>\n\t\t\t\t\t\t<\/h3>\n\t\t\t\t\t\t<div class=\"jeg_post_meta\"><div class=\"jeg_meta_date\"><a href=\"https:\/\/elreporterodelacomunidad.com\/index.php\/2026\/04\/09\/wasapraka-llama-cobarde-al-plan-b-por-no-enfrentar-a-la-intervencion-del-narco\/\" ><i class=\"fa fa-clock-o\"><\/i> 9 abril, 2026<\/a><\/div><\/div>\n\t\t\t\t\t<\/div>\n\t\t\t\t<\/article>\n\t\t\t\t\t<\/div>\n\t\t\t\t<\/div>\n\t\t\t\t\t<div class='module-overlay'>\n\t\t\t\t    <div class='preloader_type preloader_dot'>\n\t\t\t\t        <div class=\"module-preloader jeg_preloader dot\">\n\t\t\t\t            <span><\/span><span><\/span><span><\/span>\n\t\t\t\t        <\/div>\n\t\t\t\t        <div class=\"module-preloader jeg_preloader circle\">\n\t\t\t\t            <div class=\"jnews_preloader_circle_outer\">\n\t\t\t\t                <div class=\"jnews_preloader_circle_inner\"><\/div>\n\t\t\t\t            <\/div>\n\t\t\t\t        <\/div>\n\t\t\t\t        <div class=\"module-preloader jeg_preloader square\">\n\t\t\t\t            <div class=\"jeg_square\">\n\t\t\t\t                <div class=\"jeg_square_inner\"><\/div>\n\t\t\t\t            <\/div>\n\t\t\t\t        <\/div>\n\t\t\t\t    <\/div>\n\t\t\t\t<\/div>\n\t\t\t\t<\/div>\n\t\t\t\t<div class=\"jeg_block_navigation\">\n\t\t\t\t\t<div class='navigation_overlay'><div class='module-preloader jeg_preloader'><span><\/span><span><\/span><span><\/span><\/div><\/div>\n\t\t\t\t\t<div class=\"jeg_block_nav \">\n                    <a href=\"#\" class=\"prev disabled\" title=\"Previo\"><i class=\"fa fa-angle-left\"><\/i><\/a>\n                    <a href=\"#\" class=\"next \" title=\"Pr\u00f3ximo\"><i class=\"fa fa-angle-right\"><\/i><\/a>\n                <\/div>\n\t\t\t\t\t\n\t\t\t\t<\/div>\n\t\t\t\t\t<style scoped>.jnews_module__8_69f1cc489f994 .jeg_block_heading_9 { border-color: #dd9933; }.jnews_module__8_69f1cc489f994 .jeg_meta_author a, .jnews_module__8_69f1cc489f994 .jeg_post_title a:hover { color: #dd9933 }.jnews_module__8_69f1cc489f994 .jeg_readmore:hover { background-color: #dd9933; }.jnews_module__8_69f1cc489f994 .jeg_readmore:hover { border-color: #dd9933; }<\/style>\n\t\t\t\t\t<script>var jnews_module__8_69f1cc489f994 = {\"header_icon\":\"\",\"first_title\":\"NACIONAL\",\"second_title\":\"\",\"url\":\"https:\\\/\\\/elreporterodelacomunidad.com\\\/index.php\\\/category\\\/nacional\\\/\",\"header_type\":\"heading_9\",\"header_background\":\"\",\"header_secondary_background\":\"\",\"header_text_color\":\"\",\"header_line_color\":\"#dd9933\",\"header_accent_color\":\"\",\"header_filter_category\":\"\",\"header_filter_author\":\"1\",\"header_filter_tag\":\"\",\"header_filter_text\":\"\",\"post_type\":\"post\",\"content_type\":\"all\",\"number_post\":\"5\",\"post_offset\":\"0\",\"unique_content\":\"disable\",\"include_post\":\"\",\"exclude_post\":\"\",\"include_category\":\"28\",\"exclude_category\":\"\",\"include_author\":\"\",\"include_tag\":\"\",\"exclude_tag\":\"\",\"sort_by\":\"latest\",\"date_format\":\"default\",\"date_format_custom\":\"Y\\\/m\\\/d\",\"excerpt_length\":\"20\",\"excerpt_ellipsis\":\"...\",\"force_normal_image_load\":\"\",\"pagination_mode\":\"nextprev\",\"pagination_nextprev_showtext\":\"\",\"pagination_number_post\":\"5\",\"pagination_scroll_limit\":0,\"boxed\":\"\",\"boxed_shadow\":\"\",\"el_id\":\"\",\"el_class\":\"\",\"scheme\":\"\",\"column_width\":\"auto\",\"title_color\":\"\",\"accent_color\":\"#dd9933\",\"alt_color\":\"\",\"excerpt_color\":\"\",\"css\":\"\",\"compatible_column_notice\":\"\",\"paged\":1,\"column_class\":\"jeg_col_2o3\",\"class\":\"jnews_block_1\"};<\/script>\n\t\t\t\t<\/div><div  class='jeg_ad jeg_ad_module jnews_module__9_69f1cc48a38eb   '><div class='ads-wrapper'><a href='' target='_self' rel=\"noopener\" class='adlink ads_image '>\n\t\t\t\t\t\t\t\t<img src='https:\/\/elreporterodelacomunidad.com\/wp-content\/themes\/jnews\/assets\/img\/jeg-empty.png' class='lazyload' data-src='https:\/\/elreporterodelacomunidad.com\/wp-content\/uploads\/2026\/04\/527971546_24322000164079488_913191833136221633_n.jpg' alt='' data-pin-no-hover=\"true\">\n\t\t\t\t\t\t\t<\/a><\/div><\/div><div  class=\"jeg_postblock_15 jeg_postblock jeg_module_hook jeg_pagination_nextprev jeg_col_2o3 jnews_module__10_69f1cc48a3f38   \" data-unique=\"jnews_module__10_69f1cc48a3f38\">\n\t\t\t\t\t<div class=\"jeg_block_heading jeg_block_heading_9 jeg_subcat_right\">\n                     <h3 class=\"jeg_block_title\"><a href='https:\/\/elreporterodelacomunidad.com\/index.php\/category\/internacional\/'><span>INTERNACIONAL<\/span><\/a><\/h3>\n                     <div class=\"jeg_subcat\">\n                    <ul class=\"jeg_subcat_list\">\n                        <li><a class=\"subclass-filter current\" href=\"#\" data-type='all' data-id='0'><\/a><\/li><li><a class=\"subclass-filter\" href=\"https:\/\/elreporterodelacomunidad.com\/index.php\/author\/reportero\/\" data-type='author' data-id='1'>EL REPORTERO DE LA COMUNIDAD<\/a><\/li>\n                    <\/ul>\n                <\/div>\n                 <\/div>\n\t\t\t\t\t<div class=\"jeg_block_container\">\n                    \n                    <div class=\"jeg_posts_wrap\"><div class=\"jeg_posts jeg_load_more_flag\"><article class=\"jeg_post jeg_pl_md_box format-standard\">\n                    <div class=\"box_wrap\">\n                        <div class=\"jeg_thumb\">\n                            \n                            <a href=\"https:\/\/elreporterodelacomunidad.com\/index.php\/2026\/03\/30\/reportan-la-llegada-a-medio-oriente-de-miles-de-paracaidistas-de-elite-del-ejercito-de-eu\/\"><div class=\"thumbnail-container animate-lazy  size-715 \"><img loading=\"lazy\" decoding=\"async\" width=\"350\" height=\"250\" src=\"https:\/\/elreporterodelacomunidad.com\/wp-content\/themes\/jnews\/assets\/img\/jeg-empty.png\" class=\"attachment-jnews-350x250 size-jnews-350x250 lazyload wp-post-image\" alt=\"Reportan la llegada a Medio Oriente de miles de paracaidistas de \u00e9lite del Ej\u00e9rcito de EU\" sizes=\"auto, (max-width: 350px) 100vw, 350px\" data-src=\"https:\/\/elreporterodelacomunidad.com\/wp-content\/uploads\/2026\/03\/Captura-de-pantalla-2026-03-30-202357-350x250.png\" data-srcset=\"https:\/\/elreporterodelacomunidad.com\/wp-content\/uploads\/2026\/03\/Captura-de-pantalla-2026-03-30-202357-350x250.png 350w, https:\/\/elreporterodelacomunidad.com\/wp-content\/uploads\/2026\/03\/Captura-de-pantalla-2026-03-30-202357-120x86.png 120w\" data-sizes=\"auto\" data-expand=\"700\" \/><\/div><\/a>\n                            <div class=\"jeg_post_category\">\n                                <span><a href=\"https:\/\/elreporterodelacomunidad.com\/index.php\/category\/internacional\/\" class=\"category-internacional\">Internacional<\/a><\/span>\n                            <\/div>\n                        <\/div>\n                        <div class=\"jeg_postblock_content\">\n                            <h3 class=\"jeg_post_title\">\n                                <a href=\"https:\/\/elreporterodelacomunidad.com\/index.php\/2026\/03\/30\/reportan-la-llegada-a-medio-oriente-de-miles-de-paracaidistas-de-elite-del-ejercito-de-eu\/\">Reportan la llegada a Medio Oriente de miles de paracaidistas de \u00e9lite del Ej\u00e9rcito de EU<\/a>\n                            <\/h3>\n                            <div class=\"jeg_post_meta\"><div class=\"jeg_meta_date\"><a href=\"https:\/\/elreporterodelacomunidad.com\/index.php\/2026\/03\/30\/reportan-la-llegada-a-medio-oriente-de-miles-de-paracaidistas-de-elite-del-ejercito-de-eu\/\" ><i class=\"fa fa-clock-o\"><\/i> 30 marzo, 2026<\/a><\/div><\/div>\n                        <\/div>\n                    <\/div>\n                <\/article><article class=\"jeg_post jeg_pl_md_box format-standard\">\n                    <div class=\"box_wrap\">\n                        <div class=\"jeg_thumb\">\n                            \n                            <a href=\"https:\/\/elreporterodelacomunidad.com\/index.php\/2026\/03\/09\/gasolina-alcanza-los-3-47-dolares-por-galon-en-eu-mientras-el-petroleo-se-dispara-a-su-nivel-mas-alto-desde-2022\/\"><div class=\"thumbnail-container animate-lazy  size-715 \"><img loading=\"lazy\" decoding=\"async\" width=\"350\" height=\"250\" src=\"https:\/\/elreporterodelacomunidad.com\/wp-content\/themes\/jnews\/assets\/img\/jeg-empty.png\" class=\"attachment-jnews-350x250 size-jnews-350x250 lazyload wp-post-image\" alt=\"Gasolina alcanza los 3.47 d\u00f3lares por gal\u00f3n en EU mientras el petr\u00f3leo se dispara a su nivel m\u00e1s alto desde 2022\" sizes=\"auto, (max-width: 350px) 100vw, 350px\" data-src=\"https:\/\/elreporterodelacomunidad.com\/wp-content\/uploads\/2026\/03\/Captura-de-pantalla-2026-03-09-224012-350x250.png\" data-srcset=\"https:\/\/elreporterodelacomunidad.com\/wp-content\/uploads\/2026\/03\/Captura-de-pantalla-2026-03-09-224012-350x250.png 350w, https:\/\/elreporterodelacomunidad.com\/wp-content\/uploads\/2026\/03\/Captura-de-pantalla-2026-03-09-224012-120x86.png 120w\" data-sizes=\"auto\" data-expand=\"700\" \/><\/div><\/a>\n                            <div class=\"jeg_post_category\">\n                                <span><a href=\"https:\/\/elreporterodelacomunidad.com\/index.php\/category\/internacional\/\" class=\"category-internacional\">Internacional<\/a><\/span>\n                            <\/div>\n                        <\/div>\n                        <div class=\"jeg_postblock_content\">\n                            <h3 class=\"jeg_post_title\">\n                                <a href=\"https:\/\/elreporterodelacomunidad.com\/index.php\/2026\/03\/09\/gasolina-alcanza-los-3-47-dolares-por-galon-en-eu-mientras-el-petroleo-se-dispara-a-su-nivel-mas-alto-desde-2022\/\">Gasolina alcanza los 3.47 d\u00f3lares por gal\u00f3n en EU mientras el petr\u00f3leo se dispara a su nivel m\u00e1s alto desde 2022<\/a>\n                            <\/h3>\n                            <div class=\"jeg_post_meta\"><div class=\"jeg_meta_date\"><a href=\"https:\/\/elreporterodelacomunidad.com\/index.php\/2026\/03\/09\/gasolina-alcanza-los-3-47-dolares-por-galon-en-eu-mientras-el-petroleo-se-dispara-a-su-nivel-mas-alto-desde-2022\/\" ><i class=\"fa fa-clock-o\"><\/i> 9 marzo, 2026<\/a><\/div><\/div>\n                        <\/div>\n                    <\/div>\n                <\/article><article class=\"jeg_post jeg_pl_md_box format-standard\">\n                    <div class=\"box_wrap\">\n                        <div class=\"jeg_thumb\">\n                            \n                            <a href=\"https:\/\/elreporterodelacomunidad.com\/index.php\/2026\/03\/01\/putin-califica-como-cinica-violacion-al-derecho-internacional-el-asesinato-de-jamenei\/\"><div class=\"thumbnail-container animate-lazy  size-715 \"><img loading=\"lazy\" decoding=\"async\" width=\"350\" height=\"250\" src=\"https:\/\/elreporterodelacomunidad.com\/wp-content\/themes\/jnews\/assets\/img\/jeg-empty.png\" class=\"attachment-jnews-350x250 size-jnews-350x250 lazyload wp-post-image\" alt=\"Putin califica como &#8220;c\u00ednica violaci\u00f3n al derecho internacional&#8221; el asesinato de Jamenei\" sizes=\"auto, (max-width: 350px) 100vw, 350px\" data-src=\"https:\/\/elreporterodelacomunidad.com\/wp-content\/uploads\/2026\/03\/Captura-de-pantalla-2026-03-01-183323-350x250.png\" data-srcset=\"https:\/\/elreporterodelacomunidad.com\/wp-content\/uploads\/2026\/03\/Captura-de-pantalla-2026-03-01-183323-350x250.png 350w, https:\/\/elreporterodelacomunidad.com\/wp-content\/uploads\/2026\/03\/Captura-de-pantalla-2026-03-01-183323-120x86.png 120w\" data-sizes=\"auto\" data-expand=\"700\" \/><\/div><\/a>\n                            <div class=\"jeg_post_category\">\n                                <span><a href=\"https:\/\/elreporterodelacomunidad.com\/index.php\/category\/internacional\/\" class=\"category-internacional\">Internacional<\/a><\/span>\n                            <\/div>\n                        <\/div>\n                        <div class=\"jeg_postblock_content\">\n                            <h3 class=\"jeg_post_title\">\n                                <a href=\"https:\/\/elreporterodelacomunidad.com\/index.php\/2026\/03\/01\/putin-califica-como-cinica-violacion-al-derecho-internacional-el-asesinato-de-jamenei\/\">Putin califica como &#8220;c\u00ednica violaci\u00f3n al derecho internacional&#8221; el asesinato de Jamenei<\/a>\n                            <\/h3>\n                            <div class=\"jeg_post_meta\"><div class=\"jeg_meta_date\"><a href=\"https:\/\/elreporterodelacomunidad.com\/index.php\/2026\/03\/01\/putin-califica-como-cinica-violacion-al-derecho-internacional-el-asesinato-de-jamenei\/\" ><i class=\"fa fa-clock-o\"><\/i> 1 marzo, 2026<\/a><\/div><\/div>\n                        <\/div>\n                    <\/div>\n                <\/article><article class=\"jeg_post jeg_pl_md_box format-standard\">\n                    <div class=\"box_wrap\">\n                        <div class=\"jeg_thumb\">\n                            \n                            <a href=\"https:\/\/elreporterodelacomunidad.com\/index.php\/2026\/02\/27\/al-menos-15-muertos-y-30-heridos-deja-el-desplome-de-un-avion-militar-que-transportaba-dinero-en-bolivia\/\"><div class=\"thumbnail-container animate-lazy  size-715 \"><img loading=\"lazy\" decoding=\"async\" width=\"350\" height=\"250\" src=\"https:\/\/elreporterodelacomunidad.com\/wp-content\/themes\/jnews\/assets\/img\/jeg-empty.png\" class=\"attachment-jnews-350x250 size-jnews-350x250 lazyload wp-post-image\" alt=\"Al menos 15 muertos y 30 heridos deja el desplome de un avi\u00f3n militar que transportaba dinero en Bolivia\" sizes=\"auto, (max-width: 350px) 100vw, 350px\" data-src=\"https:\/\/elreporterodelacomunidad.com\/wp-content\/uploads\/2026\/02\/Captura-de-pantalla-2026-02-27-184231-350x250.png\" data-srcset=\"https:\/\/elreporterodelacomunidad.com\/wp-content\/uploads\/2026\/02\/Captura-de-pantalla-2026-02-27-184231-350x250.png 350w, https:\/\/elreporterodelacomunidad.com\/wp-content\/uploads\/2026\/02\/Captura-de-pantalla-2026-02-27-184231-120x86.png 120w\" data-sizes=\"auto\" data-expand=\"700\" \/><\/div><\/a>\n                            <div class=\"jeg_post_category\">\n                                <span><a href=\"https:\/\/elreporterodelacomunidad.com\/index.php\/category\/internacional\/\" class=\"category-internacional\">Internacional<\/a><\/span>\n                            <\/div>\n                        <\/div>\n                        <div class=\"jeg_postblock_content\">\n                            <h3 class=\"jeg_post_title\">\n                                <a href=\"https:\/\/elreporterodelacomunidad.com\/index.php\/2026\/02\/27\/al-menos-15-muertos-y-30-heridos-deja-el-desplome-de-un-avion-militar-que-transportaba-dinero-en-bolivia\/\">Al menos 15 muertos y 30 heridos deja el desplome de un avi\u00f3n militar que transportaba dinero en Bolivia<\/a>\n                            <\/h3>\n                            <div class=\"jeg_post_meta\"><div class=\"jeg_meta_date\"><a href=\"https:\/\/elreporterodelacomunidad.com\/index.php\/2026\/02\/27\/al-menos-15-muertos-y-30-heridos-deja-el-desplome-de-un-avion-militar-que-transportaba-dinero-en-bolivia\/\" ><i class=\"fa fa-clock-o\"><\/i> 27 febrero, 2026<\/a><\/div><\/div>\n                        <\/div>\n                    <\/div>\n                <\/article><\/div><\/div>\n                    <div class='module-overlay'>\n\t\t\t\t    <div class='preloader_type preloader_dot'>\n\t\t\t\t        <div class=\"module-preloader jeg_preloader dot\">\n\t\t\t\t            <span><\/span><span><\/span><span><\/span>\n\t\t\t\t        <\/div>\n\t\t\t\t        <div class=\"module-preloader jeg_preloader circle\">\n\t\t\t\t            <div class=\"jnews_preloader_circle_outer\">\n\t\t\t\t                <div class=\"jnews_preloader_circle_inner\"><\/div>\n\t\t\t\t            <\/div>\n\t\t\t\t        <\/div>\n\t\t\t\t        <div class=\"module-preloader jeg_preloader square\">\n\t\t\t\t            <div class=\"jeg_square\">\n\t\t\t\t                <div class=\"jeg_square_inner\"><\/div>\n\t\t\t\t            <\/div>\n\t\t\t\t        <\/div>\n\t\t\t\t    <\/div>\n\t\t\t\t<\/div>\n                <\/div>\n                <div class=\"jeg_block_navigation\">\n                    <div class='navigation_overlay'><div class='module-preloader jeg_preloader'><span><\/span><span><\/span><span><\/span><\/div><\/div>\n                    <div class=\"jeg_block_nav \">\n                    <a href=\"#\" class=\"prev disabled\" title=\"Previo\"><i class=\"fa fa-angle-left\"><\/i><\/a>\n                    <a href=\"#\" class=\"next \" title=\"Pr\u00f3ximo\"><i class=\"fa fa-angle-right\"><\/i><\/a>\n                <\/div>\n                    \n                <\/div>\n\t\t\t\t\t<style scoped>.jnews_module__10_69f1cc48a3f38 .jeg_block_heading_9 { border-color: #dd9933; }.jnews_module__10_69f1cc48a3f38 .jeg_meta_author a, .jnews_module__10_69f1cc48a3f38 .jeg_post_title a:hover { color: #dd9933 }.jnews_module__10_69f1cc48a3f38 .jeg_readmore:hover { background-color: #dd9933; }.jnews_module__10_69f1cc48a3f38 .jeg_readmore:hover { border-color: #dd9933; }<\/style>\n\t\t\t\t\t<script>var jnews_module__10_69f1cc48a3f38 = {\"header_icon\":\"\",\"first_title\":\"INTERNACIONAL\",\"second_title\":\"\",\"url\":\"https:\\\/\\\/elreporterodelacomunidad.com\\\/index.php\\\/category\\\/internacional\\\/\",\"header_type\":\"heading_9\",\"header_background\":\"\",\"header_secondary_background\":\"\",\"header_text_color\":\"\",\"header_line_color\":\"#dd9933\",\"header_accent_color\":\"\",\"header_filter_category\":\"\",\"header_filter_author\":\"1\",\"header_filter_tag\":\"\",\"header_filter_text\":\"\",\"post_type\":\"post\",\"content_type\":\"all\",\"number_post\":\"4\",\"post_offset\":\"0\",\"unique_content\":\"disable\",\"include_post\":\"\",\"exclude_post\":\"\",\"include_category\":\"30\",\"exclude_category\":\"\",\"include_author\":\"\",\"include_tag\":\"\",\"exclude_tag\":\"\",\"sort_by\":\"latest\",\"date_format\":\"default\",\"date_format_custom\":\"Y\\\/m\\\/d\",\"force_normal_image_load\":\"\",\"pagination_mode\":\"nextprev\",\"pagination_nextprev_showtext\":\"\",\"pagination_number_post\":\"4\",\"pagination_scroll_limit\":0,\"el_id\":\"\",\"el_class\":\"\",\"scheme\":\"\",\"column_width\":\"auto\",\"title_color\":\"\",\"accent_color\":\"#dd9933\",\"alt_color\":\"\",\"excerpt_color\":\"\",\"css\":\"\",\"compatible_column_notice\":\"\",\"paged\":1,\"column_class\":\"jeg_col_2o3\",\"class\":\"jnews_block_15\"};<\/script>\n\t\t\t\t<\/div>[\/vc_column][vc_column width=&#8221;1\/4&#8243;]<div  class='jeg_ad jeg_ad_module jnews_module__11_69f1cc48a6f79   '><div class='ads-wrapper'><a href='' target='_self' rel=\"noopener\" class='adlink ads_image '>\n\t\t\t\t\t\t\t\t<img src='https:\/\/elreporterodelacomunidad.com\/wp-content\/themes\/jnews\/assets\/img\/jeg-empty.png' class='lazyload' data-src='https:\/\/elreporterodelacomunidad.com\/wp-content\/uploads\/2024\/10\/0.jpg' alt='' data-pin-no-hover=\"true\">\n\t\t\t\t\t\t\t<\/a><a href='' target='_self' rel=\"noopener\" class='adlink ads_image_tablet '>\n\t\t\t\t\t\t\t\t<img src='https:\/\/elreporterodelacomunidad.com\/wp-content\/themes\/jnews\/assets\/img\/jeg-empty.png' class='lazyload' data-src='https:\/\/elreporterodelacomunidad.com\/wp-content\/uploads\/2024\/10\/0.jpg' alt='' data-pin-no-hover=\"true\">\n\t\t\t\t\t\t\t<\/a><a href='' target='_self' rel=\"noopener\" class='adlink ads_image_phone '>\n\t\t\t\t\t\t\t\t<img src='https:\/\/elreporterodelacomunidad.com\/wp-content\/themes\/jnews\/assets\/img\/jeg-empty.png' class='lazyload' data-src='https:\/\/elreporterodelacomunidad.com\/wp-content\/uploads\/2024\/10\/0.jpg' alt='' data-pin-no-hover=\"true\">\n\t\t\t\t\t\t\t<\/a><\/div><\/div><div  class='jeg_ad jeg_ad_module jnews_module__12_69f1cc48a722c   '><div class='ads-wrapper'><a href='' target='_self' rel=\"noopener\" class='adlink ads_image '>\n\t\t\t\t\t\t\t\t<img src='https:\/\/elreporterodelacomunidad.com\/wp-content\/themes\/jnews\/assets\/img\/jeg-empty.png' class='lazyload' data-src='https:\/\/elreporterodelacomunidad.com\/wp-content\/uploads\/2024\/10\/Imagen1.png' alt='' data-pin-no-hover=\"true\">\n\t\t\t\t\t\t\t<\/a><a href='' target='_self' rel=\"noopener\" class='adlink ads_image_tablet '>\n\t\t\t\t\t\t\t\t<img src='https:\/\/elreporterodelacomunidad.com\/wp-content\/themes\/jnews\/assets\/img\/jeg-empty.png' class='lazyload' data-src='https:\/\/elreporterodelacomunidad.com\/wp-content\/uploads\/2024\/10\/Imagen1.png' alt='' data-pin-no-hover=\"true\">\n\t\t\t\t\t\t\t<\/a><a href='' target='_self' rel=\"noopener\" class='adlink ads_image_phone '>\n\t\t\t\t\t\t\t\t<img src='https:\/\/elreporterodelacomunidad.com\/wp-content\/themes\/jnews\/assets\/img\/jeg-empty.png' class='lazyload' data-src='https:\/\/elreporterodelacomunidad.com\/wp-content\/uploads\/2024\/10\/Imagen1.png' alt='' data-pin-no-hover=\"true\">\n\t\t\t\t\t\t\t<\/a><\/div><\/div><div  class=\"jeg_postblock_21 jeg_postblock jeg_module_hook jeg_pagination_disable jeg_col_2o3 jnews_module__13_69f1cc48a7866   \" data-unique=\"jnews_module__13_69f1cc48a7866\">\n\t\t\t\t\t<div class=\"jeg_block_heading jeg_block_heading_9 jeg_subcat_right\">\n                     <h3 class=\"jeg_block_title\"><a href='https:\/\/elreporterodelacomunidad.com\/index.php\/category\/columnas\/'><span>COLUMNAS<\/span><\/a><\/h3>\n                     \n                 <\/div>\n\t\t\t\t\t<div class=\"jeg_block_container\">\n                    \n                    <div class=\"jeg_posts jeg_load_more_flag\"><article class=\"jeg_post jeg_pl_sm format-standard\">\n                    <div class=\"jeg_thumb\">\n                        \n                        <a href=\"https:\/\/elreporterodelacomunidad.com\/index.php\/2026\/04\/27\/mas-de-un-ano-en-abandono-el-centro-de-gimnasia-de-alto-rendimiento\/\"><div class=\"thumbnail-container animate-lazy  size-715 \"><img loading=\"lazy\" decoding=\"async\" width=\"120\" height=\"86\" src=\"https:\/\/elreporterodelacomunidad.com\/wp-content\/themes\/jnews\/assets\/img\/jeg-empty.png\" class=\"attachment-jnews-120x86 size-jnews-120x86 lazyload wp-post-image\" alt=\"M\u00e1s de un a\u00f1o en abandono el Centro de Gimnasia de Alto Rendimiento\" sizes=\"auto, (max-width: 120px) 100vw, 120px\" data-src=\"https:\/\/elreporterodelacomunidad.com\/wp-content\/uploads\/2026\/04\/piden-restitucion-de-entrenador-de-gimnasia-en-el-cum-284455-120x86.jpg\" data-srcset=\"https:\/\/elreporterodelacomunidad.com\/wp-content\/uploads\/2026\/04\/piden-restitucion-de-entrenador-de-gimnasia-en-el-cum-284455-120x86.jpg 120w, https:\/\/elreporterodelacomunidad.com\/wp-content\/uploads\/2026\/04\/piden-restitucion-de-entrenador-de-gimnasia-en-el-cum-284455-800x570.jpg 800w, https:\/\/elreporterodelacomunidad.com\/wp-content\/uploads\/2026\/04\/piden-restitucion-de-entrenador-de-gimnasia-en-el-cum-284455-350x250.jpg 350w, https:\/\/elreporterodelacomunidad.com\/wp-content\/uploads\/2026\/04\/piden-restitucion-de-entrenador-de-gimnasia-en-el-cum-284455-750x536.jpg 750w\" data-sizes=\"auto\" data-expand=\"700\" \/><\/div><\/a>\n                    <\/div>\n                    <div class=\"jeg_postblock_content\">\n                        <h3 class=\"jeg_post_title\">\n                            <a href=\"https:\/\/elreporterodelacomunidad.com\/index.php\/2026\/04\/27\/mas-de-un-ano-en-abandono-el-centro-de-gimnasia-de-alto-rendimiento\/\">M\u00e1s de un a\u00f1o en abandono el Centro de Gimnasia de Alto Rendimiento<\/a>\n                        <\/h3>\n                        <div class=\"jeg_post_meta\"><div class=\"jeg_meta_date\"><a href=\"https:\/\/elreporterodelacomunidad.com\/index.php\/2026\/04\/27\/mas-de-un-ano-en-abandono-el-centro-de-gimnasia-de-alto-rendimiento\/\" ><i class=\"fa fa-clock-o\"><\/i> 27 abril, 2026<\/a><\/div><\/div>\n                    <\/div>\n                <\/article><article class=\"jeg_post jeg_pl_sm format-standard\">\n                    <div class=\"jeg_thumb\">\n                        \n                        <a href=\"https:\/\/elreporterodelacomunidad.com\/index.php\/2026\/04\/15\/carcamo-norte-en-hermosillo-una-obra-de-213-millones-de-pesos-en-15-hectareas\/\"><div class=\"thumbnail-container animate-lazy  size-715 \"><img loading=\"lazy\" decoding=\"async\" width=\"120\" height=\"86\" src=\"https:\/\/elreporterodelacomunidad.com\/wp-content\/themes\/jnews\/assets\/img\/jeg-empty.png\" class=\"attachment-jnews-120x86 size-jnews-120x86 lazyload wp-post-image\" alt=\"C\u00e1rcamo Norte en Hermosillo, una obra de 213 millones de pesos en 15 hectareas.\" sizes=\"auto, (max-width: 120px) 100vw, 120px\" data-src=\"https:\/\/elreporterodelacomunidad.com\/wp-content\/uploads\/2026\/04\/Captura-de-pantalla-2026-04-15-085410-120x86.jpg\" data-srcset=\"https:\/\/elreporterodelacomunidad.com\/wp-content\/uploads\/2026\/04\/Captura-de-pantalla-2026-04-15-085410-120x86.jpg 120w, https:\/\/elreporterodelacomunidad.com\/wp-content\/uploads\/2026\/04\/Captura-de-pantalla-2026-04-15-085410-350x250.jpg 350w\" data-sizes=\"auto\" data-expand=\"700\" \/><\/div><\/a>\n                    <\/div>\n                    <div class=\"jeg_postblock_content\">\n                        <h3 class=\"jeg_post_title\">\n                            <a href=\"https:\/\/elreporterodelacomunidad.com\/index.php\/2026\/04\/15\/carcamo-norte-en-hermosillo-una-obra-de-213-millones-de-pesos-en-15-hectareas\/\">C\u00e1rcamo Norte en Hermosillo, una obra de 213 millones de pesos en 15 hectareas.<\/a>\n                        <\/h3>\n                        <div class=\"jeg_post_meta\"><div class=\"jeg_meta_date\"><a href=\"https:\/\/elreporterodelacomunidad.com\/index.php\/2026\/04\/15\/carcamo-norte-en-hermosillo-una-obra-de-213-millones-de-pesos-en-15-hectareas\/\" ><i class=\"fa fa-clock-o\"><\/i> 15 abril, 2026<\/a><\/div><\/div>\n                    <\/div>\n                <\/article><article class=\"jeg_post jeg_pl_sm format-standard\">\n                    <div class=\"jeg_thumb\">\n                        \n                        <a href=\"https:\/\/elreporterodelacomunidad.com\/index.php\/2026\/04\/13\/dolor-en-el-ring-sonora-cae-dos-veces-en-japon\/\"><div class=\"thumbnail-container animate-lazy  size-715 \"><img loading=\"lazy\" decoding=\"async\" width=\"120\" height=\"86\" src=\"https:\/\/elreporterodelacomunidad.com\/wp-content\/themes\/jnews\/assets\/img\/jeg-empty.png\" class=\"attachment-jnews-120x86 size-jnews-120x86 lazyload wp-post-image\" alt=\"Dolor en el ring: Sonora cae dos veces en Jap\u00f3n\" sizes=\"auto, (max-width: 120px) 100vw, 120px\" data-src=\"https:\/\/elreporterodelacomunidad.com\/wp-content\/uploads\/2026\/04\/Captura-de-pantalla-2026-04-13-101755-120x86.jpg\" data-srcset=\"https:\/\/elreporterodelacomunidad.com\/wp-content\/uploads\/2026\/04\/Captura-de-pantalla-2026-04-13-101755-120x86.jpg 120w, https:\/\/elreporterodelacomunidad.com\/wp-content\/uploads\/2026\/04\/Captura-de-pantalla-2026-04-13-101755-350x250.jpg 350w\" data-sizes=\"auto\" data-expand=\"700\" \/><\/div><\/a>\n                    <\/div>\n                    <div class=\"jeg_postblock_content\">\n                        <h3 class=\"jeg_post_title\">\n                            <a href=\"https:\/\/elreporterodelacomunidad.com\/index.php\/2026\/04\/13\/dolor-en-el-ring-sonora-cae-dos-veces-en-japon\/\">Dolor en el ring: Sonora cae dos veces en Jap\u00f3n<\/a>\n                        <\/h3>\n                        <div class=\"jeg_post_meta\"><div class=\"jeg_meta_date\"><a href=\"https:\/\/elreporterodelacomunidad.com\/index.php\/2026\/04\/13\/dolor-en-el-ring-sonora-cae-dos-veces-en-japon\/\" ><i class=\"fa fa-clock-o\"><\/i> 13 abril, 2026<\/a><\/div><\/div>\n                    <\/div>\n                <\/article><article class=\"jeg_post jeg_pl_sm format-standard\">\n                    <div class=\"jeg_thumb\">\n                        \n                        <a href=\"https:\/\/elreporterodelacomunidad.com\/index.php\/2026\/03\/19\/ademeba-elige-a-su-nuevo-consejo-directivo-para-el-periodo-2026-2030-el-hermosillense-cristobal-vargas-es-designado-tesorero-nacional-y-presidente-de-la-comision-nacional-de-minibasket-minib\/\"><div class=\"thumbnail-container animate-lazy  size-715 \"><img loading=\"lazy\" decoding=\"async\" width=\"120\" height=\"86\" src=\"https:\/\/elreporterodelacomunidad.com\/wp-content\/themes\/jnews\/assets\/img\/jeg-empty.png\" class=\"attachment-jnews-120x86 size-jnews-120x86 lazyload wp-post-image\" alt=\"ADEMEBA elige a su nuevo Consejo Directivo para el periodo 2026\u20132030; El hermosillense Cristobal Vargas, es designado Tesorero Nacional y presidente de la Comisi\u00f3n Nacional de Minibasket MX.\" sizes=\"auto, (max-width: 120px) 100vw, 120px\" data-src=\"https:\/\/elreporterodelacomunidad.com\/wp-content\/uploads\/2026\/03\/653711359_1440228387644388_6986769912808022424_n-120x86.jpg\" data-srcset=\"https:\/\/elreporterodelacomunidad.com\/wp-content\/uploads\/2026\/03\/653711359_1440228387644388_6986769912808022424_n-120x86.jpg 120w, https:\/\/elreporterodelacomunidad.com\/wp-content\/uploads\/2026\/03\/653711359_1440228387644388_6986769912808022424_n-350x250.jpg 350w, https:\/\/elreporterodelacomunidad.com\/wp-content\/uploads\/2026\/03\/653711359_1440228387644388_6986769912808022424_n-750x536.jpg 750w, https:\/\/elreporterodelacomunidad.com\/wp-content\/uploads\/2026\/03\/653711359_1440228387644388_6986769912808022424_n-1140x815.jpg 1140w\" data-sizes=\"auto\" data-expand=\"700\" \/><\/div><\/a>\n                    <\/div>\n                    <div class=\"jeg_postblock_content\">\n                        <h3 class=\"jeg_post_title\">\n                            <a href=\"https:\/\/elreporterodelacomunidad.com\/index.php\/2026\/03\/19\/ademeba-elige-a-su-nuevo-consejo-directivo-para-el-periodo-2026-2030-el-hermosillense-cristobal-vargas-es-designado-tesorero-nacional-y-presidente-de-la-comision-nacional-de-minibasket-minib\/\">ADEMEBA elige a su nuevo Consejo Directivo para el periodo 2026\u20132030; El hermosillense Cristobal Vargas, es designado Tesorero Nacional y presidente de la Comisi\u00f3n Nacional de Minibasket MX.<\/a>\n                        <\/h3>\n                        <div class=\"jeg_post_meta\"><div class=\"jeg_meta_date\"><a href=\"https:\/\/elreporterodelacomunidad.com\/index.php\/2026\/03\/19\/ademeba-elige-a-su-nuevo-consejo-directivo-para-el-periodo-2026-2030-el-hermosillense-cristobal-vargas-es-designado-tesorero-nacional-y-presidente-de-la-comision-nacional-de-minibasket-minib\/\" ><i class=\"fa fa-clock-o\"><\/i> 19 marzo, 2026<\/a><\/div><\/div>\n                    <\/div>\n                <\/article><\/div>\n                    <div class='module-overlay'>\n\t\t\t\t    <div class='preloader_type preloader_dot'>\n\t\t\t\t        <div class=\"module-preloader jeg_preloader dot\">\n\t\t\t\t            <span><\/span><span><\/span><span><\/span>\n\t\t\t\t        <\/div>\n\t\t\t\t        <div class=\"module-preloader jeg_preloader circle\">\n\t\t\t\t            <div class=\"jnews_preloader_circle_outer\">\n\t\t\t\t                <div class=\"jnews_preloader_circle_inner\"><\/div>\n\t\t\t\t            <\/div>\n\t\t\t\t        <\/div>\n\t\t\t\t        <div class=\"module-preloader jeg_preloader square\">\n\t\t\t\t            <div class=\"jeg_square\">\n\t\t\t\t                <div class=\"jeg_square_inner\"><\/div>\n\t\t\t\t            <\/div>\n\t\t\t\t        <\/div>\n\t\t\t\t    <\/div>\n\t\t\t\t<\/div>\n                <\/div>\n                <div class=\"jeg_block_navigation\">\n                    <div class='navigation_overlay'><div class='module-preloader jeg_preloader'><span><\/span><span><\/span><span><\/span><\/div><\/div>\n                    \n                    \n                <\/div>\n\t\t\t\t\t<style scoped>.jnews_module__13_69f1cc48a7866 .jeg_block_heading_9 { border-color: #dd9933; }.jnews_module__13_69f1cc48a7866 .jeg_meta_author a, .jnews_module__13_69f1cc48a7866 .jeg_post_title a:hover { color: #dd9933 }.jnews_module__13_69f1cc48a7866 .jeg_readmore:hover { background-color: #dd9933; }.jnews_module__13_69f1cc48a7866 .jeg_readmore:hover { border-color: #dd9933; }<\/style>\n\t\t\t\t\t<script>var jnews_module__13_69f1cc48a7866 = {\"header_icon\":\"\",\"first_title\":\"COLUMNAS\",\"second_title\":\"\",\"url\":\"https:\\\/\\\/elreporterodelacomunidad.com\\\/index.php\\\/category\\\/columnas\\\/\",\"header_type\":\"heading_9\",\"header_background\":\"\",\"header_secondary_background\":\"\",\"header_text_color\":\"\",\"header_line_color\":\"#dd9933\",\"header_accent_color\":\"\",\"header_filter_category\":\"\",\"header_filter_author\":\"\",\"header_filter_tag\":\"\",\"header_filter_text\":\"All\",\"post_type\":\"post\",\"content_type\":\"all\",\"number_post\":\"4\",\"post_offset\":\"0\",\"unique_content\":\"disable\",\"include_post\":\"\",\"exclude_post\":\"\",\"include_category\":\"47\",\"exclude_category\":\"\",\"include_author\":\"\",\"include_tag\":\"\",\"exclude_tag\":\"\",\"sort_by\":\"latest\",\"date_format\":\"default\",\"date_format_custom\":\"Y\\\/m\\\/d\",\"force_normal_image_load\":\"\",\"pagination_mode\":\"disable\",\"pagination_nextprev_showtext\":\"\",\"pagination_number_post\":6,\"pagination_scroll_limit\":0,\"boxed\":\"\",\"boxed_shadow\":\"\",\"el_id\":\"\",\"el_class\":\"\",\"scheme\":\"\",\"column_width\":\"auto\",\"title_color\":\"\",\"accent_color\":\"#dd9933\",\"alt_color\":\"\",\"excerpt_color\":\"\",\"css\":\"\",\"compatible_column_notice\":\"\",\"paged\":1,\"column_class\":\"jeg_col_2o3\",\"class\":\"jnews_block_21\"};<\/script>\n\t\t\t\t<\/div><div  class=\"jeg_postblock_9 jeg_postblock jeg_module_hook jeg_pagination_disable jeg_col_2o3 jnews_module__14_69f1cc48aa510   \" data-unique=\"jnews_module__14_69f1cc48aa510\">\n\t\t\t\t\t<div class=\"jeg_block_heading jeg_block_heading_9 jeg_subcat_right\">\n                     <h3 class=\"jeg_block_title\"><a href='https:\/\/elreporterodelacomunidad.com\/index.php\/category\/educacion\/'><span>EDUCACI\u00d3N<\/span><\/a><\/h3>\n                     \n                 <\/div>\n\t\t\t\t\t<div class=\"jeg_block_container\">\n                    \n                    <div class=\"jeg_posts_wrap\"><div class=\"jeg_posts jeg_load_more_flag\"><article class=\"jeg_post jeg_pl_md_1 format-standard\">\n                    <div class=\"jeg_thumb\">\n                        \n                        <a href=\"https:\/\/elreporterodelacomunidad.com\/index.php\/2026\/04\/24\/invita-gobierno-de-sonora-a-celebrar-el-dia-de-la-nina-y-el-nino-en-el-parque-infantil\/\"><div class=\"thumbnail-container animate-lazy  size-500 \"><img loading=\"lazy\" decoding=\"async\" width=\"360\" height=\"180\" src=\"https:\/\/elreporterodelacomunidad.com\/wp-content\/themes\/jnews\/assets\/img\/jeg-empty.png\" class=\"attachment-jnews-360x180 size-jnews-360x180 lazyload wp-post-image\" alt=\"Invita Gobierno de Sonora a celebrar el D\u00eda de la Ni\u00f1a y el Ni\u00f1o en el Parque Infantil\" sizes=\"auto, (max-width: 360px) 100vw, 360px\" data-src=\"https:\/\/elreporterodelacomunidad.com\/wp-content\/uploads\/2026\/04\/1001041172-360x180.jpg\" data-srcset=\"https:\/\/elreporterodelacomunidad.com\/wp-content\/uploads\/2026\/04\/1001041172-360x180.jpg 360w, https:\/\/elreporterodelacomunidad.com\/wp-content\/uploads\/2026\/04\/1001041172-750x375.jpg 750w\" data-sizes=\"auto\" data-expand=\"700\" \/><\/div><\/a>\n                        <div class=\"jeg_post_category\">\n                            <span><a href=\"https:\/\/elreporterodelacomunidad.com\/index.php\/category\/educacion\/\" class=\"category-educacion\">Educaci\u00f3n<\/a><\/span>\n                        <\/div>\n                    <\/div>\n                    <div class=\"jeg_postblock_content\">\n                        <h3 class=\"jeg_post_title\">\n                            <a href=\"https:\/\/elreporterodelacomunidad.com\/index.php\/2026\/04\/24\/invita-gobierno-de-sonora-a-celebrar-el-dia-de-la-nina-y-el-nino-en-el-parque-infantil\/\">Invita Gobierno de Sonora a celebrar el D\u00eda de la Ni\u00f1a y el Ni\u00f1o en el Parque Infantil<\/a>\n                        <\/h3>\n                        <div class=\"jeg_post_meta\"><div class=\"jeg_meta_date\"><a href=\"https:\/\/elreporterodelacomunidad.com\/index.php\/2026\/04\/24\/invita-gobierno-de-sonora-a-celebrar-el-dia-de-la-nina-y-el-nino-en-el-parque-infantil\/\" ><i class=\"fa fa-clock-o\"><\/i> 24 abril, 2026<\/a><\/div><\/div>\n                    <\/div>\n                <\/article><article class=\"jeg_post jeg_pl_md_1 format-standard\">\n                    <div class=\"jeg_thumb\">\n                        \n                        <a href=\"https:\/\/elreporterodelacomunidad.com\/index.php\/2026\/04\/18\/impulsa-gobierno-de-hermosillo-en-alianza-con-la-fundacion-panamericana-para-el-desarrollo-el-programa-juventud-sostenible\/\"><div class=\"thumbnail-container animate-lazy  size-500 \"><img loading=\"lazy\" decoding=\"async\" width=\"360\" height=\"180\" src=\"https:\/\/elreporterodelacomunidad.com\/wp-content\/themes\/jnews\/assets\/img\/jeg-empty.png\" class=\"attachment-jnews-360x180 size-jnews-360x180 lazyload wp-post-image\" alt=\"Impulsa Gobierno de Hermosillo en alianza con la Fundaci\u00f3n Panamericana para el Desarrollo el programa \u201cJuventud Sostenible\u201d\" sizes=\"auto, (max-width: 360px) 100vw, 360px\" data-src=\"https:\/\/elreporterodelacomunidad.com\/wp-content\/uploads\/2026\/04\/b46ddd60-de1b-41c7-a7ab-07cbdcfde649-360x180.jpg\" data-srcset=\"https:\/\/elreporterodelacomunidad.com\/wp-content\/uploads\/2026\/04\/b46ddd60-de1b-41c7-a7ab-07cbdcfde649-360x180.jpg 360w, https:\/\/elreporterodelacomunidad.com\/wp-content\/uploads\/2026\/04\/b46ddd60-de1b-41c7-a7ab-07cbdcfde649-750x375.jpg 750w, https:\/\/elreporterodelacomunidad.com\/wp-content\/uploads\/2026\/04\/b46ddd60-de1b-41c7-a7ab-07cbdcfde649-1140x570.jpg 1140w\" data-sizes=\"auto\" data-expand=\"700\" \/><\/div><\/a>\n                        <div class=\"jeg_post_category\">\n                            <span><a href=\"https:\/\/elreporterodelacomunidad.com\/index.php\/category\/educacion\/\" class=\"category-educacion\">Educaci\u00f3n<\/a><\/span>\n                        <\/div>\n                    <\/div>\n                    <div class=\"jeg_postblock_content\">\n                        <h3 class=\"jeg_post_title\">\n                            <a href=\"https:\/\/elreporterodelacomunidad.com\/index.php\/2026\/04\/18\/impulsa-gobierno-de-hermosillo-en-alianza-con-la-fundacion-panamericana-para-el-desarrollo-el-programa-juventud-sostenible\/\">Impulsa Gobierno de Hermosillo en alianza con la Fundaci\u00f3n Panamericana para el Desarrollo el programa \u201cJuventud Sostenible\u201d<\/a>\n                        <\/h3>\n                        <div class=\"jeg_post_meta\"><div class=\"jeg_meta_date\"><a href=\"https:\/\/elreporterodelacomunidad.com\/index.php\/2026\/04\/18\/impulsa-gobierno-de-hermosillo-en-alianza-con-la-fundacion-panamericana-para-el-desarrollo-el-programa-juventud-sostenible\/\" ><i class=\"fa fa-clock-o\"><\/i> 18 abril, 2026<\/a><\/div><\/div>\n                    <\/div>\n                <\/article><\/div><\/div>\n                    <div class='module-overlay'>\n\t\t\t\t    <div class='preloader_type preloader_dot'>\n\t\t\t\t        <div class=\"module-preloader jeg_preloader dot\">\n\t\t\t\t            <span><\/span><span><\/span><span><\/span>\n\t\t\t\t        <\/div>\n\t\t\t\t        <div class=\"module-preloader jeg_preloader circle\">\n\t\t\t\t            <div class=\"jnews_preloader_circle_outer\">\n\t\t\t\t                <div class=\"jnews_preloader_circle_inner\"><\/div>\n\t\t\t\t            <\/div>\n\t\t\t\t        <\/div>\n\t\t\t\t        <div class=\"module-preloader jeg_preloader square\">\n\t\t\t\t            <div class=\"jeg_square\">\n\t\t\t\t                <div class=\"jeg_square_inner\"><\/div>\n\t\t\t\t            <\/div>\n\t\t\t\t        <\/div>\n\t\t\t\t    <\/div>\n\t\t\t\t<\/div>\n                <\/div>\n                <div class=\"jeg_block_navigation\">\n                    <div class='navigation_overlay'><div class='module-preloader jeg_preloader'><span><\/span><span><\/span><span><\/span><\/div><\/div>\n                    \n                    \n                <\/div>\n\t\t\t\t\t<style scoped>.jnews_module__14_69f1cc48aa510 .jeg_block_heading_9 { border-color: #dd9933; }.jnews_module__14_69f1cc48aa510 .jeg_meta_author a, .jnews_module__14_69f1cc48aa510 .jeg_post_title a:hover { color: #dd9933 }.jnews_module__14_69f1cc48aa510 .jeg_readmore:hover { background-color: #dd9933; }.jnews_module__14_69f1cc48aa510 .jeg_readmore:hover { border-color: #dd9933; }<\/style>\n\t\t\t\t\t<script>var jnews_module__14_69f1cc48aa510 = {\"header_icon\":\"\",\"first_title\":\"EDUCACI\\u00d3N\",\"second_title\":\"\",\"url\":\"https:\\\/\\\/elreporterodelacomunidad.com\\\/index.php\\\/category\\\/educacion\\\/\",\"header_type\":\"heading_9\",\"header_background\":\"\",\"header_secondary_background\":\"\",\"header_text_color\":\"\",\"header_line_color\":\"#dd9933\",\"header_accent_color\":\"\",\"header_filter_category\":\"\",\"header_filter_author\":\"\",\"header_filter_tag\":\"\",\"header_filter_text\":\"All\",\"post_type\":\"post\",\"content_type\":\"all\",\"number_post\":\"2\",\"post_offset\":\"0\",\"unique_content\":\"disable\",\"include_post\":\"\",\"exclude_post\":\"\",\"include_category\":\"36\",\"exclude_category\":\"\",\"include_author\":\"\",\"include_tag\":\"\",\"exclude_tag\":\"\",\"sort_by\":\"latest\",\"date_format\":\"default\",\"date_format_custom\":\"Y\\\/m\\\/d\",\"force_normal_image_load\":\"\",\"pagination_mode\":\"disable\",\"pagination_nextprev_showtext\":\"\",\"pagination_number_post\":4,\"pagination_scroll_limit\":0,\"boxed\":\"\",\"boxed_shadow\":\"\",\"el_id\":\"\",\"el_class\":\"\",\"scheme\":\"\",\"column_width\":\"auto\",\"title_color\":\"\",\"accent_color\":\"#dd9933\",\"alt_color\":\"\",\"excerpt_color\":\"\",\"css\":\"\",\"compatible_column_notice\":\"\",\"paged\":1,\"column_class\":\"jeg_col_2o3\",\"class\":\"jnews_block_9\"};<\/script>\n\t\t\t\t<\/div><div  class=\"jeg_postblock_14 jeg_postblock jeg_module_hook jeg_pagination_disable jeg_col_2o3 jnews_module__15_69f1cc48ad8dc   \" data-unique=\"jnews_module__15_69f1cc48ad8dc\">\n\t\t\t\t\t<div class=\"jeg_block_heading jeg_block_heading_9 jeg_subcat_right\">\n                     <h3 class=\"jeg_block_title\"><a href='https:\/\/elreporterodelacomunidad.com\/index.php\/category\/cultura\/'><span>CULTURA<\/span><\/a><\/h3>\n                     \n                 <\/div>\n\t\t\t\t\t<div class=\"jeg_block_container\">\n                    \n                    <div class=\"jeg_posts_wrap\">\n                    <div class=\"jeg_postbig\">\n                        <article class=\"jeg_post jeg_pl_lg_box format-standard\">\n                            <div class=\"box_wrap\">\n                                <div class=\"jeg_thumb\">\n                        \n                        <a href=\"https:\/\/elreporterodelacomunidad.com\/index.php\/2026\/04\/28\/registra-gobierno-de-hermosillo-una-jornada-exitosa-en-la-actividad-leyendo-por-la-h\/\"><div class=\"thumbnail-container animate-lazy  size-500 \"><img loading=\"lazy\" decoding=\"async\" width=\"750\" height=\"375\" src=\"https:\/\/elreporterodelacomunidad.com\/wp-content\/themes\/jnews\/assets\/img\/jeg-empty.png\" class=\"attachment-jnews-750x375 size-jnews-750x375 lazyload wp-post-image\" alt=\"Registra Gobierno de Hermosillo una jornada exitosa en la actividad &#8220;Leyendo por la H&#8221;\" sizes=\"auto, (max-width: 750px) 100vw, 750px\" data-src=\"https:\/\/elreporterodelacomunidad.com\/wp-content\/uploads\/2026\/04\/58c4f252-5d4e-454b-b1c0-d6c258164861-750x375.jpg\" data-srcset=\"https:\/\/elreporterodelacomunidad.com\/wp-content\/uploads\/2026\/04\/58c4f252-5d4e-454b-b1c0-d6c258164861-750x375.jpg 750w, https:\/\/elreporterodelacomunidad.com\/wp-content\/uploads\/2026\/04\/58c4f252-5d4e-454b-b1c0-d6c258164861-360x180.jpg 360w, https:\/\/elreporterodelacomunidad.com\/wp-content\/uploads\/2026\/04\/58c4f252-5d4e-454b-b1c0-d6c258164861-1140x570.jpg 1140w\" data-sizes=\"auto\" data-expand=\"700\" \/><\/div><\/a>\n                    <\/div>\n                    <div class=\"jeg_postblock_content\">\n                        <div class=\"jeg_post_category\">\n                            <span><a href=\"https:\/\/elreporterodelacomunidad.com\/index.php\/category\/cultura\/\" class=\"category-cultura\">Cultura<\/a><\/span>\n                        <\/div>\n                        <h3 class=\"jeg_post_title\">\n                            <a href=\"https:\/\/elreporterodelacomunidad.com\/index.php\/2026\/04\/28\/registra-gobierno-de-hermosillo-una-jornada-exitosa-en-la-actividad-leyendo-por-la-h\/\">Registra Gobierno de Hermosillo una jornada exitosa en la actividad &#8220;Leyendo por la H&#8221;<\/a>\n                        <\/h3>\n                        <div class=\"jeg_post_meta\"><div class=\"jeg_meta_author\"><span class=\"by\">Por<\/span> <a href=\"https:\/\/elreporterodelacomunidad.com\/index.php\/author\/carlosg2\/\">Carlos Alberto Gutierrez Celaya<\/a><\/div><div class=\"jeg_meta_date\"><a href=\"https:\/\/elreporterodelacomunidad.com\/index.php\/2026\/04\/28\/registra-gobierno-de-hermosillo-una-jornada-exitosa-en-la-actividad-leyendo-por-la-h\/\"><i class=\"fa fa-clock-o\"><\/i> 28 abril, 2026<\/a><\/div><\/div>\n                    <\/div>\n                            <\/div>\n                        <\/article>\n                    <\/div>\n                    <div class=\"jeg_posts jeg_load_more_flag\">\n                        <article class=\"jeg_post jeg_pl_md_1 format-standard\"><div class=\"jeg_thumb\">\n                        \n                        <a href=\"https:\/\/elreporterodelacomunidad.com\/index.php\/2026\/04\/24\/inaugura-exposicion-la-gran-embestida-cronicas-de-amor-y-violencia-en-el-musas\/\"><div class=\"thumbnail-container animate-lazy  size-500 \"><img loading=\"lazy\" decoding=\"async\" width=\"360\" height=\"180\" src=\"https:\/\/elreporterodelacomunidad.com\/wp-content\/themes\/jnews\/assets\/img\/jeg-empty.png\" class=\"attachment-jnews-360x180 size-jnews-360x180 lazyload wp-post-image\" alt=\"Inaugura exposici\u00f3n &#8220;La gran embestida: cr\u00f3nicas de amor y violencia&#8221; en el Musas\" sizes=\"auto, (max-width: 360px) 100vw, 360px\" data-src=\"https:\/\/elreporterodelacomunidad.com\/wp-content\/uploads\/2026\/04\/2bb0addf-d064-4101-8ed4-c413faaf558e-360x180.jpg\" data-srcset=\"https:\/\/elreporterodelacomunidad.com\/wp-content\/uploads\/2026\/04\/2bb0addf-d064-4101-8ed4-c413faaf558e-360x180.jpg 360w, https:\/\/elreporterodelacomunidad.com\/wp-content\/uploads\/2026\/04\/2bb0addf-d064-4101-8ed4-c413faaf558e-750x375.jpg 750w, https:\/\/elreporterodelacomunidad.com\/wp-content\/uploads\/2026\/04\/2bb0addf-d064-4101-8ed4-c413faaf558e-1140x570.jpg 1140w\" data-sizes=\"auto\" data-expand=\"700\" \/><\/div><\/a>\n                    <\/div>\n                    <div class=\"jeg_postblock_content\">\n                        <div class=\"jeg_post_category\">\n                            <span><a href=\"https:\/\/elreporterodelacomunidad.com\/index.php\/category\/cultura\/\" class=\"category-cultura\">Cultura<\/a><\/span>\n                        <\/div>\n                        <h3 class=\"jeg_post_title\">\n                            <a href=\"https:\/\/elreporterodelacomunidad.com\/index.php\/2026\/04\/24\/inaugura-exposicion-la-gran-embestida-cronicas-de-amor-y-violencia-en-el-musas\/\">Inaugura exposici\u00f3n &#8220;La gran embestida: cr\u00f3nicas de amor y violencia&#8221; en el Musas<\/a>\n                        <\/h3>\n                        <div class=\"jeg_post_meta\"><div class=\"jeg_meta_author\"><span class=\"by\">Por<\/span> <a href=\"https:\/\/elreporterodelacomunidad.com\/index.php\/author\/carlosg2\/\">Carlos Alberto Gutierrez Celaya<\/a><\/div><div class=\"jeg_meta_date\"><a href=\"https:\/\/elreporterodelacomunidad.com\/index.php\/2026\/04\/24\/inaugura-exposicion-la-gran-embestida-cronicas-de-amor-y-violencia-en-el-musas\/\"><i class=\"fa fa-clock-o\"><\/i> 24 abril, 2026<\/a><\/div><\/div>\n                    <\/div><\/article><article class=\"jeg_post jeg_pl_md_1 format-standard\"><div class=\"jeg_thumb\">\n                        \n                        <a href=\"https:\/\/elreporterodelacomunidad.com\/index.php\/2026\/04\/24\/presentan-el-libro-las-furias-en-el-ciclo-jueves-de-literatura-y-arte\/\"><div class=\"thumbnail-container animate-lazy  size-500 \"><img loading=\"lazy\" decoding=\"async\" width=\"360\" height=\"180\" src=\"https:\/\/elreporterodelacomunidad.com\/wp-content\/themes\/jnews\/assets\/img\/jeg-empty.png\" class=\"attachment-jnews-360x180 size-jnews-360x180 lazyload wp-post-image\" alt=\"Presentan el libro &#8220;Las Furias&#8221; en el ciclo Jueves de Literatura y Arte\" sizes=\"auto, (max-width: 360px) 100vw, 360px\" data-src=\"https:\/\/elreporterodelacomunidad.com\/wp-content\/uploads\/2026\/04\/b6d03019-d476-43c8-a8f3-04822270403f-360x180.jpg\" data-srcset=\"https:\/\/elreporterodelacomunidad.com\/wp-content\/uploads\/2026\/04\/b6d03019-d476-43c8-a8f3-04822270403f-360x180.jpg 360w, https:\/\/elreporterodelacomunidad.com\/wp-content\/uploads\/2026\/04\/b6d03019-d476-43c8-a8f3-04822270403f-750x375.jpg 750w, https:\/\/elreporterodelacomunidad.com\/wp-content\/uploads\/2026\/04\/b6d03019-d476-43c8-a8f3-04822270403f-1140x570.jpg 1140w\" data-sizes=\"auto\" data-expand=\"700\" \/><\/div><\/a>\n                    <\/div>\n                    <div class=\"jeg_postblock_content\">\n                        <div class=\"jeg_post_category\">\n                            <span><a href=\"https:\/\/elreporterodelacomunidad.com\/index.php\/category\/cultura\/\" class=\"category-cultura\">Cultura<\/a><\/span>\n                        <\/div>\n                        <h3 class=\"jeg_post_title\">\n                            <a href=\"https:\/\/elreporterodelacomunidad.com\/index.php\/2026\/04\/24\/presentan-el-libro-las-furias-en-el-ciclo-jueves-de-literatura-y-arte\/\">Presentan el libro &#8220;Las Furias&#8221; en el ciclo Jueves de Literatura y Arte<\/a>\n                        <\/h3>\n                        <div class=\"jeg_post_meta\"><div class=\"jeg_meta_author\"><span class=\"by\">Por<\/span> <a href=\"https:\/\/elreporterodelacomunidad.com\/index.php\/author\/carlosg2\/\">Carlos Alberto Gutierrez Celaya<\/a><\/div><div class=\"jeg_meta_date\"><a href=\"https:\/\/elreporterodelacomunidad.com\/index.php\/2026\/04\/24\/presentan-el-libro-las-furias-en-el-ciclo-jueves-de-literatura-y-arte\/\"><i class=\"fa fa-clock-o\"><\/i> 24 abril, 2026<\/a><\/div><\/div>\n                    <\/div><\/article>\n                    <\/div>\n                <\/div>\n                    <div class='module-overlay'>\n\t\t\t\t    <div class='preloader_type preloader_dot'>\n\t\t\t\t        <div class=\"module-preloader jeg_preloader dot\">\n\t\t\t\t            <span><\/span><span><\/span><span><\/span>\n\t\t\t\t        <\/div>\n\t\t\t\t        <div class=\"module-preloader jeg_preloader circle\">\n\t\t\t\t            <div class=\"jnews_preloader_circle_outer\">\n\t\t\t\t                <div class=\"jnews_preloader_circle_inner\"><\/div>\n\t\t\t\t            <\/div>\n\t\t\t\t        <\/div>\n\t\t\t\t        <div class=\"module-preloader jeg_preloader square\">\n\t\t\t\t            <div class=\"jeg_square\">\n\t\t\t\t                <div class=\"jeg_square_inner\"><\/div>\n\t\t\t\t            <\/div>\n\t\t\t\t        <\/div>\n\t\t\t\t    <\/div>\n\t\t\t\t<\/div>\n                <\/div>\n                <div class=\"jeg_block_navigation\">\n                    <div class='navigation_overlay'><div class='module-preloader jeg_preloader'><span><\/span><span><\/span><span><\/span><\/div><\/div>\n                    \n                    \n                <\/div>\n\t\t\t\t\t<style scoped>.jnews_module__15_69f1cc48ad8dc .jeg_block_heading_9 { border-color: #dd9933; }.jnews_module__15_69f1cc48ad8dc .jeg_meta_author a, .jnews_module__15_69f1cc48ad8dc .jeg_post_title a:hover { color: #dd9933 }.jnews_module__15_69f1cc48ad8dc .jeg_readmore:hover { background-color: #dd9933; }.jnews_module__15_69f1cc48ad8dc .jeg_readmore:hover { border-color: #dd9933; }<\/style>\n\t\t\t\t\t<script>var jnews_module__15_69f1cc48ad8dc = {\"header_icon\":\"\",\"first_title\":\"CULTURA\",\"second_title\":\"\",\"url\":\"https:\\\/\\\/elreporterodelacomunidad.com\\\/index.php\\\/category\\\/cultura\\\/\",\"header_type\":\"heading_9\",\"header_background\":\"\",\"header_secondary_background\":\"\",\"header_text_color\":\"\",\"header_line_color\":\"#dd9933\",\"header_accent_color\":\"\",\"header_filter_category\":\"\",\"header_filter_author\":\"\",\"header_filter_tag\":\"\",\"header_filter_text\":\"All\",\"post_type\":\"post\",\"content_type\":\"all\",\"number_post\":\"3\",\"post_offset\":\"0\",\"unique_content\":\"disable\",\"include_post\":\"\",\"exclude_post\":\"\",\"include_category\":\"41\",\"exclude_category\":\"\",\"include_author\":\"\",\"include_tag\":\"\",\"exclude_tag\":\"\",\"sort_by\":\"latest\",\"date_format\":\"default\",\"date_format_custom\":\"Y\\\/m\\\/d\",\"force_normal_image_load\":\"\",\"pagination_mode\":\"disable\",\"pagination_nextprev_showtext\":\"\",\"pagination_number_post\":4,\"pagination_scroll_limit\":0,\"boxed\":\"\",\"boxed_shadow\":\"\",\"el_id\":\"\",\"el_class\":\"\",\"scheme\":\"\",\"column_width\":\"auto\",\"title_color\":\"\",\"accent_color\":\"#dd9933\",\"alt_color\":\"\",\"excerpt_color\":\"\",\"css\":\"\",\"compatible_column_notice\":\"\",\"paged\":1,\"column_class\":\"jeg_col_2o3\",\"class\":\"jnews_block_14\"};<\/script>\n\t\t\t\t<\/div><div  class=\"jeg_postblock_1 jeg_postblock jeg_module_hook jeg_pagination_disable jeg_col_2o3 jnews_module__16_69f1cc48b06ef   \" data-unique=\"jnews_module__16_69f1cc48b06ef\">\n\t\t\t\t\t<div class=\"jeg_block_heading jeg_block_heading_9 jeg_subcat_right\">\n                     <h3 class=\"jeg_block_title\"><a href='https:\/\/elreporterodelacomunidad.com\/index.php\/category\/cienciaytecnologia\/'><span>CIENCIA Y TECNOLOG\u00cdA<\/span><\/a><\/h3>\n                     \n                 <\/div>\n\t\t\t\t\t<div class=\"jeg_block_container jeg_load_more_flag\">\n\t\t\t\t\t\n\t\t\t\t\t<div class=\"jeg_posts row\">\n\t\t\t\t\t<article class=\"jeg_post jeg_pl_lg_1 col-sm-6 format-standard\">\n\t\t\t\t\t\t<div class=\"jeg_thumb\">\n\t\t\t\t\t\n\t\t\t\t\t<a href=\"https:\/\/elreporterodelacomunidad.com\/index.php\/2026\/04\/19\/presenta-gobierno-de-sonora-la-hemeroteca-digital-sonora\/\"><div class=\"thumbnail-container animate-lazy  size-500 \"><img loading=\"lazy\" decoding=\"async\" width=\"360\" height=\"180\" src=\"https:\/\/elreporterodelacomunidad.com\/wp-content\/themes\/jnews\/assets\/img\/jeg-empty.png\" class=\"attachment-jnews-360x180 size-jnews-360x180 lazyload wp-post-image\" alt=\"Presenta Gobierno de Sonora la Hemeroteca Digital Sonora\" sizes=\"auto, (max-width: 360px) 100vw, 360px\" data-src=\"https:\/\/elreporterodelacomunidad.com\/wp-content\/uploads\/2026\/04\/CB42F98B-8756-4040-B2E9-1572C5866A36-360x180.jpeg\" data-srcset=\"https:\/\/elreporterodelacomunidad.com\/wp-content\/uploads\/2026\/04\/CB42F98B-8756-4040-B2E9-1572C5866A36-360x180.jpeg 360w, https:\/\/elreporterodelacomunidad.com\/wp-content\/uploads\/2026\/04\/CB42F98B-8756-4040-B2E9-1572C5866A36-750x375.jpeg 750w, https:\/\/elreporterodelacomunidad.com\/wp-content\/uploads\/2026\/04\/CB42F98B-8756-4040-B2E9-1572C5866A36-1140x570.jpeg 1140w\" data-sizes=\"auto\" data-expand=\"700\" \/><\/div><\/a>\n\t\t\t\t\t<div class=\"jeg_post_category\">\n\t\t\t\t\t\t<span><a href=\"https:\/\/elreporterodelacomunidad.com\/index.php\/category\/cienciaytecnologia\/\" class=\"category-cienciaytecnologia\">Ciencia y Tecnolog\u00eda<\/a><\/span>\n\t\t\t\t\t<\/div>\n\t\t\t\t<\/div>\n\t\t\t\t<div class=\"jeg_postblock_content\">\n\t\t\t\t\t<h3 property=\"headline\" class=\"jeg_post_title\">\n\t\t\t\t\t\t<a href=\"https:\/\/elreporterodelacomunidad.com\/index.php\/2026\/04\/19\/presenta-gobierno-de-sonora-la-hemeroteca-digital-sonora\/\">Presenta Gobierno de Sonora la Hemeroteca Digital Sonora<\/a>\n\t\t\t\t\t<\/h3>\n\t\t\t\t\t<div class=\"jeg_post_meta\"><div class=\"jeg_meta_author\"><span class=\"by\">Por<\/span> <a href=\"https:\/\/elreporterodelacomunidad.com\/index.php\/author\/carlosg2\/\">Carlos Alberto Gutierrez Celaya<\/a><\/div><div class=\"jeg_meta_date\"><a href=\"https:\/\/elreporterodelacomunidad.com\/index.php\/2026\/04\/19\/presenta-gobierno-de-sonora-la-hemeroteca-digital-sonora\/\"><i class=\"fa fa-clock-o\"><\/i> 19 abril, 2026<\/a><\/div><div class=\"jeg_meta_comment\"><a href=\"https:\/\/elreporterodelacomunidad.com\/index.php\/2026\/04\/19\/presenta-gobierno-de-sonora-la-hemeroteca-digital-sonora\/#comments\" ><i class=\"fa fa-comment-o\"><\/i> 0 <\/a><\/div><\/div>\n\t\t\t\t\t<div class=\"jeg_post_excerpt\">\n\t\t\t\t\t\t<p>Hermosillo, Sonora; 19 de abril de 2026.\u2013 El Gobierno de Sonora, a trav\u00e9s de la Direcci\u00f3n General del Bolet\u00edn Oficial...<\/p>\n\t\t\t\t\t\t<a href=\"https:\/\/elreporterodelacomunidad.com\/index.php\/2026\/04\/19\/presenta-gobierno-de-sonora-la-hemeroteca-digital-sonora\/\" class=\"jeg_readmore\">Leer m\u00e1s<\/a>\n\t\t\t\t\t<\/div>\n\t\t\t\t<\/div>\n\t\t\t\t\t<\/article>\n\t\t\t\t\t<div class=\"jeg_postsmall col-sm-6\">\n\t\t\t\t\t\t<article class=\"jeg_post jeg_pl_sm format-standard\">\n\t\t\t\t\t<div class=\"jeg_thumb\">\n\t\t\t\t\t\t\n\t\t\t\t\t\t<a href=\"https:\/\/elreporterodelacomunidad.com\/index.php\/2026\/04\/19\/gobernador-durazo-profesionaliza-a-350-mil-sonorenses-en-inteligencia-artificial-con-microsoft\/\">\n\t\t\t\t\t\t\t<div class=\"thumbnail-container animate-lazy  size-715 \"><img loading=\"lazy\" decoding=\"async\" width=\"120\" height=\"86\" src=\"https:\/\/elreporterodelacomunidad.com\/wp-content\/themes\/jnews\/assets\/img\/jeg-empty.png\" class=\"attachment-jnews-120x86 size-jnews-120x86 lazyload wp-post-image\" alt=\"Gobernador Durazo profesionaliza a 350 mil sonorenses en inteligencia artificial con Microsoft\" sizes=\"auto, (max-width: 120px) 100vw, 120px\" data-src=\"https:\/\/elreporterodelacomunidad.com\/wp-content\/uploads\/2026\/04\/f6b980b5-d689-4db8-8586-6ce5624b6ca4-120x86.jpg\" data-srcset=\"https:\/\/elreporterodelacomunidad.com\/wp-content\/uploads\/2026\/04\/f6b980b5-d689-4db8-8586-6ce5624b6ca4-120x86.jpg 120w, https:\/\/elreporterodelacomunidad.com\/wp-content\/uploads\/2026\/04\/f6b980b5-d689-4db8-8586-6ce5624b6ca4-350x250.jpg 350w, https:\/\/elreporterodelacomunidad.com\/wp-content\/uploads\/2026\/04\/f6b980b5-d689-4db8-8586-6ce5624b6ca4-750x536.jpg 750w, https:\/\/elreporterodelacomunidad.com\/wp-content\/uploads\/2026\/04\/f6b980b5-d689-4db8-8586-6ce5624b6ca4-1140x815.jpg 1140w\" data-sizes=\"auto\" data-expand=\"700\" \/><\/div>\n\t\t\t\t\t\t<\/a>\n\t\t\t\t\t<\/div>\n\t\t\t\t\t<div class=\"jeg_postblock_content\">\n\t\t\t\t\t\t<h3 class=\"jeg_post_title\">\n\t\t\t\t\t\t\t<a href=\"https:\/\/elreporterodelacomunidad.com\/index.php\/2026\/04\/19\/gobernador-durazo-profesionaliza-a-350-mil-sonorenses-en-inteligencia-artificial-con-microsoft\/\">Gobernador Durazo profesionaliza a 350 mil sonorenses en inteligencia artificial con Microsoft<\/a>\n\t\t\t\t\t\t<\/h3>\n\t\t\t\t\t\t<div class=\"jeg_post_meta\"><div class=\"jeg_meta_date\"><a href=\"https:\/\/elreporterodelacomunidad.com\/index.php\/2026\/04\/19\/gobernador-durazo-profesionaliza-a-350-mil-sonorenses-en-inteligencia-artificial-con-microsoft\/\" ><i class=\"fa fa-clock-o\"><\/i> 19 abril, 2026<\/a><\/div><\/div>\n\t\t\t\t\t<\/div>\n\t\t\t\t<\/article><article class=\"jeg_post jeg_pl_sm format-standard\">\n\t\t\t\t\t<div class=\"jeg_thumb\">\n\t\t\t\t\t\t\n\t\t\t\t\t\t<a href=\"https:\/\/elreporterodelacomunidad.com\/index.php\/2026\/04\/18\/sonora-move-cierra-con-resultados-impulsa-proveeduria-inversion-y-conexion-con-la-industria-global\/\">\n\t\t\t\t\t\t\t<div class=\"thumbnail-container animate-lazy  size-715 \"><img loading=\"lazy\" decoding=\"async\" width=\"120\" height=\"86\" src=\"https:\/\/elreporterodelacomunidad.com\/wp-content\/themes\/jnews\/assets\/img\/jeg-empty.png\" class=\"attachment-jnews-120x86 size-jnews-120x86 lazyload wp-post-image\" alt=\"Sonora Move cierra con resultados: impulsa proveedur\u00eda, inversi\u00f3n y conexi\u00f3n con la industria global\" sizes=\"auto, (max-width: 120px) 100vw, 120px\" data-src=\"https:\/\/elreporterodelacomunidad.com\/wp-content\/uploads\/2026\/04\/Sin-titulo-120x86.jpg\" data-srcset=\"https:\/\/elreporterodelacomunidad.com\/wp-content\/uploads\/2026\/04\/Sin-titulo-120x86.jpg 120w, https:\/\/elreporterodelacomunidad.com\/wp-content\/uploads\/2026\/04\/Sin-titulo-350x250.jpg 350w, https:\/\/elreporterodelacomunidad.com\/wp-content\/uploads\/2026\/04\/Sin-titulo-750x536.jpg 750w, https:\/\/elreporterodelacomunidad.com\/wp-content\/uploads\/2026\/04\/Sin-titulo-1140x815.jpg 1140w\" data-sizes=\"auto\" data-expand=\"700\" \/><\/div>\n\t\t\t\t\t\t<\/a>\n\t\t\t\t\t<\/div>\n\t\t\t\t\t<div class=\"jeg_postblock_content\">\n\t\t\t\t\t\t<h3 class=\"jeg_post_title\">\n\t\t\t\t\t\t\t<a href=\"https:\/\/elreporterodelacomunidad.com\/index.php\/2026\/04\/18\/sonora-move-cierra-con-resultados-impulsa-proveeduria-inversion-y-conexion-con-la-industria-global\/\">Sonora Move cierra con resultados: impulsa proveedur\u00eda, inversi\u00f3n y conexi\u00f3n con la industria global<\/a>\n\t\t\t\t\t\t<\/h3>\n\t\t\t\t\t\t<div class=\"jeg_post_meta\"><div class=\"jeg_meta_date\"><a href=\"https:\/\/elreporterodelacomunidad.com\/index.php\/2026\/04\/18\/sonora-move-cierra-con-resultados-impulsa-proveeduria-inversion-y-conexion-con-la-industria-global\/\" ><i class=\"fa fa-clock-o\"><\/i> 18 abril, 2026<\/a><\/div><\/div>\n\t\t\t\t\t<\/div>\n\t\t\t\t<\/article>\n\t\t\t\t\t<\/div>\n\t\t\t\t<\/div>\n\t\t\t\t\t<div class='module-overlay'>\n\t\t\t\t    <div class='preloader_type preloader_dot'>\n\t\t\t\t        <div class=\"module-preloader jeg_preloader dot\">\n\t\t\t\t            <span><\/span><span><\/span><span><\/span>\n\t\t\t\t        <\/div>\n\t\t\t\t        <div class=\"module-preloader jeg_preloader circle\">\n\t\t\t\t            <div class=\"jnews_preloader_circle_outer\">\n\t\t\t\t                <div class=\"jnews_preloader_circle_inner\"><\/div>\n\t\t\t\t            <\/div>\n\t\t\t\t        <\/div>\n\t\t\t\t        <div class=\"module-preloader jeg_preloader square\">\n\t\t\t\t            <div class=\"jeg_square\">\n\t\t\t\t                <div class=\"jeg_square_inner\"><\/div>\n\t\t\t\t            <\/div>\n\t\t\t\t        <\/div>\n\t\t\t\t    <\/div>\n\t\t\t\t<\/div>\n\t\t\t\t<\/div>\n\t\t\t\t<div class=\"jeg_block_navigation\">\n\t\t\t\t\t<div class='navigation_overlay'><div class='module-preloader jeg_preloader'><span><\/span><span><\/span><span><\/span><\/div><\/div>\n\t\t\t\t\t\n\t\t\t\t\t\n\t\t\t\t<\/div>\n\t\t\t\t\t<style scoped>.jnews_module__16_69f1cc48b06ef .jeg_block_heading_9 .jeg_block_title span, .jnews_module__16_69f1cc48b06ef .jeg_block_heading_9 .jeg_block_title i { color: #000000; }.jnews_module__16_69f1cc48b06ef .jeg_block_heading_9 { border-color: #dd9933; }<\/style>\n\t\t\t\t\t<script>var jnews_module__16_69f1cc48b06ef = {\"header_icon\":\"\",\"first_title\":\"CIENCIA Y TECNOLOG\\u00cdA\",\"second_title\":\"\",\"url\":\"https:\\\/\\\/elreporterodelacomunidad.com\\\/index.php\\\/category\\\/cienciaytecnologia\\\/\",\"header_type\":\"heading_9\",\"header_background\":\"\",\"header_secondary_background\":\"\",\"header_text_color\":\"#000000\",\"header_line_color\":\"#dd9933\",\"header_accent_color\":\"\",\"header_filter_category\":\"\",\"header_filter_author\":\"\",\"header_filter_tag\":\"\",\"header_filter_text\":\"All\",\"post_type\":\"post\",\"content_type\":\"all\",\"number_post\":\"3\",\"post_offset\":\"0\",\"unique_content\":\"disable\",\"include_post\":\"\",\"exclude_post\":\"\",\"include_category\":\"40\",\"exclude_category\":\"\",\"include_author\":\"\",\"include_tag\":\"\",\"exclude_tag\":\"\",\"sort_by\":\"latest\",\"date_format\":\"default\",\"date_format_custom\":\"Y\\\/m\\\/d\",\"excerpt_length\":\"20\",\"excerpt_ellipsis\":\"...\",\"force_normal_image_load\":\"\",\"pagination_mode\":\"disable\",\"pagination_nextprev_showtext\":\"\",\"pagination_number_post\":5,\"pagination_scroll_limit\":0,\"boxed\":\"\",\"boxed_shadow\":\"\",\"el_id\":\"\",\"el_class\":\"\",\"scheme\":\"\",\"column_width\":\"auto\",\"title_color\":\"\",\"accent_color\":\"\",\"alt_color\":\"\",\"excerpt_color\":\"\",\"css\":\"\",\"compatible_column_notice\":\"\",\"paged\":1,\"column_class\":\"jeg_col_2o3\",\"class\":\"jnews_block_1\"};<\/script>\n\t\t\t\t<\/div>[\/vc_column][\/vc_row][vc_row full_width=&#8221;stretch_row_content&#8221; vc_row_background=&#8221;&#8221;][vc_column]<div  class=\"jeg_heroblock jeg_heroblock_1 jeg_col_2o3 jeg_hero_style_1 jnews_module__17_69f1cc48b35b8   tiny-slider\" data-margin=\"3\"  data-autoplay=\"true\"\" data-delay=\"3000\"\">\n                <div class=\"jeg_hero_wrapper\"><div class=\"jeg_heroblock_wrapper\" style='margin: 0px 0px -3px -3px;'>\n\t                <article class=\"jeg_post jeg_hero_item_1 format-standard\" style=\"padding: 0 0 3px 3px;\">\n                        <div class=\"jeg_block_container\">\n                            \n                            <span class=\"jeg_postformat_icon\"><\/span>\n                            <div class=\"jeg_thumb\">\n                                <a href=\"https:\/\/elreporterodelacomunidad.com\/index.php\/2026\/04\/28\/alumno-de-uts-conquista-doble-oro-en-atletismo-en-el-1er-encuentro-nacional-cultural-y-deportivo\/\" ><div class=\"thumbnail-container thumbnail-background\" data-src=\"https:\/\/elreporterodelacomunidad.com\/wp-content\/uploads\/2026\/04\/b3e8629f-c347-40a5-8eae-1c7b1d41e0b2-1-e1777413468488-750x655.jpg\" >\n                        <div class=\"lazyloaded\" data-src=\"https:\/\/elreporterodelacomunidad.com\/wp-content\/uploads\/2026\/04\/b3e8629f-c347-40a5-8eae-1c7b1d41e0b2-1-e1777413468488-750x655.jpg\" style=\"background-image: url(https:\/\/elreporterodelacomunidad.com\/wp-content\/uploads\/2026\/04\/b3e8629f-c347-40a5-8eae-1c7b1d41e0b2-1-e1777413468488-750x655.jpg)\"><\/div>\n                    <\/div><\/a>\n                            <\/div>\n                            <div class=\"jeg_postblock_content\">\n                                <div class=\"jeg_post_category\"><a href=\"https:\/\/elreporterodelacomunidad.com\/index.php\/category\/deportes\/\" class=\"category-deportes\">Deportes<\/a><\/div>\n                                <div class=\"jeg_post_info\">\n                                    <h2 class=\"jeg_post_title\">\n                                        <a href=\"https:\/\/elreporterodelacomunidad.com\/index.php\/2026\/04\/28\/alumno-de-uts-conquista-doble-oro-en-atletismo-en-el-1er-encuentro-nacional-cultural-y-deportivo\/\" >Alumno de UTS conquista doble oro en atletismo en el 1er Encuentro Nacional Cultural y Deportivo<\/a>\n                                    <\/h2>\n                                    <div class=\"jeg_post_meta\"><div class=\"jeg_meta_author\"><span class=\"by\">Por<\/span> <a href=\"https:\/\/elreporterodelacomunidad.com\/index.php\/author\/carlosg2\/\">Carlos Alberto Gutierrez Celaya<\/a><\/div><div class=\"jeg_meta_date\"><a href=\"https:\/\/elreporterodelacomunidad.com\/index.php\/2026\/04\/28\/alumno-de-uts-conquista-doble-oro-en-atletismo-en-el-1er-encuentro-nacional-cultural-y-deportivo\/\"><i class=\"fa fa-clock-o\"><\/i> 28 abril, 2026<\/a><\/div><\/div>\n                                <\/div>\n                            <\/div>\n                        <\/div>\n                    <\/article>\n                <div class=\"jeg_heroblock_scroller\">\n                    <article class=\"jeg_post jeg_hero_item_2 format-standard\" style=\"padding: 0 0 3px 3px;\">\n                        <div class=\"jeg_block_container\">\n                            \n                            <span class=\"jeg_postformat_icon\"><\/span>\n                            <div class=\"jeg_thumb\">\n                                <a href=\"https:\/\/elreporterodelacomunidad.com\/index.php\/2026\/04\/27\/mas-de-un-ano-en-abandono-el-centro-de-gimnasia-de-alto-rendimiento\/\" ><div class=\"thumbnail-container thumbnail-background\" data-src=\"https:\/\/elreporterodelacomunidad.com\/wp-content\/uploads\/2026\/04\/piden-restitucion-de-entrenador-de-gimnasia-en-el-cum-284455-750x563.jpg\" >\n                        <div class=\"lazyloaded\" data-src=\"https:\/\/elreporterodelacomunidad.com\/wp-content\/uploads\/2026\/04\/piden-restitucion-de-entrenador-de-gimnasia-en-el-cum-284455-750x563.jpg\" style=\"background-image: url(https:\/\/elreporterodelacomunidad.com\/wp-content\/uploads\/2026\/04\/piden-restitucion-de-entrenador-de-gimnasia-en-el-cum-284455-750x563.jpg)\"><\/div>\n                    <\/div><\/a>\n                            <\/div>\n                            <div class=\"jeg_postblock_content\">\n                                <div class=\"jeg_post_category\"><a href=\"https:\/\/elreporterodelacomunidad.com\/index.php\/category\/carlos-alberto-gutierrez-celaya\/\" class=\"category-carlos-alberto-gutierrez-celaya\">Carlos Alberto Guti\u00e9rrez Celaya<\/a><\/div>\n                                <div class=\"jeg_post_info\">\n                                    <h2 class=\"jeg_post_title\">\n                                        <a href=\"https:\/\/elreporterodelacomunidad.com\/index.php\/2026\/04\/27\/mas-de-un-ano-en-abandono-el-centro-de-gimnasia-de-alto-rendimiento\/\" >M\u00e1s de un a\u00f1o en abandono el Centro de Gimnasia de Alto Rendimiento<\/a>\n                                    <\/h2>\n                                    <div class=\"jeg_post_meta\"><div class=\"jeg_meta_date\"><a href=\"https:\/\/elreporterodelacomunidad.com\/index.php\/2026\/04\/27\/mas-de-un-ano-en-abandono-el-centro-de-gimnasia-de-alto-rendimiento\/\" ><i class=\"fa fa-clock-o\"><\/i> 27 abril, 2026<\/a><\/div><\/div>\n                                <\/div>\n                            <\/div>\n                        <\/div>\n                    <\/article><article class=\"jeg_post jeg_hero_item_3 format-standard\" style=\"padding: 0 0 3px 3px;\">\n                        <div class=\"jeg_block_container\">\n                            \n                            <span class=\"jeg_postformat_icon\"><\/span>\n                            <div class=\"jeg_thumb\">\n                                <a href=\"https:\/\/elreporterodelacomunidad.com\/index.php\/2026\/04\/26\/la-aebes-vive-dos-inauguraciones-de-ligas-de-beisbol-de-veteranos-en-hermosillo-la-de-50-y-65-anos-y-mas\/\" ><div class=\"thumbnail-container thumbnail-background\" data-src=\"https:\/\/elreporterodelacomunidad.com\/wp-content\/uploads\/2026\/04\/71689b97-1a56-40b2-82d6-b3b04a3fedd2-350x250.jpg\" >\n                        <div class=\"lazyloaded\" data-src=\"https:\/\/elreporterodelacomunidad.com\/wp-content\/uploads\/2026\/04\/71689b97-1a56-40b2-82d6-b3b04a3fedd2-350x250.jpg\" style=\"background-image: url(https:\/\/elreporterodelacomunidad.com\/wp-content\/uploads\/2026\/04\/71689b97-1a56-40b2-82d6-b3b04a3fedd2-350x250.jpg)\"><\/div>\n                    <\/div><\/a>\n                            <\/div>\n                            <div class=\"jeg_postblock_content\">\n                                <div class=\"jeg_post_category\"><a href=\"https:\/\/elreporterodelacomunidad.com\/index.php\/category\/deportes\/\" class=\"category-deportes\">Deportes<\/a><\/div>\n                                <div class=\"jeg_post_info\">\n                                    <h2 class=\"jeg_post_title\">\n                                        <a href=\"https:\/\/elreporterodelacomunidad.com\/index.php\/2026\/04\/26\/la-aebes-vive-dos-inauguraciones-de-ligas-de-beisbol-de-veteranos-en-hermosillo-la-de-50-y-65-anos-y-mas\/\" >La Aebes vive dos inauguraciones de Ligas de b\u00e9isbol de veteranos en Hermosillo, la de 50 y 65 a\u00f1os y m\u00e1s.<\/a>\n                                    <\/h2>\n                                    <div class=\"jeg_post_meta\"><div class=\"jeg_meta_date\"><a href=\"https:\/\/elreporterodelacomunidad.com\/index.php\/2026\/04\/26\/la-aebes-vive-dos-inauguraciones-de-ligas-de-beisbol-de-veteranos-en-hermosillo-la-de-50-y-65-anos-y-mas\/\" ><i class=\"fa fa-clock-o\"><\/i> 27 abril, 2026<\/a><\/div><\/div>\n                                <\/div>\n                            <\/div>\n                        <\/div>\n                    <\/article><article class=\"jeg_post jeg_hero_item_4 format-standard\" style=\"padding: 0 0 3px 3px;\">\n                        <div class=\"jeg_block_container\">\n                            \n                            <span class=\"jeg_postformat_icon\"><\/span>\n                            <div class=\"jeg_thumb\">\n                                <a href=\"https:\/\/elreporterodelacomunidad.com\/index.php\/2026\/04\/19\/la-carrera-de-la-fundacion-don-jorge-aguilar-heredia-se-consolida-como-una-carrera-con-causa\/\" ><div class=\"thumbnail-container thumbnail-background\" data-src=\"https:\/\/elreporterodelacomunidad.com\/wp-content\/uploads\/2026\/04\/78589499-ea23-4dc7-a8f3-fe3a2443b422-350x250.jpg\" >\n                        <div class=\"lazyloaded\" data-src=\"https:\/\/elreporterodelacomunidad.com\/wp-content\/uploads\/2026\/04\/78589499-ea23-4dc7-a8f3-fe3a2443b422-350x250.jpg\" style=\"background-image: url(https:\/\/elreporterodelacomunidad.com\/wp-content\/uploads\/2026\/04\/78589499-ea23-4dc7-a8f3-fe3a2443b422-350x250.jpg)\"><\/div>\n                    <\/div><\/a>\n                            <\/div>\n                            <div class=\"jeg_postblock_content\">\n                                <div class=\"jeg_post_category\"><a href=\"https:\/\/elreporterodelacomunidad.com\/index.php\/category\/deportes\/\" class=\"category-deportes\">Deportes<\/a><\/div>\n                                <div class=\"jeg_post_info\">\n                                    <h2 class=\"jeg_post_title\">\n                                        <a href=\"https:\/\/elreporterodelacomunidad.com\/index.php\/2026\/04\/19\/la-carrera-de-la-fundacion-don-jorge-aguilar-heredia-se-consolida-como-una-carrera-con-causa\/\" >La carrera de la fundaci\u00f3n Don Jorge Aguilar Heredia se consolida como una carrera con causa.<\/a>\n                                    <\/h2>\n                                    <div class=\"jeg_post_meta\"><div class=\"jeg_meta_date\"><a href=\"https:\/\/elreporterodelacomunidad.com\/index.php\/2026\/04\/19\/la-carrera-de-la-fundacion-don-jorge-aguilar-heredia-se-consolida-como-una-carrera-con-causa\/\" ><i class=\"fa fa-clock-o\"><\/i> 19 abril, 2026<\/a><\/div><\/div>\n                                <\/div>\n                            <\/div>\n                        <\/div>\n                    <\/article>\n                <\/div>\n\t            <\/div><div class=\"jeg_heroblock_wrapper\" style='margin: 0px 0px -3px -3px;'>\n\t                <article class=\"jeg_post jeg_hero_item_1 format-standard\" style=\"padding: 0 0 3px 3px;\">\n                        <div class=\"jeg_block_container\">\n                            \n                            <span class=\"jeg_postformat_icon\"><\/span>\n                            <div class=\"jeg_thumb\">\n                                <a href=\"https:\/\/elreporterodelacomunidad.com\/index.php\/2026\/04\/17\/tiene-volibol-de-sala-de-sonora-un-poderoso-inicio-en-olimpiada-nacional\/\" ><div class=\"thumbnail-container thumbnail-background\" data-src=\"https:\/\/elreporterodelacomunidad.com\/wp-content\/uploads\/2026\/04\/1001032606-750x500.jpg\" >\n                        <div class=\"lazyloaded\" data-src=\"https:\/\/elreporterodelacomunidad.com\/wp-content\/uploads\/2026\/04\/1001032606-750x500.jpg\" style=\"background-image: url(https:\/\/elreporterodelacomunidad.com\/wp-content\/uploads\/2026\/04\/1001032606-750x500.jpg)\"><\/div>\n                    <\/div><\/a>\n                            <\/div>\n                            <div class=\"jeg_postblock_content\">\n                                <div class=\"jeg_post_category\"><a href=\"https:\/\/elreporterodelacomunidad.com\/index.php\/category\/deportes\/\" class=\"category-deportes\">Deportes<\/a><\/div>\n                                <div class=\"jeg_post_info\">\n                                    <h2 class=\"jeg_post_title\">\n                                        <a href=\"https:\/\/elreporterodelacomunidad.com\/index.php\/2026\/04\/17\/tiene-volibol-de-sala-de-sonora-un-poderoso-inicio-en-olimpiada-nacional\/\" >Tiene volibol de sala de Sonora un poderoso inicio en Olimpiada Nacional<\/a>\n                                    <\/h2>\n                                    <div class=\"jeg_post_meta\"><div class=\"jeg_meta_author\"><span class=\"by\">Por<\/span> <a href=\"https:\/\/elreporterodelacomunidad.com\/index.php\/author\/carlosg2\/\">Carlos Alberto Gutierrez Celaya<\/a><\/div><div class=\"jeg_meta_date\"><a href=\"https:\/\/elreporterodelacomunidad.com\/index.php\/2026\/04\/17\/tiene-volibol-de-sala-de-sonora-un-poderoso-inicio-en-olimpiada-nacional\/\"><i class=\"fa fa-clock-o\"><\/i> 17 abril, 2026<\/a><\/div><\/div>\n                                <\/div>\n                            <\/div>\n                        <\/div>\n                    <\/article>\n                <div class=\"jeg_heroblock_scroller\">\n                    <article class=\"jeg_post jeg_hero_item_2 format-standard\" style=\"padding: 0 0 3px 3px;\">\n                        <div class=\"jeg_block_container\">\n                            \n                            <span class=\"jeg_postformat_icon\"><\/span>\n                            <div class=\"jeg_thumb\">\n                                <a href=\"https:\/\/elreporterodelacomunidad.com\/index.php\/2026\/04\/16\/sonora-abrira-actuacion-en-olimpiada-nacional-2026\/\" ><div class=\"thumbnail-container thumbnail-background\" data-src=\"https:\/\/elreporterodelacomunidad.com\/wp-content\/uploads\/2026\/04\/1001031020-750x516.jpg\" >\n                        <div class=\"lazyloaded\" data-src=\"https:\/\/elreporterodelacomunidad.com\/wp-content\/uploads\/2026\/04\/1001031020-750x516.jpg\" style=\"background-image: url(https:\/\/elreporterodelacomunidad.com\/wp-content\/uploads\/2026\/04\/1001031020-750x516.jpg)\"><\/div>\n                    <\/div><\/a>\n                            <\/div>\n                            <div class=\"jeg_postblock_content\">\n                                <div class=\"jeg_post_category\"><a href=\"https:\/\/elreporterodelacomunidad.com\/index.php\/category\/deportes\/\" class=\"category-deportes\">Deportes<\/a><\/div>\n                                <div class=\"jeg_post_info\">\n                                    <h2 class=\"jeg_post_title\">\n                                        <a href=\"https:\/\/elreporterodelacomunidad.com\/index.php\/2026\/04\/16\/sonora-abrira-actuacion-en-olimpiada-nacional-2026\/\" >Sonora abrir\u00e1 actuaci\u00f3n en Olimpiada Nacional 2026<\/a>\n                                    <\/h2>\n                                    <div class=\"jeg_post_meta\"><div class=\"jeg_meta_date\"><a href=\"https:\/\/elreporterodelacomunidad.com\/index.php\/2026\/04\/16\/sonora-abrira-actuacion-en-olimpiada-nacional-2026\/\" ><i class=\"fa fa-clock-o\"><\/i> 16 abril, 2026<\/a><\/div><\/div>\n                                <\/div>\n                            <\/div>\n                        <\/div>\n                    <\/article><article class=\"jeg_post jeg_hero_item_3 format-standard\" style=\"padding: 0 0 3px 3px;\">\n                        <div class=\"jeg_block_container\">\n                            \n                            <span class=\"jeg_postformat_icon\"><\/span>\n                            <div class=\"jeg_thumb\">\n                                <a href=\"https:\/\/elreporterodelacomunidad.com\/index.php\/2026\/04\/15\/regresan-los-mayos-a-casa-gobernador-durazo-anuncia-150-millones-para-remodelar-estadio-de-navojoa\/\" ><div class=\"thumbnail-container thumbnail-background\" data-src=\"https:\/\/elreporterodelacomunidad.com\/wp-content\/uploads\/2026\/04\/02c51874-cbd0-4e13-a784-b340c1975f8c-350x250.jpg\" >\n                        <div class=\"lazyloaded\" data-src=\"https:\/\/elreporterodelacomunidad.com\/wp-content\/uploads\/2026\/04\/02c51874-cbd0-4e13-a784-b340c1975f8c-350x250.jpg\" style=\"background-image: url(https:\/\/elreporterodelacomunidad.com\/wp-content\/uploads\/2026\/04\/02c51874-cbd0-4e13-a784-b340c1975f8c-350x250.jpg)\"><\/div>\n                    <\/div><\/a>\n                            <\/div>\n                            <div class=\"jeg_postblock_content\">\n                                <div class=\"jeg_post_category\"><a href=\"https:\/\/elreporterodelacomunidad.com\/index.php\/category\/deportes\/\" class=\"category-deportes\">Deportes<\/a><\/div>\n                                <div class=\"jeg_post_info\">\n                                    <h2 class=\"jeg_post_title\">\n                                        <a href=\"https:\/\/elreporterodelacomunidad.com\/index.php\/2026\/04\/15\/regresan-los-mayos-a-casa-gobernador-durazo-anuncia-150-millones-para-remodelar-estadio-de-navojoa\/\" >Regresan Los Mayos a casa; Gobernador Durazo anuncia 150 millones para remodelar estadio de Navojoa<\/a>\n                                    <\/h2>\n                                    <div class=\"jeg_post_meta\"><div class=\"jeg_meta_date\"><a href=\"https:\/\/elreporterodelacomunidad.com\/index.php\/2026\/04\/15\/regresan-los-mayos-a-casa-gobernador-durazo-anuncia-150-millones-para-remodelar-estadio-de-navojoa\/\" ><i class=\"fa fa-clock-o\"><\/i> 15 abril, 2026<\/a><\/div><\/div>\n                                <\/div>\n                            <\/div>\n                        <\/div>\n                    <\/article><article class=\"jeg_post jeg_hero_item_4 format-standard\" style=\"padding: 0 0 3px 3px;\">\n                        <div class=\"jeg_block_container\">\n                            \n                            <span class=\"jeg_postformat_icon\"><\/span>\n                            <div class=\"jeg_thumb\">\n                                <a href=\"https:\/\/elreporterodelacomunidad.com\/index.php\/2026\/04\/15\/los-mayos-de-navojoa-regresan-a-la-lmp\/\" ><div class=\"thumbnail-container thumbnail-background\" data-src=\"https:\/\/elreporterodelacomunidad.com\/wp-content\/uploads\/2026\/04\/Se-hizo-oficial-el-regreso-de-los-Mayos-de-Navojoa-en-la-siguiente-temporada-de-la-LAMP-350x250.jpg\" >\n                        <div class=\"lazyloaded\" data-src=\"https:\/\/elreporterodelacomunidad.com\/wp-content\/uploads\/2026\/04\/Se-hizo-oficial-el-regreso-de-los-Mayos-de-Navojoa-en-la-siguiente-temporada-de-la-LAMP-350x250.jpg\" style=\"background-image: url(https:\/\/elreporterodelacomunidad.com\/wp-content\/uploads\/2026\/04\/Se-hizo-oficial-el-regreso-de-los-Mayos-de-Navojoa-en-la-siguiente-temporada-de-la-LAMP-350x250.jpg)\"><\/div>\n                    <\/div><\/a>\n                            <\/div>\n                            <div class=\"jeg_postblock_content\">\n                                <div class=\"jeg_post_category\"><a href=\"https:\/\/elreporterodelacomunidad.com\/index.php\/category\/deportes\/\" class=\"category-deportes\">Deportes<\/a><\/div>\n                                <div class=\"jeg_post_info\">\n                                    <h2 class=\"jeg_post_title\">\n                                        <a href=\"https:\/\/elreporterodelacomunidad.com\/index.php\/2026\/04\/15\/los-mayos-de-navojoa-regresan-a-la-lmp\/\" >Los Mayos de Navojoa regresan a la LMP<\/a>\n                                    <\/h2>\n                                    <div class=\"jeg_post_meta\"><div class=\"jeg_meta_date\"><a href=\"https:\/\/elreporterodelacomunidad.com\/index.php\/2026\/04\/15\/los-mayos-de-navojoa-regresan-a-la-lmp\/\" ><i class=\"fa fa-clock-o\"><\/i> 15 abril, 2026<\/a><\/div><\/div>\n                                <\/div>\n                            <\/div>\n                        <\/div>\n                    <\/article>\n                <\/div>\n\t            <\/div><div class=\"jeg_heroblock_wrapper\" style='margin: 0px 0px -3px -3px;'>\n\t                <article class=\"jeg_post jeg_hero_item_1 format-standard\" style=\"padding: 0 0 3px 3px;\">\n                        <div class=\"jeg_block_container\">\n                            \n                            <span class=\"jeg_postformat_icon\"><\/span>\n                            <div class=\"jeg_thumb\">\n                                <a href=\"https:\/\/elreporterodelacomunidad.com\/index.php\/2026\/04\/15\/carcamo-norte-en-hermosillo-una-obra-de-213-millones-de-pesos-en-15-hectareas\/\" ><div class=\"thumbnail-container thumbnail-background\" data-src=\"https:\/\/elreporterodelacomunidad.com\/wp-content\/uploads\/2026\/04\/Captura-de-pantalla-2026-04-15-085410-750x416.jpg\" >\n                        <div class=\"lazyloaded\" data-src=\"https:\/\/elreporterodelacomunidad.com\/wp-content\/uploads\/2026\/04\/Captura-de-pantalla-2026-04-15-085410-750x416.jpg\" style=\"background-image: url(https:\/\/elreporterodelacomunidad.com\/wp-content\/uploads\/2026\/04\/Captura-de-pantalla-2026-04-15-085410-750x416.jpg)\"><\/div>\n                    <\/div><\/a>\n                            <\/div>\n                            <div class=\"jeg_postblock_content\">\n                                <div class=\"jeg_post_category\"><a href=\"https:\/\/elreporterodelacomunidad.com\/index.php\/category\/carlos-alberto-gutierrez-celaya\/\" class=\"category-carlos-alberto-gutierrez-celaya\">Carlos Alberto Guti\u00e9rrez Celaya<\/a><\/div>\n                                <div class=\"jeg_post_info\">\n                                    <h2 class=\"jeg_post_title\">\n                                        <a href=\"https:\/\/elreporterodelacomunidad.com\/index.php\/2026\/04\/15\/carcamo-norte-en-hermosillo-una-obra-de-213-millones-de-pesos-en-15-hectareas\/\" >C\u00e1rcamo Norte en Hermosillo, una obra de 213 millones de pesos en 15 hectareas.<\/a>\n                                    <\/h2>\n                                    <div class=\"jeg_post_meta\"><div class=\"jeg_meta_author\"><span class=\"by\">Por<\/span> <a href=\"https:\/\/elreporterodelacomunidad.com\/index.php\/author\/carlosg2\/\">Carlos Alberto Gutierrez Celaya<\/a><\/div><div class=\"jeg_meta_date\"><a href=\"https:\/\/elreporterodelacomunidad.com\/index.php\/2026\/04\/15\/carcamo-norte-en-hermosillo-una-obra-de-213-millones-de-pesos-en-15-hectareas\/\"><i class=\"fa fa-clock-o\"><\/i> 15 abril, 2026<\/a><\/div><\/div>\n                                <\/div>\n                            <\/div>\n                        <\/div>\n                    <\/article>\n                <div class=\"jeg_heroblock_scroller\">\n                    <article class=\"jeg_post jeg_hero_item_2 format-standard\" style=\"padding: 0 0 3px 3px;\">\n                        <div class=\"jeg_block_container\">\n                            \n                            <span class=\"jeg_postformat_icon\"><\/span>\n                            <div class=\"jeg_thumb\">\n                                <a href=\"https:\/\/elreporterodelacomunidad.com\/index.php\/2026\/04\/14\/da-bienvenida-tono-astiazaran-a-20-integrantes-al-salon-de-la-fama-del-deportista-hermosillense-2026\/\" ><div class=\"thumbnail-container thumbnail-background\" data-src=\"https:\/\/elreporterodelacomunidad.com\/wp-content\/uploads\/2026\/04\/19a9c990-fefd-4991-ada3-d029fed7291f-750x467.jpg\" >\n                        <div class=\"lazyloaded\" data-src=\"https:\/\/elreporterodelacomunidad.com\/wp-content\/uploads\/2026\/04\/19a9c990-fefd-4991-ada3-d029fed7291f-750x467.jpg\" style=\"background-image: url(https:\/\/elreporterodelacomunidad.com\/wp-content\/uploads\/2026\/04\/19a9c990-fefd-4991-ada3-d029fed7291f-750x467.jpg)\"><\/div>\n                    <\/div><\/a>\n                            <\/div>\n                            <div class=\"jeg_postblock_content\">\n                                <div class=\"jeg_post_category\"><a href=\"https:\/\/elreporterodelacomunidad.com\/index.php\/category\/deportes\/\" class=\"category-deportes\">Deportes<\/a><\/div>\n                                <div class=\"jeg_post_info\">\n                                    <h2 class=\"jeg_post_title\">\n                                        <a href=\"https:\/\/elreporterodelacomunidad.com\/index.php\/2026\/04\/14\/da-bienvenida-tono-astiazaran-a-20-integrantes-al-salon-de-la-fama-del-deportista-hermosillense-2026\/\" >Da bienvenida To\u00f1o Astiazar\u00e1n a 20 integrantes al Sal\u00f3n de la Fama del Deportista Hermosillense 2026<\/a>\n                                    <\/h2>\n                                    <div class=\"jeg_post_meta\"><div class=\"jeg_meta_date\"><a href=\"https:\/\/elreporterodelacomunidad.com\/index.php\/2026\/04\/14\/da-bienvenida-tono-astiazaran-a-20-integrantes-al-salon-de-la-fama-del-deportista-hermosillense-2026\/\" ><i class=\"fa fa-clock-o\"><\/i> 14 abril, 2026<\/a><\/div><\/div>\n                                <\/div>\n                            <\/div>\n                        <\/div>\n                    <\/article><article class=\"jeg_post jeg_hero_item_3 format-standard\" style=\"padding: 0 0 3px 3px;\">\n                        <div class=\"jeg_block_container\">\n                            \n                            <span class=\"jeg_postformat_icon\"><\/span>\n                            <div class=\"jeg_thumb\">\n                                <a href=\"https:\/\/elreporterodelacomunidad.com\/index.php\/2026\/04\/13\/hace-equipo-tono-astiazaran-a-favor-del-deporte-con-la-entrega-de-cancha-de-futbol-en-las-lomas\/\" ><div class=\"thumbnail-container thumbnail-background\" data-src=\"https:\/\/elreporterodelacomunidad.com\/wp-content\/uploads\/2026\/04\/2608ec0a-012c-47a7-a8d3-d83d0a398889-350x250.jpg\" >\n                        <div class=\"lazyloaded\" data-src=\"https:\/\/elreporterodelacomunidad.com\/wp-content\/uploads\/2026\/04\/2608ec0a-012c-47a7-a8d3-d83d0a398889-350x250.jpg\" style=\"background-image: url(https:\/\/elreporterodelacomunidad.com\/wp-content\/uploads\/2026\/04\/2608ec0a-012c-47a7-a8d3-d83d0a398889-350x250.jpg)\"><\/div>\n                    <\/div><\/a>\n                            <\/div>\n                            <div class=\"jeg_postblock_content\">\n                                <div class=\"jeg_post_category\"><a href=\"https:\/\/elreporterodelacomunidad.com\/index.php\/category\/deportes\/\" class=\"category-deportes\">Deportes<\/a><\/div>\n                                <div class=\"jeg_post_info\">\n                                    <h2 class=\"jeg_post_title\">\n                                        <a href=\"https:\/\/elreporterodelacomunidad.com\/index.php\/2026\/04\/13\/hace-equipo-tono-astiazaran-a-favor-del-deporte-con-la-entrega-de-cancha-de-futbol-en-las-lomas\/\" >Hace equipo To\u00f1o Astiazar\u00e1n a favor del deporte con la entrega de cancha de futbol en Las Lomas<\/a>\n                                    <\/h2>\n                                    <div class=\"jeg_post_meta\"><div class=\"jeg_meta_date\"><a href=\"https:\/\/elreporterodelacomunidad.com\/index.php\/2026\/04\/13\/hace-equipo-tono-astiazaran-a-favor-del-deporte-con-la-entrega-de-cancha-de-futbol-en-las-lomas\/\" ><i class=\"fa fa-clock-o\"><\/i> 13 abril, 2026<\/a><\/div><\/div>\n                                <\/div>\n                            <\/div>\n                        <\/div>\n                    <\/article><article class=\"jeg_post jeg_hero_item_4 format-standard\" style=\"padding: 0 0 3px 3px;\">\n                        <div class=\"jeg_block_container\">\n                            \n                            <span class=\"jeg_postformat_icon\"><\/span>\n                            <div class=\"jeg_thumb\">\n                                <a href=\"https:\/\/elreporterodelacomunidad.com\/index.php\/2026\/04\/13\/estudiante-del-cobach-sonora-obtiene-bronce-panamericano\/\" ><div class=\"thumbnail-container thumbnail-background\" data-src=\"https:\/\/elreporterodelacomunidad.com\/wp-content\/uploads\/2026\/04\/6eec96f4-f64b-4bb4-a99d-c1e2cce89ce5-3-e1776113194606-350x250.jpg\" >\n                        <div class=\"lazyloaded\" data-src=\"https:\/\/elreporterodelacomunidad.com\/wp-content\/uploads\/2026\/04\/6eec96f4-f64b-4bb4-a99d-c1e2cce89ce5-3-e1776113194606-350x250.jpg\" style=\"background-image: url(https:\/\/elreporterodelacomunidad.com\/wp-content\/uploads\/2026\/04\/6eec96f4-f64b-4bb4-a99d-c1e2cce89ce5-3-e1776113194606-350x250.jpg)\"><\/div>\n                    <\/div><\/a>\n                            <\/div>\n                            <div class=\"jeg_postblock_content\">\n                                <div class=\"jeg_post_category\"><a href=\"https:\/\/elreporterodelacomunidad.com\/index.php\/category\/deportes\/\" class=\"category-deportes\">Deportes<\/a><\/div>\n                                <div class=\"jeg_post_info\">\n                                    <h2 class=\"jeg_post_title\">\n                                        <a href=\"https:\/\/elreporterodelacomunidad.com\/index.php\/2026\/04\/13\/estudiante-del-cobach-sonora-obtiene-bronce-panamericano\/\" >Estudiante del Cobach Sonora obtiene bronce panamericano<\/a>\n                                    <\/h2>\n                                    <div class=\"jeg_post_meta\"><div class=\"jeg_meta_date\"><a href=\"https:\/\/elreporterodelacomunidad.com\/index.php\/2026\/04\/13\/estudiante-del-cobach-sonora-obtiene-bronce-panamericano\/\" ><i class=\"fa fa-clock-o\"><\/i> 13 abril, 2026<\/a><\/div><\/div>\n                                <\/div>\n                            <\/div>\n                        <\/div>\n                    <\/article>\n                <\/div>\n\t            <\/div><\/div>\n            <\/div>\n            [\/vc_column][\/vc_row][vc_row full_width=&#8221;stretch_row_content&#8221; vc_row_background=&#8221;&#8221;][vc_column width=&#8221;1\/4&#8243;]<div  class=\"jeg_postblock_25 jeg_postblock jeg_module_hook jeg_pagination_disable jeg_col_2o3 jnews_module__18_69f1cc48b9446   \" data-unique=\"jnews_module__18_69f1cc48b9446\">\n\t\t\t\t\t<div class=\"jeg_block_heading jeg_block_heading_9 jeg_subcat_right\">\n                     <h3 class=\"jeg_block_title\"><a href='https:\/\/elreporterodelacomunidad.com\/index.php\/category\/salud\/'><span>SALUD<\/span><\/a><\/h3>\n                     \n                 <\/div>\n\t\t\t\t\t<div class=\"jeg_block_container\">\n                    \n                    <div class=\"jeg_posts jeg_load_more_flag\"><article class=\"jeg_post format-standard\">\n                    <div class=\"jeg_postblock_heading\">\n                        <h3 class=\"jeg_post_title\">\n                            <a href=\"https:\/\/elreporterodelacomunidad.com\/index.php\/2026\/04\/28\/con-inversion-de-108-millones-nuevo-acelerador-lineal-del-hrae-del-issste-en-morelos-incrementara-en-55-la-capacidad-de-radioterapia-marti-batres\/\">Con inversi\u00f3n de 108 millones, nuevo acelerador lineal del HRAE del ISSSTE en Morelos incrementar\u00e1 en 55% la capacidad de radioterapia: Mart\u00ed Batres<\/a>\n                        <\/h3>\n                        <div class=\"jeg_post_meta\"><div class=\"jeg_meta_author\"><span class=\"by\">Por<\/span> <a href=\"https:\/\/elreporterodelacomunidad.com\/index.php\/author\/reportero\/\">EL REPORTERO DE LA COMUNIDAD<\/a><\/div><div class=\"jeg_meta_date\"><a href=\"https:\/\/elreporterodelacomunidad.com\/index.php\/2026\/04\/28\/con-inversion-de-108-millones-nuevo-acelerador-lineal-del-hrae-del-issste-en-morelos-incrementara-en-55-la-capacidad-de-radioterapia-marti-batres\/\"><i class=\"fa fa-clock-o\"><\/i> 28 abril, 2026<\/a><\/div><div class=\"jeg_meta_comment\"><a href=\"https:\/\/elreporterodelacomunidad.com\/index.php\/2026\/04\/28\/con-inversion-de-108-millones-nuevo-acelerador-lineal-del-hrae-del-issste-en-morelos-incrementara-en-55-la-capacidad-de-radioterapia-marti-batres\/#comments\" ><i class=\"fa fa-comment-o\"><\/i> 0 <\/a><\/div><\/div>\n                    <\/div>\n                    <div class=\"jeg_thumb\">\n                        \n                        <a href=\"https:\/\/elreporterodelacomunidad.com\/index.php\/2026\/04\/28\/con-inversion-de-108-millones-nuevo-acelerador-lineal-del-hrae-del-issste-en-morelos-incrementara-en-55-la-capacidad-de-radioterapia-marti-batres\/\"><div class=\"thumbnail-container animate-lazy  size-500 \"><img loading=\"lazy\" decoding=\"async\" width=\"360\" height=\"180\" src=\"https:\/\/elreporterodelacomunidad.com\/wp-content\/themes\/jnews\/assets\/img\/jeg-empty.png\" class=\"attachment-jnews-360x180 size-jnews-360x180 lazyload wp-post-image\" alt=\"Con inversi\u00f3n de 108 millones, nuevo acelerador lineal del HRAE del ISSSTE en Morelos incrementar\u00e1 en 55% la capacidad de radioterapia: Mart\u00ed Batres\" sizes=\"auto, (max-width: 360px) 100vw, 360px\" data-src=\"https:\/\/elreporterodelacomunidad.com\/wp-content\/uploads\/2026\/04\/e3b81af6-7b75-42eb-96ca-1198fac23aaa-360x180.jpg\" data-srcset=\"https:\/\/elreporterodelacomunidad.com\/wp-content\/uploads\/2026\/04\/e3b81af6-7b75-42eb-96ca-1198fac23aaa-360x180.jpg 360w, https:\/\/elreporterodelacomunidad.com\/wp-content\/uploads\/2026\/04\/e3b81af6-7b75-42eb-96ca-1198fac23aaa-750x375.jpg 750w, https:\/\/elreporterodelacomunidad.com\/wp-content\/uploads\/2026\/04\/e3b81af6-7b75-42eb-96ca-1198fac23aaa-1140x570.jpg 1140w\" data-sizes=\"auto\" data-expand=\"700\" \/><\/div><\/a>\n                    <\/div>\n                    <div class=\"jeg_postblock_content\">\n                        <div class=\"jeg_post_excerpt\">\n                            <p>\u25cf En conferencia matutina, el director general del ISSSTE destac\u00f3 que con este nuevo equipamiento incrementar\u00e1 el n\u00famero de sesiones...<\/p>\n                            <a href=\"https:\/\/elreporterodelacomunidad.com\/index.php\/2026\/04\/28\/con-inversion-de-108-millones-nuevo-acelerador-lineal-del-hrae-del-issste-en-morelos-incrementara-en-55-la-capacidad-de-radioterapia-marti-batres\/\" class=\"jeg_readmore\">Leer m\u00e1s<\/a>\n                        <\/div>\n                    <\/div>\n                <\/article><article class=\"jeg_post format-standard\">\n                    <div class=\"jeg_postblock_heading\">\n                        <h3 class=\"jeg_post_title\">\n                            <a href=\"https:\/\/elreporterodelacomunidad.com\/index.php\/2026\/04\/28\/brindara-ayuntamiento-de-hermosillo-servicio-normal-de-recoleccion-de-basura-el-viernes-1-y-martes-5-de-mayo\/\">Brindar\u00e1 Ayuntamiento de Hermosillo servicio normal de recolecci\u00f3n de basura el viernes 1 y martes 5 de mayo<\/a>\n                        <\/h3>\n                        <div class=\"jeg_post_meta\"><div class=\"jeg_meta_author\"><span class=\"by\">Por<\/span> <a href=\"https:\/\/elreporterodelacomunidad.com\/index.php\/author\/carlosg2\/\">Carlos Alberto Gutierrez Celaya<\/a><\/div><div class=\"jeg_meta_date\"><a href=\"https:\/\/elreporterodelacomunidad.com\/index.php\/2026\/04\/28\/brindara-ayuntamiento-de-hermosillo-servicio-normal-de-recoleccion-de-basura-el-viernes-1-y-martes-5-de-mayo\/\"><i class=\"fa fa-clock-o\"><\/i> 28 abril, 2026<\/a><\/div><div class=\"jeg_meta_comment\"><a href=\"https:\/\/elreporterodelacomunidad.com\/index.php\/2026\/04\/28\/brindara-ayuntamiento-de-hermosillo-servicio-normal-de-recoleccion-de-basura-el-viernes-1-y-martes-5-de-mayo\/#comments\" ><i class=\"fa fa-comment-o\"><\/i> 0 <\/a><\/div><\/div>\n                    <\/div>\n                    <div class=\"jeg_thumb\">\n                        \n                        <a href=\"https:\/\/elreporterodelacomunidad.com\/index.php\/2026\/04\/28\/brindara-ayuntamiento-de-hermosillo-servicio-normal-de-recoleccion-de-basura-el-viernes-1-y-martes-5-de-mayo\/\"><div class=\"thumbnail-container animate-lazy  size-500 \"><img loading=\"lazy\" decoding=\"async\" width=\"360\" height=\"180\" src=\"https:\/\/elreporterodelacomunidad.com\/wp-content\/themes\/jnews\/assets\/img\/jeg-empty.png\" class=\"attachment-jnews-360x180 size-jnews-360x180 lazyload wp-post-image\" alt=\"Brindar\u00e1 Ayuntamiento de Hermosillo servicio normal de recolecci\u00f3n de basura el viernes 1 y martes 5 de mayo\" sizes=\"auto, (max-width: 360px) 100vw, 360px\" data-src=\"https:\/\/elreporterodelacomunidad.com\/wp-content\/uploads\/2026\/04\/ab3fa5c9-811a-4dba-99ae-0fea6115f301-360x180.jpg\" data-srcset=\"https:\/\/elreporterodelacomunidad.com\/wp-content\/uploads\/2026\/04\/ab3fa5c9-811a-4dba-99ae-0fea6115f301-360x180.jpg 360w, https:\/\/elreporterodelacomunidad.com\/wp-content\/uploads\/2026\/04\/ab3fa5c9-811a-4dba-99ae-0fea6115f301-750x375.jpg 750w, https:\/\/elreporterodelacomunidad.com\/wp-content\/uploads\/2026\/04\/ab3fa5c9-811a-4dba-99ae-0fea6115f301-1140x570.jpg 1140w\" data-sizes=\"auto\" data-expand=\"700\" \/><\/div><\/a>\n                    <\/div>\n                    <div class=\"jeg_postblock_content\">\n                        <div class=\"jeg_post_excerpt\">\n                            <p>A pesar de ser d\u00edas inh\u00e1biles, el servicio se mantendr\u00e1 sin cambios en las colonias que habitualmente reciben atenci\u00f3n en...<\/p>\n                            <a href=\"https:\/\/elreporterodelacomunidad.com\/index.php\/2026\/04\/28\/brindara-ayuntamiento-de-hermosillo-servicio-normal-de-recoleccion-de-basura-el-viernes-1-y-martes-5-de-mayo\/\" class=\"jeg_readmore\">Leer m\u00e1s<\/a>\n                        <\/div>\n                    <\/div>\n                <\/article><article class=\"jeg_post format-standard\">\n                    <div class=\"jeg_postblock_heading\">\n                        <h3 class=\"jeg_post_title\">\n                            <a href=\"https:\/\/elreporterodelacomunidad.com\/index.php\/2026\/04\/26\/invitan-a-jornada-de-salud-visual-y-servicios-preventivos-en-olivares-el-apache-y-las-praderas\/\">Invitan a Jornada de Salud Visual y servicios preventivos en Olivares, El Apache y Las Praderas<\/a>\n                        <\/h3>\n                        <div class=\"jeg_post_meta\"><div class=\"jeg_meta_author\"><span class=\"by\">Por<\/span> <a href=\"https:\/\/elreporterodelacomunidad.com\/index.php\/author\/carlosg2\/\">Carlos Alberto Gutierrez Celaya<\/a><\/div><div class=\"jeg_meta_date\"><a href=\"https:\/\/elreporterodelacomunidad.com\/index.php\/2026\/04\/26\/invitan-a-jornada-de-salud-visual-y-servicios-preventivos-en-olivares-el-apache-y-las-praderas\/\"><i class=\"fa fa-clock-o\"><\/i> 26 abril, 2026<\/a><\/div><div class=\"jeg_meta_comment\"><a href=\"https:\/\/elreporterodelacomunidad.com\/index.php\/2026\/04\/26\/invitan-a-jornada-de-salud-visual-y-servicios-preventivos-en-olivares-el-apache-y-las-praderas\/#comments\" ><i class=\"fa fa-comment-o\"><\/i> 0 <\/a><\/div><\/div>\n                    <\/div>\n                    <div class=\"jeg_thumb\">\n                        \n                        <a href=\"https:\/\/elreporterodelacomunidad.com\/index.php\/2026\/04\/26\/invitan-a-jornada-de-salud-visual-y-servicios-preventivos-en-olivares-el-apache-y-las-praderas\/\"><div class=\"thumbnail-container animate-lazy  size-500 \"><img loading=\"lazy\" decoding=\"async\" width=\"360\" height=\"180\" src=\"https:\/\/elreporterodelacomunidad.com\/wp-content\/themes\/jnews\/assets\/img\/jeg-empty.png\" class=\"attachment-jnews-360x180 size-jnews-360x180 lazyload wp-post-image\" alt=\"Invitan a Jornada de Salud Visual y servicios preventivos en Olivares, El Apache y Las Praderas\" sizes=\"auto, (max-width: 360px) 100vw, 360px\" data-src=\"https:\/\/elreporterodelacomunidad.com\/wp-content\/uploads\/2026\/04\/ff0129d9-b923-4c28-88fa-859ffd6d97a0-360x180.jpg\" data-srcset=\"https:\/\/elreporterodelacomunidad.com\/wp-content\/uploads\/2026\/04\/ff0129d9-b923-4c28-88fa-859ffd6d97a0-360x180.jpg 360w, https:\/\/elreporterodelacomunidad.com\/wp-content\/uploads\/2026\/04\/ff0129d9-b923-4c28-88fa-859ffd6d97a0-750x375.jpg 750w, https:\/\/elreporterodelacomunidad.com\/wp-content\/uploads\/2026\/04\/ff0129d9-b923-4c28-88fa-859ffd6d97a0-1140x570.jpg 1140w\" data-sizes=\"auto\" data-expand=\"700\" \/><\/div><\/a>\n                    <\/div>\n                    <div class=\"jeg_postblock_content\">\n                        <div class=\"jeg_post_excerpt\">\n                            <p>Familias podr\u00e1n acceder gratuitamente a servicios de salud en las colonias Olivares, El Apache y Las Praderas Hermosillo, Sonora; 26...<\/p>\n                            <a href=\"https:\/\/elreporterodelacomunidad.com\/index.php\/2026\/04\/26\/invitan-a-jornada-de-salud-visual-y-servicios-preventivos-en-olivares-el-apache-y-las-praderas\/\" class=\"jeg_readmore\">Leer m\u00e1s<\/a>\n                        <\/div>\n                    <\/div>\n                <\/article><\/div>\n                    <div class='module-overlay'>\n\t\t\t\t    <div class='preloader_type preloader_dot'>\n\t\t\t\t        <div class=\"module-preloader jeg_preloader dot\">\n\t\t\t\t            <span><\/span><span><\/span><span><\/span>\n\t\t\t\t        <\/div>\n\t\t\t\t        <div class=\"module-preloader jeg_preloader circle\">\n\t\t\t\t            <div class=\"jnews_preloader_circle_outer\">\n\t\t\t\t                <div class=\"jnews_preloader_circle_inner\"><\/div>\n\t\t\t\t            <\/div>\n\t\t\t\t        <\/div>\n\t\t\t\t        <div class=\"module-preloader jeg_preloader square\">\n\t\t\t\t            <div class=\"jeg_square\">\n\t\t\t\t                <div class=\"jeg_square_inner\"><\/div>\n\t\t\t\t            <\/div>\n\t\t\t\t        <\/div>\n\t\t\t\t    <\/div>\n\t\t\t\t<\/div>\n                <\/div>\n                <div class=\"jeg_block_navigation\">\n                    <div class='navigation_overlay'><div class='module-preloader jeg_preloader'><span><\/span><span><\/span><span><\/span><\/div><\/div>\n                    \n                    \n                <\/div>\n\t\t\t\t\t<style scoped>.jnews_module__18_69f1cc48b9446 .jeg_block_heading_9 { border-color: #dd9933; }.jnews_module__18_69f1cc48b9446 .jeg_meta_author a, .jnews_module__18_69f1cc48b9446 .jeg_post_title a:hover { color: #dd9933 }.jnews_module__18_69f1cc48b9446 .jeg_readmore:hover { background-color: #dd9933; }.jnews_module__18_69f1cc48b9446 .jeg_readmore:hover { border-color: #dd9933; }<\/style>\n\t\t\t\t\t<script>var jnews_module__18_69f1cc48b9446 = {\"header_icon\":\"\",\"first_title\":\"SALUD\",\"second_title\":\"\",\"url\":\"https:\\\/\\\/elreporterodelacomunidad.com\\\/index.php\\\/category\\\/salud\\\/\",\"header_type\":\"heading_9\",\"header_background\":\"\",\"header_secondary_background\":\"\",\"header_text_color\":\"\",\"header_line_color\":\"#dd9933\",\"header_accent_color\":\"\",\"header_filter_category\":\"\",\"header_filter_author\":\"\",\"header_filter_tag\":\"\",\"header_filter_text\":\"All\",\"post_type\":\"post\",\"content_type\":\"all\",\"number_post\":\"3\",\"post_offset\":\"0\",\"unique_content\":\"disable\",\"include_post\":\"\",\"exclude_post\":\"\",\"include_category\":\"38\",\"exclude_category\":\"\",\"include_author\":\"\",\"include_tag\":\"\",\"exclude_tag\":\"\",\"sort_by\":\"latest\",\"date_format\":\"default\",\"date_format_custom\":\"Y\\\/m\\\/d\",\"excerpt_length\":\"20\",\"excerpt_ellipsis\":\"...\",\"force_normal_image_load\":\"\",\"pagination_mode\":\"disable\",\"pagination_nextprev_showtext\":\"\",\"pagination_number_post\":3,\"pagination_scroll_limit\":0,\"ads_type\":\"disable\",\"ads_position\":1,\"ads_random\":\"\",\"ads_image\":\"\",\"ads_image_tablet\":\"\",\"ads_image_phone\":\"\",\"ads_image_link\":\"\",\"ads_image_alt\":\"\",\"ads_image_new_tab\":\"\",\"google_publisher_id\":\"\",\"google_slot_id\":\"\",\"google_desktop\":\"auto\",\"google_tab\":\"auto\",\"google_phone\":\"auto\",\"content\":\"\",\"ads_bottom_text\":\"\",\"boxed\":\"\",\"boxed_shadow\":\"\",\"el_id\":\"\",\"el_class\":\"\",\"scheme\":\"\",\"column_width\":\"auto\",\"title_color\":\"\",\"accent_color\":\"#dd9933\",\"alt_color\":\"\",\"excerpt_color\":\"\",\"css\":\"\",\"compatible_column_notice\":\"\",\"paged\":1,\"column_class\":\"jeg_col_2o3\",\"class\":\"jnews_block_25\"};<\/script>\n\t\t\t\t<\/div><div  class='jeg_ad jeg_ad_module jnews_module__19_69f1cc48bbec2   '><div class='ads-wrapper'><a href='' target='_self' rel=\"noopener\" class='adlink ads_image '>\n\t\t\t\t\t\t\t\t<img src='https:\/\/elreporterodelacomunidad.com\/wp-content\/themes\/jnews\/assets\/img\/jeg-empty.png' class='lazyload' data-src='https:\/\/elreporterodelacomunidad.com\/wp-content\/uploads\/2026\/03\/e0840a3c-99e7-41cd-a057-3a7b1360f4d4.jpg' alt='' data-pin-no-hover=\"true\">\n\t\t\t\t\t\t\t<\/a><\/div><\/div>[\/vc_column][vc_column width=&#8221;1\/2&#8243;]<div  class=\"jeg_postblock_12 jeg_postblock jeg_module_hook jeg_pagination_disable jeg_col_2o3 jnews_module__20_69f1cc48bc584   \" data-unique=\"jnews_module__20_69f1cc48bc584\">\n\t\t\t\t\t<div class=\"jeg_block_heading jeg_block_heading_9 jeg_subcat_right\">\n                     <h3 class=\"jeg_block_title\"><a href='https:\/\/elreporterodelacomunidad.com\/index.php\/category\/politica\/'><span>POLITICA<\/span><\/a><\/h3>\n                     <div class=\"jeg_subcat\">\n                    <ul class=\"jeg_subcat_list\">\n                        <li><a class=\"subclass-filter current\" href=\"#\" data-type='all' data-id='0'><\/a><\/li><li><a class=\"subclass-filter\" href=\"https:\/\/elreporterodelacomunidad.com\/index.php\/author\/reportero\/\" data-type='author' data-id='1'>EL REPORTERO DE LA COMUNIDAD<\/a><\/li>\n                    <\/ul>\n                <\/div>\n                 <\/div>\n\t\t\t\t\t<div class=\"jeg_block_container\">\n                    \n                    <div class=\"jeg_posts jeg_load_more_flag\"><article class=\"jeg_post jeg_pl_lg_card format-standard\">\n                    <div class=\"jeg_inner_post\">\n                        <div class=\"jeg_thumb\">\n                            \n                            <a href=\"https:\/\/elreporterodelacomunidad.com\/index.php\/2026\/04\/28\/morena-sonora-fortalece-estructura-territorial-y-llama-a-atender-situacion-financiera-de-hermosillo\/\"><div class=\"thumbnail-container animate-lazy  size-500 \"><img loading=\"lazy\" decoding=\"async\" width=\"750\" height=\"375\" src=\"https:\/\/elreporterodelacomunidad.com\/wp-content\/themes\/jnews\/assets\/img\/jeg-empty.png\" class=\"attachment-jnews-750x375 size-jnews-750x375 lazyload wp-post-image\" alt=\"Morena Sonora fortalece estructura territorial y llama a atender situaci\u00f3n financiera de Hermosillo\" sizes=\"auto, (max-width: 750px) 100vw, 750px\" data-src=\"https:\/\/elreporterodelacomunidad.com\/wp-content\/uploads\/2026\/04\/23450f06-25a2-4ebd-b4bc-dc7485e9a26c-750x375.jpg\" data-srcset=\"https:\/\/elreporterodelacomunidad.com\/wp-content\/uploads\/2026\/04\/23450f06-25a2-4ebd-b4bc-dc7485e9a26c-750x375.jpg 750w, https:\/\/elreporterodelacomunidad.com\/wp-content\/uploads\/2026\/04\/23450f06-25a2-4ebd-b4bc-dc7485e9a26c-360x180.jpg 360w\" data-sizes=\"auto\" data-expand=\"700\" \/><\/div><\/a>\n                        <\/div>\n                        <div class=\"jeg_postblock_content\">\n                            <div class=\"jeg_post_category\">\n                                <span>\n                                    <a href=\"https:\/\/elreporterodelacomunidad.com\/index.php\/category\/politica\/\">politica<\/a>\n                                <\/span>\n                            <\/div>\n                            <h3 class=\"jeg_post_title\">\n                                <a href=\"https:\/\/elreporterodelacomunidad.com\/index.php\/2026\/04\/28\/morena-sonora-fortalece-estructura-territorial-y-llama-a-atender-situacion-financiera-de-hermosillo\/\">Morena Sonora fortalece estructura territorial y llama a atender situaci\u00f3n financiera de Hermosillo<\/a>\n                            <\/h3>\n                            <div class=\"jeg_post_meta\"><div class=\"jeg_meta_author\"><span class=\"by\">Por<\/span> <a href=\"https:\/\/elreporterodelacomunidad.com\/index.php\/author\/carlosg2\/\">Carlos Alberto Gutierrez Celaya<\/a><\/div><div class=\"jeg_meta_date\"><a href=\"https:\/\/elreporterodelacomunidad.com\/index.php\/2026\/04\/28\/morena-sonora-fortalece-estructura-territorial-y-llama-a-atender-situacion-financiera-de-hermosillo\/\"><i class=\"fa fa-clock-o\"><\/i> 28 abril, 2026<\/a><\/div><div class=\"jeg_meta_comment\"><a href=\"https:\/\/elreporterodelacomunidad.com\/index.php\/2026\/04\/28\/morena-sonora-fortalece-estructura-territorial-y-llama-a-atender-situacion-financiera-de-hermosillo\/#comments\" ><i class=\"fa fa-comment-o\"><\/i> 0 <\/a><\/div><\/div>\n                                <div class=\"jeg_post_excerpt\">\n                                    <p>Hermosillo, Sonora; a 28 de abril de 2025.- La presidenta del Comit\u00e9 Ejecutivo Estatal de Morena Sonora, Judith Armenta Cota,...<\/p>\n                                    <a href=\"https:\/\/elreporterodelacomunidad.com\/index.php\/2026\/04\/28\/morena-sonora-fortalece-estructura-territorial-y-llama-a-atender-situacion-financiera-de-hermosillo\/\" class=\"jeg_readmore\">Leer m\u00e1s<\/a>\n                                <\/div>\n                        <\/div>\n                    <\/div>\n                <\/article><article class=\"jeg_post jeg_pl_lg_card format-standard\">\n                    <div class=\"jeg_inner_post\">\n                        <div class=\"jeg_thumb\">\n                            \n                            <a href=\"https:\/\/elreporterodelacomunidad.com\/index.php\/2026\/04\/26\/la-sierra-alta-de-sonora-se-pintara-con-los-colores-del-pri-en-2027-lupita-soto\/\"><div class=\"thumbnail-container animate-lazy  size-500 \"><img loading=\"lazy\" decoding=\"async\" width=\"750\" height=\"375\" src=\"https:\/\/elreporterodelacomunidad.com\/wp-content\/themes\/jnews\/assets\/img\/jeg-empty.png\" class=\"attachment-jnews-750x375 size-jnews-750x375 lazyload wp-post-image\" alt=\"La Sierra Alta de Sonora se pintar\u00e1 con los colores del PRI en 2027: Lupita Soto\" sizes=\"auto, (max-width: 750px) 100vw, 750px\" data-src=\"https:\/\/elreporterodelacomunidad.com\/wp-content\/uploads\/2026\/04\/9887754f-a5fc-4429-893e-c7d53e48db1b-750x375.jpg\" data-srcset=\"https:\/\/elreporterodelacomunidad.com\/wp-content\/uploads\/2026\/04\/9887754f-a5fc-4429-893e-c7d53e48db1b-750x375.jpg 750w, https:\/\/elreporterodelacomunidad.com\/wp-content\/uploads\/2026\/04\/9887754f-a5fc-4429-893e-c7d53e48db1b-360x180.jpg 360w, https:\/\/elreporterodelacomunidad.com\/wp-content\/uploads\/2026\/04\/9887754f-a5fc-4429-893e-c7d53e48db1b-1140x570.jpg 1140w\" data-sizes=\"auto\" data-expand=\"700\" \/><\/div><\/a>\n                        <\/div>\n                        <div class=\"jeg_postblock_content\">\n                            <div class=\"jeg_post_category\">\n                                <span>\n                                    <a href=\"https:\/\/elreporterodelacomunidad.com\/index.php\/category\/politica\/\">politica<\/a>\n                                <\/span>\n                            <\/div>\n                            <h3 class=\"jeg_post_title\">\n                                <a href=\"https:\/\/elreporterodelacomunidad.com\/index.php\/2026\/04\/26\/la-sierra-alta-de-sonora-se-pintara-con-los-colores-del-pri-en-2027-lupita-soto\/\">La Sierra Alta de Sonora se pintar\u00e1 con los colores del PRI en 2027: Lupita Soto<\/a>\n                            <\/h3>\n                            <div class=\"jeg_post_meta\"><div class=\"jeg_meta_author\"><span class=\"by\">Por<\/span> <a href=\"https:\/\/elreporterodelacomunidad.com\/index.php\/author\/carlosg2\/\">Carlos Alberto Gutierrez Celaya<\/a><\/div><div class=\"jeg_meta_date\"><a href=\"https:\/\/elreporterodelacomunidad.com\/index.php\/2026\/04\/26\/la-sierra-alta-de-sonora-se-pintara-con-los-colores-del-pri-en-2027-lupita-soto\/\"><i class=\"fa fa-clock-o\"><\/i> 26 abril, 2026<\/a><\/div><div class=\"jeg_meta_comment\"><a href=\"https:\/\/elreporterodelacomunidad.com\/index.php\/2026\/04\/26\/la-sierra-alta-de-sonora-se-pintara-con-los-colores-del-pri-en-2027-lupita-soto\/#comments\" ><i class=\"fa fa-comment-o\"><\/i> 0 <\/a><\/div><\/div>\n                                <div class=\"jeg_post_excerpt\">\n                                    <p>Bavispe, Sonora; 26 de abril de 2026.- La Sierra Alta de Sonora se pintar\u00e1 de verde, blanco y rojo en...<\/p>\n                                    <a href=\"https:\/\/elreporterodelacomunidad.com\/index.php\/2026\/04\/26\/la-sierra-alta-de-sonora-se-pintara-con-los-colores-del-pri-en-2027-lupita-soto\/\" class=\"jeg_readmore\">Leer m\u00e1s<\/a>\n                                <\/div>\n                        <\/div>\n                    <\/div>\n                <\/article><article class=\"jeg_post jeg_pl_lg_card no_thumbnail format-standard\">\n                    <div class=\"jeg_inner_post\">\n                        <div class=\"jeg_thumb\">\n                            \n                            <a href=\"https:\/\/elreporterodelacomunidad.com\/index.php\/2026\/04\/24\/el-congreso-de-sonora-socializa-con-caborquenses-ley-de-tarifa-social\/\"><div class=\"thumbnail-container animate-lazy no_thumbnail size-500 \"><\/div><\/a>\n                        <\/div>\n                        <div class=\"jeg_postblock_content\">\n                            <div class=\"jeg_post_category\">\n                                <span>\n                                    <a href=\"https:\/\/elreporterodelacomunidad.com\/index.php\/category\/politica\/\">politica<\/a>\n                                <\/span>\n                            <\/div>\n                            <h3 class=\"jeg_post_title\">\n                                <a href=\"https:\/\/elreporterodelacomunidad.com\/index.php\/2026\/04\/24\/el-congreso-de-sonora-socializa-con-caborquenses-ley-de-tarifa-social\/\">El Congreso de Sonora socializa con caborquenses Ley de Tarifa Social<\/a>\n                            <\/h3>\n                            <div class=\"jeg_post_meta\"><div class=\"jeg_meta_author\"><span class=\"by\">Por<\/span> <a href=\"https:\/\/elreporterodelacomunidad.com\/index.php\/author\/carlosg2\/\">Carlos Alberto Gutierrez Celaya<\/a><\/div><div class=\"jeg_meta_date\"><a href=\"https:\/\/elreporterodelacomunidad.com\/index.php\/2026\/04\/24\/el-congreso-de-sonora-socializa-con-caborquenses-ley-de-tarifa-social\/\"><i class=\"fa fa-clock-o\"><\/i> 24 abril, 2026<\/a><\/div><div class=\"jeg_meta_comment\"><a href=\"https:\/\/elreporterodelacomunidad.com\/index.php\/2026\/04\/24\/el-congreso-de-sonora-socializa-con-caborquenses-ley-de-tarifa-social\/#comments\" ><i class=\"fa fa-comment-o\"><\/i> 0 <\/a><\/div><\/div>\n                                <div class=\"jeg_post_excerpt\">\n                                    <p>Caborca, Sonora; 24 de abril de 2026.-&nbsp;La Comisi\u00f3n de Bienestar del Congreso del Estado llev\u00f3 a cabo en Caborca el...<\/p>\n                                    <a href=\"https:\/\/elreporterodelacomunidad.com\/index.php\/2026\/04\/24\/el-congreso-de-sonora-socializa-con-caborquenses-ley-de-tarifa-social\/\" class=\"jeg_readmore\">Leer m\u00e1s<\/a>\n                                <\/div>\n                        <\/div>\n                    <\/div>\n                <\/article><\/div>\n                    <div class='module-overlay'>\n\t\t\t\t    <div class='preloader_type preloader_dot'>\n\t\t\t\t        <div class=\"module-preloader jeg_preloader dot\">\n\t\t\t\t            <span><\/span><span><\/span><span><\/span>\n\t\t\t\t        <\/div>\n\t\t\t\t        <div class=\"module-preloader jeg_preloader circle\">\n\t\t\t\t            <div class=\"jnews_preloader_circle_outer\">\n\t\t\t\t                <div class=\"jnews_preloader_circle_inner\"><\/div>\n\t\t\t\t            <\/div>\n\t\t\t\t        <\/div>\n\t\t\t\t        <div class=\"module-preloader jeg_preloader square\">\n\t\t\t\t            <div class=\"jeg_square\">\n\t\t\t\t                <div class=\"jeg_square_inner\"><\/div>\n\t\t\t\t            <\/div>\n\t\t\t\t        <\/div>\n\t\t\t\t    <\/div>\n\t\t\t\t<\/div>\n                <\/div>\n                <div class=\"jeg_block_navigation\">\n                    <div class='navigation_overlay'><div class='module-preloader jeg_preloader'><span><\/span><span><\/span><span><\/span><\/div><\/div>\n                    \n                    \n                <\/div>\n\t\t\t\t\t<style scoped>.jnews_module__20_69f1cc48bc584 .jeg_block_heading_9 { border-color: #dd9933; }.jnews_module__20_69f1cc48bc584 .jeg_meta_author a, .jnews_module__20_69f1cc48bc584 .jeg_post_title a:hover { color: #dd9933 }.jnews_module__20_69f1cc48bc584 .jeg_readmore:hover { background-color: #dd9933; }.jnews_module__20_69f1cc48bc584 .jeg_readmore:hover { border-color: #dd9933; }<\/style>\n\t\t\t\t\t<script>var jnews_module__20_69f1cc48bc584 = {\"header_icon\":\"\",\"first_title\":\"POLITICA\",\"second_title\":\"\",\"url\":\"https:\\\/\\\/elreporterodelacomunidad.com\\\/index.php\\\/category\\\/politica\\\/\",\"header_type\":\"heading_9\",\"header_background\":\"\",\"header_secondary_background\":\"\",\"header_text_color\":\"\",\"header_line_color\":\"#dd9933\",\"header_accent_color\":\"\",\"header_filter_category\":\"\",\"header_filter_author\":\"1\",\"header_filter_tag\":\"\",\"header_filter_text\":\"\",\"post_type\":\"post\",\"content_type\":\"all\",\"number_post\":\"3\",\"post_offset\":\"0\",\"unique_content\":\"disable\",\"include_post\":\"\",\"exclude_post\":\"\",\"include_category\":\"39\",\"exclude_category\":\"\",\"include_author\":\"\",\"include_tag\":\"\",\"exclude_tag\":\"\",\"sort_by\":\"latest\",\"date_format\":\"default\",\"date_format_custom\":\"Y\\\/m\\\/d\",\"excerpt_length\":\"20\",\"excerpt_ellipsis\":\"...\",\"force_normal_image_load\":\"\",\"pagination_mode\":\"disable\",\"pagination_nextprev_showtext\":\"\",\"pagination_number_post\":4,\"pagination_scroll_limit\":0,\"ads_type\":\"disable\",\"ads_position\":1,\"ads_random\":\"\",\"ads_image\":\"\",\"ads_image_tablet\":\"\",\"ads_image_phone\":\"\",\"ads_image_link\":\"\",\"ads_image_alt\":\"\",\"ads_image_new_tab\":\"\",\"google_publisher_id\":\"\",\"google_slot_id\":\"\",\"google_desktop\":\"auto\",\"google_tab\":\"auto\",\"google_phone\":\"auto\",\"content\":\"\",\"ads_bottom_text\":\"\",\"el_id\":\"\",\"el_class\":\"\",\"scheme\":\"\",\"column_width\":\"auto\",\"title_color\":\"\",\"accent_color\":\"#dd9933\",\"alt_color\":\"\",\"excerpt_color\":\"\",\"block_background\":\"\",\"css\":\"\",\"compatible_column_notice\":\"\",\"paged\":1,\"column_class\":\"jeg_col_2o3\",\"class\":\"jnews_block_12\"};<\/script>\n\t\t\t\t<\/div>[\/vc_column][vc_column width=&#8221;1\/4&#8243;]<div  class=\"jeg_postblock_2 jeg_postblock jeg_module_hook jeg_pagination_disable jeg_col_2o3 jnews_module__21_69f1cc48c04b5   \" data-unique=\"jnews_module__21_69f1cc48c04b5\">\n\t\t\t\t\t<div class=\"jeg_block_heading jeg_block_heading_9 jeg_subcat_right\">\n                     <h3 class=\"jeg_block_title\"><a href='https:\/\/elreporterodelacomunidad.com\/index.php\/category\/espectaculos\/'><span>ESPECTACULOS<\/span><\/a><\/h3>\n                     \n                 <\/div>\n\t\t\t\t\t<div class=\"jeg_block_container\">\n                    \n                    <article class=\"jeg_post jeg_pl_lg_2 format-standard\">\n                        <div class=\"jeg_thumb\">\n                    \n                    <a href=\"https:\/\/elreporterodelacomunidad.com\/index.php\/2026\/04\/18\/presenta-gobierno-de-hermosillo-quinta-edicion-del-chiquifest-en-parque-madero\/\"><div class=\"thumbnail-container animate-lazy  size-715 \"><img loading=\"lazy\" decoding=\"async\" width=\"350\" height=\"250\" src=\"https:\/\/elreporterodelacomunidad.com\/wp-content\/themes\/jnews\/assets\/img\/jeg-empty.png\" class=\"attachment-jnews-350x250 size-jnews-350x250 lazyload wp-post-image\" alt=\"Presenta Gobierno de Hermosillo quinta edici\u00f3n del ChiquiFest en Parque Madero\" sizes=\"auto, (max-width: 350px) 100vw, 350px\" data-src=\"https:\/\/elreporterodelacomunidad.com\/wp-content\/uploads\/2026\/04\/0d8faff7-d36a-4e73-a740-baf3fa9549a8-350x250.jpg\" data-srcset=\"https:\/\/elreporterodelacomunidad.com\/wp-content\/uploads\/2026\/04\/0d8faff7-d36a-4e73-a740-baf3fa9549a8-350x250.jpg 350w, https:\/\/elreporterodelacomunidad.com\/wp-content\/uploads\/2026\/04\/0d8faff7-d36a-4e73-a740-baf3fa9549a8-120x86.jpg 120w, https:\/\/elreporterodelacomunidad.com\/wp-content\/uploads\/2026\/04\/0d8faff7-d36a-4e73-a740-baf3fa9549a8-750x536.jpg 750w, https:\/\/elreporterodelacomunidad.com\/wp-content\/uploads\/2026\/04\/0d8faff7-d36a-4e73-a740-baf3fa9549a8-1140x815.jpg 1140w\" data-sizes=\"auto\" data-expand=\"700\" \/><\/div><\/a>\n                    <div class=\"jeg_post_category\">\n                        <span><a href=\"https:\/\/elreporterodelacomunidad.com\/index.php\/category\/espectaculos\/\" class=\"category-espectaculos\">Espect\u00e1culos<\/a><\/span>\n                    <\/div>\n                <\/div>\n                <div class=\"jeg_postblock_content\">\n                    <h3 class=\"jeg_post_title\">\n                        <a href=\"https:\/\/elreporterodelacomunidad.com\/index.php\/2026\/04\/18\/presenta-gobierno-de-hermosillo-quinta-edicion-del-chiquifest-en-parque-madero\/\">Presenta Gobierno de Hermosillo quinta edici\u00f3n del ChiquiFest en Parque Madero<\/a>\n                    <\/h3>\n                    <div class=\"jeg_post_meta\"><div class=\"jeg_meta_author\"><span class=\"by\">Por<\/span> <a href=\"https:\/\/elreporterodelacomunidad.com\/index.php\/author\/carlosg2\/\">Carlos Alberto Gutierrez Celaya<\/a><\/div><div class=\"jeg_meta_date\"><a href=\"https:\/\/elreporterodelacomunidad.com\/index.php\/2026\/04\/18\/presenta-gobierno-de-hermosillo-quinta-edicion-del-chiquifest-en-parque-madero\/\"><i class=\"fa fa-clock-o\"><\/i> 18 abril, 2026<\/a><\/div><div class=\"jeg_meta_comment\"><a href=\"https:\/\/elreporterodelacomunidad.com\/index.php\/2026\/04\/18\/presenta-gobierno-de-hermosillo-quinta-edicion-del-chiquifest-en-parque-madero\/#comments\" ><i class=\"fa fa-comment-o\"><\/i> 0 <\/a><\/div><\/div>\n                    <div class=\"jeg_post_excerpt\">\n                        <p>-El festival infantil ofrecer\u00e1 actividades gratuitas, espect\u00e1culos y espacios inclusivos para ni\u00f1as, ni\u00f1os y familias este 29 de abril. -Las...<\/p>\n                        <a href=\"https:\/\/elreporterodelacomunidad.com\/index.php\/2026\/04\/18\/presenta-gobierno-de-hermosillo-quinta-edicion-del-chiquifest-en-parque-madero\/\" class=\"jeg_readmore\">Leer m\u00e1s<\/a>\n                    <\/div>\n                <\/div>\n                    <\/article>\n                    <div class=\"jeg_posts_wrap jeg_load_more_flag\">\n                        <article class=\"jeg_post jeg_pl_sm format-standard\">\n                    <div class=\"jeg_thumb\">\n                        \n                        <a href=\"https:\/\/elreporterodelacomunidad.com\/index.php\/2026\/04\/16\/anuncia-gobierno-de-hermosillo-tercera-edicion-de-el-pescadorcito-en-bahia-de-kino\/\">\n                            <div class=\"thumbnail-container animate-lazy  size-715 \"><img loading=\"lazy\" decoding=\"async\" width=\"120\" height=\"86\" src=\"https:\/\/elreporterodelacomunidad.com\/wp-content\/themes\/jnews\/assets\/img\/jeg-empty.png\" class=\"attachment-jnews-120x86 size-jnews-120x86 lazyload wp-post-image\" alt=\"Anuncia Gobierno de Hermosillo tercera edici\u00f3n de \u201cEl Pescadorcito\u201d en Bah\u00eda de Kino\" sizes=\"auto, (max-width: 120px) 100vw, 120px\" data-src=\"https:\/\/elreporterodelacomunidad.com\/wp-content\/uploads\/2026\/04\/284a3d79-e9ca-4a60-8939-1023402f25cf-120x86.jpg\" data-srcset=\"https:\/\/elreporterodelacomunidad.com\/wp-content\/uploads\/2026\/04\/284a3d79-e9ca-4a60-8939-1023402f25cf-120x86.jpg 120w, https:\/\/elreporterodelacomunidad.com\/wp-content\/uploads\/2026\/04\/284a3d79-e9ca-4a60-8939-1023402f25cf-300x214.jpg 300w, https:\/\/elreporterodelacomunidad.com\/wp-content\/uploads\/2026\/04\/284a3d79-e9ca-4a60-8939-1023402f25cf-1024x731.jpg 1024w, https:\/\/elreporterodelacomunidad.com\/wp-content\/uploads\/2026\/04\/284a3d79-e9ca-4a60-8939-1023402f25cf-768x548.jpg 768w, https:\/\/elreporterodelacomunidad.com\/wp-content\/uploads\/2026\/04\/284a3d79-e9ca-4a60-8939-1023402f25cf-1536x1096.jpg 1536w, https:\/\/elreporterodelacomunidad.com\/wp-content\/uploads\/2026\/04\/284a3d79-e9ca-4a60-8939-1023402f25cf-350x250.jpg 350w, https:\/\/elreporterodelacomunidad.com\/wp-content\/uploads\/2026\/04\/284a3d79-e9ca-4a60-8939-1023402f25cf-750x535.jpg 750w, https:\/\/elreporterodelacomunidad.com\/wp-content\/uploads\/2026\/04\/284a3d79-e9ca-4a60-8939-1023402f25cf-1140x814.jpg 1140w, https:\/\/elreporterodelacomunidad.com\/wp-content\/uploads\/2026\/04\/284a3d79-e9ca-4a60-8939-1023402f25cf.jpg 1600w\" data-sizes=\"auto\" data-expand=\"700\" \/><\/div>\n                        <\/a>\n                    <\/div>\n                    <div class=\"jeg_postblock_content\">\n                        <h3 class=\"jeg_post_title\">\n                            <a href=\"https:\/\/elreporterodelacomunidad.com\/index.php\/2026\/04\/16\/anuncia-gobierno-de-hermosillo-tercera-edicion-de-el-pescadorcito-en-bahia-de-kino\/\">Anuncia Gobierno de Hermosillo tercera edici\u00f3n de \u201cEl Pescadorcito\u201d en Bah\u00eda de Kino<\/a>\n                        <\/h3>\n                        <div class=\"jeg_post_meta\"><div class=\"jeg_meta_date\"><a href=\"https:\/\/elreporterodelacomunidad.com\/index.php\/2026\/04\/16\/anuncia-gobierno-de-hermosillo-tercera-edicion-de-el-pescadorcito-en-bahia-de-kino\/\" ><i class=\"fa fa-clock-o\"><\/i> 16 abril, 2026<\/a><\/div><\/div>\n                    <\/div>\n                <\/article><article class=\"jeg_post jeg_pl_sm format-standard\">\n                    <div class=\"jeg_thumb\">\n                        \n                        <a href=\"https:\/\/elreporterodelacomunidad.com\/index.php\/2026\/04\/08\/gobierno-de-sonora-destaca-alta-afluencia-durante-fin-de-semana-de-actividades-en-el-bosque-urbano-la-sauceda\/\">\n                            <div class=\"thumbnail-container animate-lazy  size-715 \"><img loading=\"lazy\" decoding=\"async\" width=\"120\" height=\"86\" src=\"https:\/\/elreporterodelacomunidad.com\/wp-content\/themes\/jnews\/assets\/img\/jeg-empty.png\" class=\"attachment-jnews-120x86 size-jnews-120x86 lazyload wp-post-image\" alt=\"Gobierno de Sonora destaca alta afluencia durante fin de semana de actividades en el Bosque Urbano La Sauceda\" sizes=\"auto, (max-width: 120px) 100vw, 120px\" data-src=\"https:\/\/elreporterodelacomunidad.com\/wp-content\/uploads\/2026\/04\/WhatsApp-Image-2026-04-07-at-12.48.30-PM-120x86.jpeg\" data-srcset=\"https:\/\/elreporterodelacomunidad.com\/wp-content\/uploads\/2026\/04\/WhatsApp-Image-2026-04-07-at-12.48.30-PM-120x86.jpeg 120w, https:\/\/elreporterodelacomunidad.com\/wp-content\/uploads\/2026\/04\/WhatsApp-Image-2026-04-07-at-12.48.30-PM-350x250.jpeg 350w, https:\/\/elreporterodelacomunidad.com\/wp-content\/uploads\/2026\/04\/WhatsApp-Image-2026-04-07-at-12.48.30-PM-750x536.jpeg 750w\" data-sizes=\"auto\" data-expand=\"700\" \/><\/div>\n                        <\/a>\n                    <\/div>\n                    <div class=\"jeg_postblock_content\">\n                        <h3 class=\"jeg_post_title\">\n                            <a href=\"https:\/\/elreporterodelacomunidad.com\/index.php\/2026\/04\/08\/gobierno-de-sonora-destaca-alta-afluencia-durante-fin-de-semana-de-actividades-en-el-bosque-urbano-la-sauceda\/\">Gobierno de Sonora destaca alta afluencia durante fin de semana de actividades en el Bosque Urbano La Sauceda<\/a>\n                        <\/h3>\n                        <div class=\"jeg_post_meta\"><div class=\"jeg_meta_date\"><a href=\"https:\/\/elreporterodelacomunidad.com\/index.php\/2026\/04\/08\/gobierno-de-sonora-destaca-alta-afluencia-durante-fin-de-semana-de-actividades-en-el-bosque-urbano-la-sauceda\/\" ><i class=\"fa fa-clock-o\"><\/i> 8 abril, 2026<\/a><\/div><\/div>\n                    <\/div>\n                <\/article>\n                    <\/div>\n                    <div class='module-overlay'>\n\t\t\t\t    <div class='preloader_type preloader_dot'>\n\t\t\t\t        <div class=\"module-preloader jeg_preloader dot\">\n\t\t\t\t            <span><\/span><span><\/span><span><\/span>\n\t\t\t\t        <\/div>\n\t\t\t\t        <div class=\"module-preloader jeg_preloader circle\">\n\t\t\t\t            <div class=\"jnews_preloader_circle_outer\">\n\t\t\t\t                <div class=\"jnews_preloader_circle_inner\"><\/div>\n\t\t\t\t            <\/div>\n\t\t\t\t        <\/div>\n\t\t\t\t        <div class=\"module-preloader jeg_preloader square\">\n\t\t\t\t            <div class=\"jeg_square\">\n\t\t\t\t                <div class=\"jeg_square_inner\"><\/div>\n\t\t\t\t            <\/div>\n\t\t\t\t        <\/div>\n\t\t\t\t    <\/div>\n\t\t\t\t<\/div>\n                <\/div>\n                <div class=\"jeg_block_navigation\">\n                    <div class='navigation_overlay'><div class='module-preloader jeg_preloader'><span><\/span><span><\/span><span><\/span><\/div><\/div>\n                    \n                    \n                <\/div>\n\t\t\t\t\t<style scoped>.jnews_module__21_69f1cc48c04b5 .jeg_block_heading_9 { border-color: #dd9933; }.jnews_module__21_69f1cc48c04b5 .jeg_meta_author a, .jnews_module__21_69f1cc48c04b5 .jeg_post_title a:hover { color: #dd9933 }.jnews_module__21_69f1cc48c04b5 .jeg_readmore:hover { background-color: #dd9933; }.jnews_module__21_69f1cc48c04b5 .jeg_readmore:hover { border-color: #dd9933; }<\/style>\n\t\t\t\t\t<script>var jnews_module__21_69f1cc48c04b5 = {\"header_icon\":\"\",\"first_title\":\"ESPECTACULOS\",\"second_title\":\"\",\"url\":\"https:\\\/\\\/elreporterodelacomunidad.com\\\/index.php\\\/category\\\/espectaculos\\\/\",\"header_type\":\"heading_9\",\"header_background\":\"\",\"header_secondary_background\":\"\",\"header_text_color\":\"\",\"header_line_color\":\"#dd9933\",\"header_accent_color\":\"\",\"header_filter_category\":\"\",\"header_filter_author\":\"\",\"header_filter_tag\":\"\",\"header_filter_text\":\"All\",\"post_type\":\"post\",\"content_type\":\"all\",\"number_post\":\"3\",\"post_offset\":\"0\",\"unique_content\":\"disable\",\"include_post\":\"\",\"exclude_post\":\"\",\"include_category\":\"31\",\"exclude_category\":\"\",\"include_author\":\"\",\"include_tag\":\"\",\"exclude_tag\":\"\",\"sort_by\":\"latest\",\"date_format\":\"default\",\"date_format_custom\":\"Y\\\/m\\\/d\",\"excerpt_length\":\"20\",\"excerpt_ellipsis\":\"...\",\"force_normal_image_load\":\"\",\"pagination_mode\":\"disable\",\"pagination_nextprev_showtext\":\"\",\"pagination_number_post\":4,\"pagination_scroll_limit\":0,\"boxed\":\"\",\"boxed_shadow\":\"\",\"el_id\":\"\",\"el_class\":\"\",\"scheme\":\"\",\"column_width\":\"auto\",\"title_color\":\"\",\"accent_color\":\"#dd9933\",\"alt_color\":\"\",\"excerpt_color\":\"\",\"css\":\"\",\"compatible_column_notice\":\"\",\"paged\":1,\"column_class\":\"jeg_col_2o3\",\"class\":\"jnews_block_2\"};<\/script>\n\t\t\t\t<\/div><div  class='jeg_ad jeg_ad_module jnews_module__22_69f1cc48c3463   '><div class='ads-wrapper'><\/div><\/div><div  class='jeg_ad jeg_ad_module jnews_module__23_69f1cc48c3665   '><div class='ads-wrapper'><a href='' target='_self' rel=\"noopener\" class='adlink ads_image '>\n\t\t\t\t\t\t\t\t<img src='https:\/\/elreporterodelacomunidad.com\/wp-content\/themes\/jnews\/assets\/img\/jeg-empty.png' class='lazyload' data-src='https:\/\/elreporterodelacomunidad.com\/wp-content\/uploads\/2025\/02\/480649398_1168446924974247_1947269410080059073_n.jpg' alt='' data-pin-no-hover=\"true\">\n\t\t\t\t\t\t\t<\/a><\/div><\/div>[\/vc_column][\/vc_row][vc_row full_width=&#8221;stretch_row_content&#8221; vc_row_background=&#8221;&#8221;][vc_column width=&#8221;1\/4&#8243;]<div  class='jeg_ad jeg_ad_module jnews_module__24_69f1cc48c384c   '><div class='ads-wrapper'><a href='' target='_self' rel=\"noopener\" class='adlink ads_image '>\n\t\t\t\t\t\t\t\t<img src='https:\/\/elreporterodelacomunidad.com\/wp-content\/themes\/jnews\/assets\/img\/jeg-empty.png' class='lazyload' data-src='https:\/\/elreporterodelacomunidad.com\/wp-content\/uploads\/2025\/01\/1-2.jpg' alt='' data-pin-no-hover=\"true\">\n\t\t\t\t\t\t\t<\/a><\/div><\/div>[\/vc_column][vc_column width=&#8221;1\/2&#8243;][vc_video link=&#8221;https:\/\/www.youtube.com\/watch?v=xtZ6R96mTPU&#8221;][\/vc_column][vc_column width=&#8221;1\/4&#8243;]<div  class='jeg_ad jeg_ad_module jnews_module__25_69f1cc48c39d6   '><div class='ads-wrapper'><a href='' target='_self' rel=\"noopener\" class='adlink ads_image '>\n\t\t\t\t\t\t\t\t<img src='https:\/\/elreporterodelacomunidad.com\/wp-content\/themes\/jnews\/assets\/img\/jeg-empty.png' class='lazyload' data-src='https:\/\/elreporterodelacomunidad.com\/wp-content\/uploads\/2026\/03\/cfae9d8c-e30e-47b3-8d37-a4beff7c276f.jpg' alt='' data-pin-no-hover=\"true\">\n\t\t\t\t\t\t\t<\/a><\/div><\/div>[\/vc_column][\/vc_row]<\/p>\n","protected":false},"excerpt":{"rendered":"<p>[vc_row full_width=&#8221;stretch_row_content&#8221; vc_row_background=&#8221;&#8221;][vc_column width=&#8221;1\/4&#8243;][vc_video link=&#8221;https:\/\/youtu.be\/I9zHLJl7n-0&#8243;][vc_raw_html]JTNDYXVkaW8lMjBjb250cm9scyUzRSUwQSUyMCUyMCUzQ3NvdXJjZSUyMHNyYyUzRCUyMmh0dHBzJTNBJTJGJTJGd3d3LmZyZWN1ZW5jaWFtZXhpY28uY29tJTJGc3RyZWFtaW5nJTJGbXVzaWNhLWVuLWluZ2xlcyUyMiUyMHR5cGUlM0QlMjJhdWRpbyUyRm1wZWclMjIlM0UlMEElMjAlMjBUdSUyMG5hdmVnYWRvciUyMG5vJTIwc29wb3J0YSUyMGxhJTIwZXRpcXVldGElMjBkZSUyMGF1ZGlvLiUwQSUzQyUyRmF1ZGlvJTNFJTBB[\/vc_raw_html][\/vc_column][vc_column width=&#8221;1\/2&#8243;][\/vc_column][vc_column width=&#8221;1\/4&#8243;][\/vc_column][\/vc_row][vc_row full_width=&#8221;stretch_row_content&#8221; vc_row_background=&#8221;&#8221;][vc_column][\/vc_column][\/vc_row][vc_row full_width=&#8221;stretch_row_content&#8221; vc_row_background=&#8221;&#8221;][vc_column width=&#8221;1\/4&#8243;][\/vc_column][vc_column width=&#8221;1\/2&#8243;][\/vc_column][vc_column width=&#8221;1\/4&#8243;][\/vc_column][\/vc_row][vc_row full_width=&#8221;stretch_row_content&#8221; vc_row_background=&#8221;&#8221;][vc_column width=&#8221;1\/4&#8243;][\/vc_column][vc_column width=&#8221;1\/2&#8243;][vc_video link=&#8221;https:\/\/www.youtube.com\/watch?v=xtZ6R96mTPU&#8221;][\/vc_column][vc_column width=&#8221;1\/4&#8243;][\/vc_column][\/vc_row]<\/p>\n","protected":false},"author":1,"featured_media":0,"parent":0,"menu_order":0,"comment_status":"closed","ping_status":"closed","template":"template-builder.php","meta":{"footnotes":""},"class_list":["post-9495","page","type-page","status-publish","hentry"],"_links":{"self":[{"href":"https:\/\/elreporterodelacomunidad.com\/index.php\/wp-json\/wp\/v2\/pages\/9495","targetHints":{"allow":["GET"]}}],"collection":[{"href":"https:\/\/elreporterodelacomunidad.com\/index.php\/wp-json\/wp\/v2\/pages"}],"about":[{"href":"https:\/\/elreporterodelacomunidad.com\/index.php\/wp-json\/wp\/v2\/types\/page"}],"author":[{"embeddable":true,"href":"https:\/\/elreporterodelacomunidad.com\/index.php\/wp-json\/wp\/v2\/users\/1"}],"replies":[{"embeddable":true,"href":"https:\/\/elreporterodelacomunidad.com\/index.php\/wp-json\/wp\/v2\/comments?post=9495"}],"version-history":[{"count":166,"href":"https:\/\/elreporterodelacomunidad.com\/index.php\/wp-json\/wp\/v2\/pages\/9495\/revisions"}],"predecessor-version":[{"id":29523,"href":"https:\/\/elreporterodelacomunidad.com\/index.php\/wp-json\/wp\/v2\/pages\/9495\/revisions\/29523"}],"wp:attachment":[{"href":"https:\/\/elreporterodelacomunidad.com\/index.php\/wp-json\/wp\/v2\/media?parent=9495"}],"curies":[{"name":"wp","href":"https:\/\/api.w.org\/{rel}","templated":true}]}}